{"id":849,"date":"2026-01-17T12:10:45","date_gmt":"2026-01-17T11:10:45","guid":{"rendered":"https:\/\/www.musicabedoin.org\/?page_id=849"},"modified":"2026-08-25T11:52:27","modified_gmt":"2026-08-25T09:52:27","slug":"annee-2026","status":"publish","type":"page","link":"https:\/\/www.musicabedoin.org\/index.php\/annee-2026\/","title":{"rendered":"Ann\u00e9e 2026"},"content":{"rendered":"\t\t<div data-elementor-type=\"wp-page\" data-elementor-id=\"849\" class=\"elementor elementor-849\">\n\t\t\t\t\t\t\t\t\t<section class=\"elementor-section elementor-top-section elementor-element elementor-element-d7229c2 elementor-section-stretched elementor-section-boxed elementor-section-height-default elementor-section-height-default\" data-id=\"d7229c2\" data-element_type=\"section\" data-settings=\"{&quot;stretch_section&quot;:&quot;section-stretched&quot;}\">\n\t\t\t\t\t\t<div class=\"elementor-container elementor-column-gap-default\">\n\t\t\t\t\t<div class=\"elementor-column elementor-col-100 elementor-top-column elementor-element elementor-element-2ba4b1a\" data-id=\"2ba4b1a\" data-element_type=\"column\">\n\t\t\t<div class=\"elementor-widget-wrap elementor-element-populated\">\n\t\t\t\t\t\t\t\t<div class=\"elementor-element elementor-element-e111625 elementor-widget elementor-widget-heading\" data-id=\"e111625\" data-element_type=\"widget\" data-widget_type=\"heading.default\">\n\t\t\t\t<div class=\"elementor-widget-container\">\n\t\t\t<style>\/*! elementor - v3.15.0 - 20-08-2023 *\/\n.elementor-heading-title{padding:0;margin:0;line-height:1}.elementor-widget-heading .elementor-heading-title[class*=elementor-size-]>a{color:inherit;font-size:inherit;line-height:inherit}.elementor-widget-heading .elementor-heading-title.elementor-size-small{font-size:15px}.elementor-widget-heading .elementor-heading-title.elementor-size-medium{font-size:19px}.elementor-widget-heading .elementor-heading-title.elementor-size-large{font-size:29px}.elementor-widget-heading .elementor-heading-title.elementor-size-xl{font-size:39px}.elementor-widget-heading .elementor-heading-title.elementor-size-xxl{font-size:59px}<\/style><h2 class=\"elementor-heading-title elementor-size-default\">Samedi 27 juin, voyages au piano<\/h2>\t\t<\/div>\n\t\t\t\t<\/div>\n\t\t\t\t\t<\/div>\n\t\t<\/div>\n\t\t\t\t\t\t\t<\/div>\n\t\t<\/section>\n\t\t\t\t<section class=\"elementor-section elementor-top-section elementor-element elementor-element-4c14fbb elementor-section-stretched elementor-section-boxed elementor-section-height-default elementor-section-height-default\" data-id=\"4c14fbb\" data-element_type=\"section\" data-settings=\"{&quot;stretch_section&quot;:&quot;section-stretched&quot;}\">\n\t\t\t\t\t\t<div class=\"elementor-container elementor-column-gap-default\">\n\t\t\t\t\t<div class=\"elementor-column elementor-col-50 elementor-top-column elementor-element elementor-element-a867f82\" data-id=\"a867f82\" data-element_type=\"column\">\n\t\t\t<div class=\"elementor-widget-wrap elementor-element-populated\">\n\t\t\t\t\t\t\t\t<div class=\"elementor-element elementor-element-8750762 elementor-widget__width-initial elementor-widget elementor-widget-image\" data-id=\"8750762\" data-element_type=\"widget\" data-widget_type=\"image.default\">\n\t\t\t\t<div class=\"elementor-widget-container\">\n\t\t\t<style>\/*! elementor - v3.15.0 - 20-08-2023 *\/\n.elementor-widget-image{text-align:center}.elementor-widget-image a{display:inline-block}.elementor-widget-image a img[src$=\".svg\"]{width:48px}.elementor-widget-image img{vertical-align:middle;display:inline-block}<\/style>\t\t\t\t\t\t\t\t\t\t\t\t<img loading=\"lazy\" decoding=\"async\" width=\"1024\" height=\"683\" src=\"https:\/\/www.musicabedoin.org\/wp-content\/uploads\/2026\/08\/IMG_1562-copie-1024x683.jpg\" class=\"attachment-large size-large wp-image-948\" alt=\"\" srcset=\"https:\/\/www.musicabedoin.org\/wp-content\/uploads\/2026\/08\/IMG_1562-copie-1024x683.jpg 1024w, https:\/\/www.musicabedoin.org\/wp-content\/uploads\/2026\/08\/IMG_1562-copie-300x200.jpg 300w, https:\/\/www.musicabedoin.org\/wp-content\/uploads\/2026\/08\/IMG_1562-copie-768x512.jpg 768w, https:\/\/www.musicabedoin.org\/wp-content\/uploads\/2026\/08\/IMG_1562-copie-1536x1024.jpg 1536w, https:\/\/www.musicabedoin.org\/wp-content\/uploads\/2026\/08\/IMG_1562-copie-2048x1365.jpg 2048w\" sizes=\"auto, (max-width: 1024px) 100vw, 1024px\" \/>\t\t\t\t\t\t\t\t\t\t\t\t\t\t\t<\/div>\n\t\t\t\t<\/div>\n\t\t\t\t\t<\/div>\n\t\t<\/div>\n\t\t\t\t<div class=\"elementor-column elementor-col-50 elementor-top-column elementor-element elementor-element-14f5c01\" data-id=\"14f5c01\" data-element_type=\"column\">\n\t\t\t<div class=\"elementor-widget-wrap elementor-element-populated\">\n\t\t\t\t\t\t\t\t<div class=\"elementor-element elementor-element-b0132c2 elementor-widget elementor-widget-text-editor\" data-id=\"b0132c2\" data-element_type=\"widget\" data-widget_type=\"text-editor.default\">\n\t\t\t\t<div class=\"elementor-widget-container\">\n\t\t\t<style>\/*! elementor - v3.15.0 - 20-08-2023 *\/\n.elementor-widget-text-editor.elementor-drop-cap-view-stacked .elementor-drop-cap{background-color:#69727d;color:#fff}.elementor-widget-text-editor.elementor-drop-cap-view-framed .elementor-drop-cap{color:#69727d;border:3px solid;background-color:transparent}.elementor-widget-text-editor:not(.elementor-drop-cap-view-default) .elementor-drop-cap{margin-top:8px}.elementor-widget-text-editor:not(.elementor-drop-cap-view-default) .elementor-drop-cap-letter{width:1em;height:1em}.elementor-widget-text-editor .elementor-drop-cap{float:left;text-align:center;line-height:1;font-size:50px}.elementor-widget-text-editor .elementor-drop-cap-letter{display:inline-block}<\/style>\t\t\t\t<p><b>Nima <\/b><b>Sarkechik<\/b><\/p><p>D&#8217;origine persane, n\u00e9 en 1983 \u00e0 Saint Martin d&#8217;H\u00e8res en Is\u00e8re, il obtient en 1996 le premier prix du conservatoire de Grenoble dans la cat\u00e9gorie piano et musique de chambre. Il int\u00e8gre en 2001 le CNSM de Paris o\u00f9 il \u00e9tudie aupr\u00e8s de Georges Pludermacher et Fran\u00e7ois-Fr\u00e9d\u00e9ric Guy. Poursuivant sa formation il est laur\u00e9at de nombreux prix et enregistre en 2008 son premier disque consacr\u00e9 \u00e0 Chopin et Hughes Dufour.\u00a0 Trois autres suivront dix ans plus tard, consacr\u00e9s \u00e0 Brahms.<\/p><p>Il se produit dans de nombreux festivals (Etats Unis, Luxembourg, Canada, Etats-Unis, Italie, Suisse, Turquie). Il aime jouer dans des lieux de repr\u00e9sentation des beaux-arts (Mus\u00e9e d&#8217;Orsay, National Museum de Londres, National Gallery of Arts de Washington, Salon d&#8217;Automne de Paris).<\/p><p>Parall\u00e8lement au r\u00e9pertoire classique, il se consacre \u00e0 la musique folklorique persane, ajoutant au clavier les sons du ney et du santour.<\/p>\t\t\t\t\t\t<\/div>\n\t\t\t\t<\/div>\n\t\t\t\t\t<\/div>\n\t\t<\/div>\n\t\t\t\t\t\t\t<\/div>\n\t\t<\/section>\n\t\t\t\t<section class=\"elementor-section elementor-top-section elementor-element elementor-element-89eddbe elementor-section-stretched elementor-section-boxed elementor-section-height-default elementor-section-height-default\" data-id=\"89eddbe\" data-element_type=\"section\" data-settings=\"{&quot;stretch_section&quot;:&quot;section-stretched&quot;}\">\n\t\t\t\t\t\t<div class=\"elementor-container elementor-column-gap-default\">\n\t\t\t\t\t<div class=\"elementor-column elementor-col-100 elementor-top-column elementor-element elementor-element-72af490\" data-id=\"72af490\" data-element_type=\"column\">\n\t\t\t<div class=\"elementor-widget-wrap elementor-element-populated\">\n\t\t\t\t\t\t\t\t<div class=\"elementor-element elementor-element-a609e21 elementor-widget elementor-widget-text-editor\" data-id=\"a609e21\" data-element_type=\"widget\" data-widget_type=\"text-editor.default\">\n\t\t\t\t<div class=\"elementor-widget-container\">\n\t\t\t\t\t\t\t<p><b>Le programme<\/b><\/p><p>Pr\u00e9ludes et concerto en r\u00e9 de Bach, pr\u00e9ludes de Rachmaninov, extraits de son troisi\u00e8me concerto, et improvisations persanes<\/p><p>Il le dit lui-m\u00eame : &#8221; <i>Et comme je l\u2019imaginais depuis le d\u00e9but, l\u2019id\u00e9e sera de faire entendre ce parcours d\u2019un seul souffle, comme une travers\u00e9e continue, avec des respirations, des transitions ou des ponts plus libres entre certains univers. Notamment autour de la musique iranienne improvis\u00e9e, en regard de Bach et Rachmaninov qui \u00e9taient d&#8217;immenses improvisateurs !\u00a0 <\/i>&#8220;<\/p>\t\t\t\t\t\t<\/div>\n\t\t\t\t<\/div>\n\t\t\t\t\t<\/div>\n\t\t<\/div>\n\t\t\t\t\t\t\t<\/div>\n\t\t<\/section>\n\t\t\t\t<section class=\"elementor-section elementor-top-section elementor-element elementor-element-f7f8644 elementor-section-stretched elementor-section-boxed elementor-section-height-default elementor-section-height-default\" data-id=\"f7f8644\" data-element_type=\"section\" data-settings=\"{&quot;stretch_section&quot;:&quot;section-stretched&quot;}\">\n\t\t\t\t\t\t<div class=\"elementor-container elementor-column-gap-default\">\n\t\t\t\t\t<div class=\"elementor-column elementor-col-100 elementor-top-column elementor-element elementor-element-a23266c\" data-id=\"a23266c\" data-element_type=\"column\">\n\t\t\t<div class=\"elementor-widget-wrap elementor-element-populated\">\n\t\t\t\t\t\t\t\t<div class=\"elementor-element elementor-element-d50aecf elementor-widget elementor-widget-heading\" data-id=\"d50aecf\" data-element_type=\"widget\" data-widget_type=\"heading.default\">\n\t\t\t\t<div class=\"elementor-widget-container\">\n\t\t\t<h2 class=\"elementor-heading-title elementor-size-default\">Dimanche 24 avril, m\u00e9lodies \u00e0 la campagne<\/h2>\t\t<\/div>\n\t\t\t\t<\/div>\n\t\t\t\t\t<\/div>\n\t\t<\/div>\n\t\t\t\t\t\t\t<\/div>\n\t\t<\/section>\n\t\t\t\t<section class=\"elementor-section elementor-top-section elementor-element elementor-element-ef69e61 elementor-section-stretched elementor-section-boxed elementor-section-height-default elementor-section-height-default\" data-id=\"ef69e61\" data-element_type=\"section\" data-settings=\"{&quot;stretch_section&quot;:&quot;section-stretched&quot;}\">\n\t\t\t\t\t\t<div class=\"elementor-container elementor-column-gap-default\">\n\t\t\t\t\t<div class=\"elementor-column elementor-col-50 elementor-top-column elementor-element elementor-element-944e935\" data-id=\"944e935\" data-element_type=\"column\">\n\t\t\t<div class=\"elementor-widget-wrap elementor-element-populated\">\n\t\t\t\t\t\t\t\t<div class=\"elementor-element elementor-element-9240527 elementor-widget elementor-widget-image\" data-id=\"9240527\" data-element_type=\"widget\" data-widget_type=\"image.default\">\n\t\t\t\t<div class=\"elementor-widget-container\">\n\t\t\t\t\t\t\t\t\t\t\t\t\t\t\t<img loading=\"lazy\" decoding=\"async\" width=\"1024\" height=\"576\" src=\"https:\/\/www.musicabedoin.org\/wp-content\/uploads\/2026\/05\/la-grange-piquet-1024x576.jpg\" class=\"attachment-large size-large wp-image-916\" alt=\"\" srcset=\"https:\/\/www.musicabedoin.org\/wp-content\/uploads\/2026\/05\/la-grange-piquet-1024x576.jpg 1024w, https:\/\/www.musicabedoin.org\/wp-content\/uploads\/2026\/05\/la-grange-piquet-300x169.jpg 300w, https:\/\/www.musicabedoin.org\/wp-content\/uploads\/2026\/05\/la-grange-piquet-768x432.jpg 768w, https:\/\/www.musicabedoin.org\/wp-content\/uploads\/2026\/05\/la-grange-piquet-800x450.jpg 800w, https:\/\/www.musicabedoin.org\/wp-content\/uploads\/2026\/05\/la-grange-piquet.jpg 1240w\" sizes=\"auto, (max-width: 1024px) 100vw, 1024px\" \/>\t\t\t\t\t\t\t\t\t\t\t\t\t\t\t<\/div>\n\t\t\t\t<\/div>\n\t\t\t\t\t<\/div>\n\t\t<\/div>\n\t\t\t\t<div class=\"elementor-column elementor-col-50 elementor-top-column elementor-element elementor-element-cc6beca\" data-id=\"cc6beca\" data-element_type=\"column\">\n\t\t\t<div class=\"elementor-widget-wrap elementor-element-populated\">\n\t\t\t\t\t\t\t\t<div class=\"elementor-element elementor-element-9ba6e73 elementor-widget elementor-widget-text-editor\" data-id=\"9ba6e73\" data-element_type=\"widget\" data-widget_type=\"text-editor.default\">\n\t\t\t\t<div class=\"elementor-widget-container\">\n\t\t\t\t\t\t\t<p>Apr\u00e8s les amours du po\u00e8te, de Robert Schumann, le t\u00e9nor Alexander Swan accompagn\u00e9 par Francis Squire au piano, a interpr\u00e9t\u00e9 une pi\u00e8ce de Reynaldo Hahn, deux m\u00e9lodies de Faur\u00e9, deux m\u00e9lodies de Duparc, et en bis une m\u00e9lodie de Ralph Vaughan Williams.<\/p><p>A noter durant l&#8217;entracte, une formidable interpr\u00e9tation de la premi\u00e8re image de Debussy, par un pianiste d&#8217;une grande sensibilit\u00e9 et \u00e0 la technique impressionnante.<\/p>\t\t\t\t\t\t<\/div>\n\t\t\t\t<\/div>\n\t\t\t\t\t<\/div>\n\t\t<\/div>\n\t\t\t\t\t\t\t<\/div>\n\t\t<\/section>\n\t\t\t\t<section class=\"elementor-section elementor-top-section elementor-element elementor-element-e1fb0a1 elementor-section-stretched elementor-section-boxed elementor-section-height-default elementor-section-height-default\" data-id=\"e1fb0a1\" data-element_type=\"section\" data-settings=\"{&quot;stretch_section&quot;:&quot;section-stretched&quot;}\">\n\t\t\t\t\t\t<div class=\"elementor-container elementor-column-gap-default\">\n\t\t\t\t\t<div class=\"elementor-column elementor-col-100 elementor-top-column elementor-element elementor-element-6415fa5\" data-id=\"6415fa5\" data-element_type=\"column\">\n\t\t\t<div class=\"elementor-widget-wrap elementor-element-populated\">\n\t\t\t\t\t\t\t\t<div class=\"elementor-element elementor-element-330f4a2 elementor-widget elementor-widget-heading\" data-id=\"330f4a2\" data-element_type=\"widget\" data-widget_type=\"heading.default\">\n\t\t\t\t<div class=\"elementor-widget-container\">\n\t\t\t<h2 class=\"elementor-heading-title elementor-size-default\">Dimanche 26 avril, deux guitares en feu<\/h2>\t\t<\/div>\n\t\t\t\t<\/div>\n\t\t\t\t\t<\/div>\n\t\t<\/div>\n\t\t\t\t\t\t\t<\/div>\n\t\t<\/section>\n\t\t\t\t<section class=\"elementor-section elementor-top-section elementor-element elementor-element-563674b elementor-section-stretched elementor-section-boxed elementor-section-height-default elementor-section-height-default\" data-id=\"563674b\" data-element_type=\"section\" data-settings=\"{&quot;stretch_section&quot;:&quot;section-stretched&quot;}\">\n\t\t\t\t\t\t<div class=\"elementor-container elementor-column-gap-default\">\n\t\t\t\t\t<div class=\"elementor-column elementor-col-50 elementor-top-column elementor-element elementor-element-7d20ab0\" data-id=\"7d20ab0\" data-element_type=\"column\">\n\t\t\t<div class=\"elementor-widget-wrap elementor-element-populated\">\n\t\t\t\t\t\t\t\t<div class=\"elementor-element elementor-element-d82a592 elementor-widget elementor-widget-image\" data-id=\"d82a592\" data-element_type=\"widget\" data-widget_type=\"image.default\">\n\t\t\t\t<div class=\"elementor-widget-container\">\n\t\t\t\t\t\t\t\t\t\t\t\t\t\t\t<img loading=\"lazy\" decoding=\"async\" width=\"1024\" height=\"768\" src=\"https:\/\/www.musicabedoin.org\/wp-content\/uploads\/2026\/02\/20220520_184136-1024x768.jpg\" class=\"attachment-large size-large wp-image-887\" alt=\"\" srcset=\"https:\/\/www.musicabedoin.org\/wp-content\/uploads\/2026\/02\/20220520_184136-1024x768.jpg 1024w, https:\/\/www.musicabedoin.org\/wp-content\/uploads\/2026\/02\/20220520_184136-300x225.jpg 300w, https:\/\/www.musicabedoin.org\/wp-content\/uploads\/2026\/02\/20220520_184136-768x576.jpg 768w, https:\/\/www.musicabedoin.org\/wp-content\/uploads\/2026\/02\/20220520_184136-1536x1152.jpg 1536w, https:\/\/www.musicabedoin.org\/wp-content\/uploads\/2026\/02\/20220520_184136-2048x1536.jpg 2048w\" sizes=\"auto, (max-width: 1024px) 100vw, 1024px\" \/>\t\t\t\t\t\t\t\t\t\t\t\t\t\t\t<\/div>\n\t\t\t\t<\/div>\n\t\t\t\t\t<\/div>\n\t\t<\/div>\n\t\t\t\t<div class=\"elementor-column elementor-col-50 elementor-top-column elementor-element elementor-element-5646821\" data-id=\"5646821\" data-element_type=\"column\">\n\t\t\t<div class=\"elementor-widget-wrap elementor-element-populated\">\n\t\t\t\t\t\t\t\t<div class=\"elementor-element elementor-element-52b8d54 elementor-widget elementor-widget-text-editor\" data-id=\"52b8d54\" data-element_type=\"widget\" data-widget_type=\"text-editor.default\">\n\t\t\t\t<div class=\"elementor-widget-container\">\n\t\t\t\t\t\t\t<p>Ils nous avaient r\u00e9gal\u00e9 il y a quatre ans. Ils ont effectu\u00e9 un retour gagnant !<\/p><p>Ces deux virtuoses de la guitare sont d&#8217;abord de formidables musiciens.<\/p><p>Dans un programme improvis\u00e9, autour de th\u00e8mes de la vari\u00e9t\u00e9, du jazz et du flamenco, ils ont montr\u00e9 comment leur d\u00e9licieuse complicit\u00e9 a transfigur\u00e9 des th\u00e8mes modestes en v\u00e9ritables pi\u00e8ces de grande musique.<\/p><p>Ces deux alchimistes, \u00e0 l&#8217;enthousiasme communicatif ont enchant\u00e9 le public. Tant pis pour les absents, ils auront rat\u00e9 quelque chose&#8230;<\/p>\t\t\t\t\t\t<\/div>\n\t\t\t\t<\/div>\n\t\t\t\t\t<\/div>\n\t\t<\/div>\n\t\t\t\t\t\t\t<\/div>\n\t\t<\/section>\n\t\t\t\t<section class=\"elementor-section elementor-top-section elementor-element elementor-element-755c584 elementor-section-stretched elementor-section-boxed elementor-section-height-default elementor-section-height-default\" data-id=\"755c584\" data-element_type=\"section\" data-settings=\"{&quot;stretch_section&quot;:&quot;section-stretched&quot;}\">\n\t\t\t\t\t\t<div class=\"elementor-container elementor-column-gap-default\">\n\t\t\t\t\t<div class=\"elementor-column elementor-col-100 elementor-top-column elementor-element elementor-element-493c3f4\" data-id=\"493c3f4\" data-element_type=\"column\">\n\t\t\t<div class=\"elementor-widget-wrap elementor-element-populated\">\n\t\t\t\t\t\t\t\t<div class=\"elementor-element elementor-element-3c8c944 elementor-widget elementor-widget-heading\" data-id=\"3c8c944\" data-element_type=\"widget\" data-widget_type=\"heading.default\">\n\t\t\t\t<div class=\"elementor-widget-container\">\n\t\t\t<h2 class=\"elementor-heading-title elementor-size-default\">Samedi 31 janvier, 16h30, deux archets de feu<\/h2>\t\t<\/div>\n\t\t\t\t<\/div>\n\t\t\t\t\t<\/div>\n\t\t<\/div>\n\t\t\t\t\t\t\t<\/div>\n\t\t<\/section>\n\t\t\t\t<section class=\"elementor-section elementor-top-section elementor-element elementor-element-9d3ac56 elementor-section-stretched elementor-section-boxed elementor-section-height-default elementor-section-height-default\" data-id=\"9d3ac56\" data-element_type=\"section\" data-settings=\"{&quot;stretch_section&quot;:&quot;section-stretched&quot;}\">\n\t\t\t\t\t\t<div class=\"elementor-container elementor-column-gap-default\">\n\t\t\t\t\t<div class=\"elementor-column elementor-col-50 elementor-top-column elementor-element elementor-element-9b33b1e\" data-id=\"9b33b1e\" data-element_type=\"column\">\n\t\t\t<div class=\"elementor-widget-wrap elementor-element-populated\">\n\t\t\t\t\t\t\t\t<div class=\"elementor-element elementor-element-3e4095a elementor-widget elementor-widget-image\" data-id=\"3e4095a\" data-element_type=\"widget\" data-widget_type=\"image.default\">\n\t\t\t\t<div class=\"elementor-widget-container\">\n\t\t\t\t\t\t\t\t\t\t\t\t\t\t\t<img loading=\"lazy\" decoding=\"async\" width=\"1024\" height=\"681\" src=\"https:\/\/www.musicabedoin.org\/wp-content\/uploads\/2026\/02\/260131_bedoin_concert_DSC2943-1024x681.jpg\" class=\"attachment-large size-large wp-image-881\" alt=\"\" srcset=\"https:\/\/www.musicabedoin.org\/wp-content\/uploads\/2026\/02\/260131_bedoin_concert_DSC2943-1024x681.jpg 1024w, https:\/\/www.musicabedoin.org\/wp-content\/uploads\/2026\/02\/260131_bedoin_concert_DSC2943-300x200.jpg 300w, https:\/\/www.musicabedoin.org\/wp-content\/uploads\/2026\/02\/260131_bedoin_concert_DSC2943-768x511.jpg 768w, https:\/\/www.musicabedoin.org\/wp-content\/uploads\/2026\/02\/260131_bedoin_concert_DSC2943-1536x1022.jpg 1536w, https:\/\/www.musicabedoin.org\/wp-content\/uploads\/2026\/02\/260131_bedoin_concert_DSC2943.jpg 1920w\" sizes=\"auto, (max-width: 1024px) 100vw, 1024px\" \/>\t\t\t\t\t\t\t\t\t\t\t\t\t\t\t<\/div>\n\t\t\t\t<\/div>\n\t\t\t\t\t<\/div>\n\t\t<\/div>\n\t\t\t\t<div class=\"elementor-column elementor-col-50 elementor-top-column elementor-element elementor-element-08db6de\" data-id=\"08db6de\" data-element_type=\"column\">\n\t\t\t<div class=\"elementor-widget-wrap elementor-element-populated\">\n\t\t\t\t\t\t\t\t<div class=\"elementor-element elementor-element-e50d4ed elementor-widget elementor-widget-text-editor\" data-id=\"e50d4ed\" data-element_type=\"widget\" data-widget_type=\"text-editor.default\">\n\t\t\t\t<div class=\"elementor-widget-container\">\n\t\t\t\t\t\t\t<p>Madame, Monsieur,<\/p><p>Vous avez manqu\u00e9 un formidable moment de musique\u00a0! Ci-joint une photo souvenir du merveilleux concert offert par Sara et Yeva, accompagn\u00e9es par Olivier samedi dernier.<\/p><p>Comme beaucoup l\u2019ont demand\u00e9, voici le programme de l\u2019ann\u00e9e.<\/p><ul><li>Dimanche 26 avril, 17h, auditorium, Duo GM, deux guitares en feu<\/li><li>Dimanche 24 mai, 18h, Grange Piquet, r\u00e9cital de m\u00e9lodies par Alexandre Swan, accompagn\u00e9 au piano par Francis Squire (Schumann, Faur\u00e9, Duparc) et Gounod au cor<\/li><li>Samedi 27 juin, 20h, grange Piquet, r\u00e9cital de piano par Nima Sarketchik, Bach et Rachmaninov<\/li><li>Samedi 19 septembre, colline St Antonin, Octuor de Schubert,<\/li><li>Dimanche 8 novembre, 17h, auditorium, ensemble Th\u00e9o Pastor, musique proven\u00e7ale.<\/li><\/ul>\t\t\t\t\t\t<\/div>\n\t\t\t\t<\/div>\n\t\t\t\t\t<\/div>\n\t\t<\/div>\n\t\t\t\t\t\t\t<\/div>\n\t\t<\/section>\n\t\t\t\t<section class=\"elementor-section elementor-top-section elementor-element elementor-element-f39d5d2 elementor-section-boxed elementor-section-height-default elementor-section-height-default\" data-id=\"f39d5d2\" data-element_type=\"section\">\n\t\t\t\t\t\t<div class=\"elementor-container elementor-column-gap-default\">\n\t\t\t\t\t<div class=\"elementor-column elementor-col-100 elementor-top-column elementor-element elementor-element-1545118\" data-id=\"1545118\" data-element_type=\"column\">\n\t\t\t<div class=\"elementor-widget-wrap\">\n\t\t\t\t\t\t\t\t\t<\/div>\n\t\t<\/div>\n\t\t\t\t\t\t\t<\/div>\n\t\t<\/section>\n\t\t\t\t\t\t\t<\/div>\n\t\t","protected":false},"excerpt":{"rendered":"<p>Samedi 27 juin, voyages au piano Nima Sarkechik D&#8217;origine persane, n\u00e9 en 1983 \u00e0 Saint Martin d&#8217;H\u00e8res en Is\u00e8re, il obtient en 1996 le premier prix du conservatoire de Grenoble dans la cat\u00e9gorie piano et musique de chambre. Il int\u00e8gre en 2001 le CNSM de Paris o\u00f9 il \u00e9tudie aupr\u00e8s de Georges Pludermacher et Fran\u00e7ois-Fr\u00e9d\u00e9ric [&hellip;]<\/p>\n","protected":false},"author":1,"featured_media":0,"parent":0,"menu_order":0,"comment_status":"closed","ping_status":"closed","template":"","meta":{"footnotes":""},"class_list":["post-849","page","type-page","status-publish","hentry","entry"],"_links":{"self":[{"href":"https:\/\/www.musicabedoin.org\/index.php\/wp-json\/wp\/v2\/pages\/849","targetHints":{"allow":["GET"]}}],"collection":[{"href":"https:\/\/www.musicabedoin.org\/index.php\/wp-json\/wp\/v2\/pages"}],"about":[{"href":"https:\/\/www.musicabedoin.org\/index.php\/wp-json\/wp\/v2\/types\/page"}],"author":[{"embeddable":true,"href":"https:\/\/www.musicabedoin.org\/index.php\/wp-json\/wp\/v2\/users\/1"}],"replies":[{"embeddable":true,"href":"https:\/\/www.musicabedoin.org\/index.php\/wp-json\/wp\/v2\/comments?post=849"}],"version-history":[{"count":16,"href":"https:\/\/www.musicabedoin.org\/index.php\/wp-json\/wp\/v2\/pages\/849\/revisions"}],"predecessor-version":[{"id":951,"href":"https:\/\/www.musicabedoin.org\/index.php\/wp-json\/wp\/v2\/pages\/849\/revisions\/951"}],"wp:attachment":[{"href":"https:\/\/www.musicabedoin.org\/index.php\/wp-json\/wp\/v2\/media?parent=849"}],"curies":[{"name":"wp","href":"https:\/\/api.w.org\/{rel}","templated":true}]}}