{"id":624,"date":"2024-01-10T11:05:57","date_gmt":"2024-01-10T10:05:57","guid":{"rendered":"https:\/\/www.musicabedoin.org\/?page_id=624"},"modified":"2025-01-27T14:39:12","modified_gmt":"2025-01-27T13:39:12","slug":"annee-2024","status":"publish","type":"page","link":"https:\/\/www.musicabedoin.org\/index.php\/blog\/annee-2024\/","title":{"rendered":"Ann\u00e9e 2024"},"content":{"rendered":"\t\t<div data-elementor-type=\"wp-page\" data-elementor-id=\"624\" class=\"elementor elementor-624\">\n\t\t\t\t\t\t\t\t\t<section class=\"elementor-section elementor-top-section elementor-element elementor-element-9c479ca elementor-section-stretched elementor-section-boxed elementor-section-height-default elementor-section-height-default\" data-id=\"9c479ca\" data-element_type=\"section\" data-settings=\"{&quot;stretch_section&quot;:&quot;section-stretched&quot;}\">\n\t\t\t\t\t\t<div class=\"elementor-container elementor-column-gap-default\">\n\t\t\t\t\t<div class=\"elementor-column elementor-col-100 elementor-top-column elementor-element elementor-element-ad70684\" data-id=\"ad70684\" data-element_type=\"column\">\n\t\t\t<div class=\"elementor-widget-wrap elementor-element-populated\">\n\t\t\t\t\t\t\t\t<div class=\"elementor-element elementor-element-dc73f7b elementor-widget elementor-widget-heading\" data-id=\"dc73f7b\" data-element_type=\"widget\" data-widget_type=\"heading.default\">\n\t\t\t\t<div class=\"elementor-widget-container\">\n\t\t\t<style>\/*! elementor - v3.15.0 - 20-08-2023 *\/\n.elementor-heading-title{padding:0;margin:0;line-height:1}.elementor-widget-heading .elementor-heading-title[class*=elementor-size-]>a{color:inherit;font-size:inherit;line-height:inherit}.elementor-widget-heading .elementor-heading-title.elementor-size-small{font-size:15px}.elementor-widget-heading .elementor-heading-title.elementor-size-medium{font-size:19px}.elementor-widget-heading .elementor-heading-title.elementor-size-large{font-size:29px}.elementor-widget-heading .elementor-heading-title.elementor-size-xl{font-size:39px}.elementor-widget-heading .elementor-heading-title.elementor-size-xxl{font-size:59px}<\/style><h2 class=\"elementor-heading-title elementor-size-default\">16 novembre, \"\u00e0 la d\u00e9couverte de\" : Serge Prokofiev<\/h2>\t\t<\/div>\n\t\t\t\t<\/div>\n\t\t\t\t\t<\/div>\n\t\t<\/div>\n\t\t\t\t\t\t\t<\/div>\n\t\t<\/section>\n\t\t\t\t<section class=\"elementor-section elementor-top-section elementor-element elementor-element-1ba3069 elementor-section-stretched elementor-section-boxed elementor-section-height-default elementor-section-height-default\" data-id=\"1ba3069\" data-element_type=\"section\" data-settings=\"{&quot;stretch_section&quot;:&quot;section-stretched&quot;}\">\n\t\t\t\t\t\t<div class=\"elementor-container elementor-column-gap-default\">\n\t\t\t\t\t<div class=\"elementor-column elementor-col-50 elementor-top-column elementor-element elementor-element-137fd7a\" data-id=\"137fd7a\" data-element_type=\"column\">\n\t\t\t<div class=\"elementor-widget-wrap elementor-element-populated\">\n\t\t\t\t\t\t\t\t<div class=\"elementor-element elementor-element-4f8b3e1 elementor-widget elementor-widget-image\" data-id=\"4f8b3e1\" data-element_type=\"widget\" data-widget_type=\"image.default\">\n\t\t\t\t<div class=\"elementor-widget-container\">\n\t\t\t<style>\/*! elementor - v3.15.0 - 20-08-2023 *\/\n.elementor-widget-image{text-align:center}.elementor-widget-image a{display:inline-block}.elementor-widget-image a img[src$=\".svg\"]{width:48px}.elementor-widget-image img{vertical-align:middle;display:inline-block}<\/style>\t\t\t\t\t\t\t\t\t\t\t\t<img loading=\"lazy\" decoding=\"async\" width=\"200\" height=\"300\" src=\"https:\/\/www.musicabedoin.org\/wp-content\/uploads\/2025\/01\/serge-aux-lunettes-200x300.jpg\" class=\"attachment-medium size-medium wp-image-751\" alt=\"\" srcset=\"https:\/\/www.musicabedoin.org\/wp-content\/uploads\/2025\/01\/serge-aux-lunettes-200x300.jpg 200w, https:\/\/www.musicabedoin.org\/wp-content\/uploads\/2025\/01\/serge-aux-lunettes.jpg 474w\" sizes=\"auto, (max-width: 200px) 100vw, 200px\" \/>\t\t\t\t\t\t\t\t\t\t\t\t\t\t\t<\/div>\n\t\t\t\t<\/div>\n\t\t\t\t\t<\/div>\n\t\t<\/div>\n\t\t\t\t<div class=\"elementor-column elementor-col-50 elementor-top-column elementor-element elementor-element-c4b49c1\" data-id=\"c4b49c1\" data-element_type=\"column\">\n\t\t\t<div class=\"elementor-widget-wrap elementor-element-populated\">\n\t\t\t\t\t\t\t\t<div class=\"elementor-element elementor-element-ce82b7c elementor-widget elementor-widget-text-editor\" data-id=\"ce82b7c\" data-element_type=\"widget\" data-widget_type=\"text-editor.default\">\n\t\t\t\t<div class=\"elementor-widget-container\">\n\t\t\t<style>\/*! elementor - v3.15.0 - 20-08-2023 *\/\n.elementor-widget-text-editor.elementor-drop-cap-view-stacked .elementor-drop-cap{background-color:#69727d;color:#fff}.elementor-widget-text-editor.elementor-drop-cap-view-framed .elementor-drop-cap{color:#69727d;border:3px solid;background-color:transparent}.elementor-widget-text-editor:not(.elementor-drop-cap-view-default) .elementor-drop-cap{margin-top:8px}.elementor-widget-text-editor:not(.elementor-drop-cap-view-default) .elementor-drop-cap-letter{width:1em;height:1em}.elementor-widget-text-editor .elementor-drop-cap{float:left;text-align:center;line-height:1;font-size:50px}.elementor-widget-text-editor .elementor-drop-cap-letter{display:inline-block}<\/style>\t\t\t\t<p>Ce voyage musical illustr\u00e9 a permis \u00e0 l&#8217;auditoire de d\u00e9couvrir, ou red\u00e9couvrir, un compositeur que la post\u00e9rit\u00e9 a tendance \u00e0 oublier, ou \u00e0 limiter \u00e0 la danse des chevaliers de Rom\u00e9o et Juliette, \u00e0 Pierre et le loup, \u00e0 la marche de l&#8217;amour des trois oranges.<\/p><p>Auteur prolixe et exigeant, m\u00e9lodiste et rythmicien, froid \u00e0 la rue mais hypersensible dans sa musique, pianiste aux doigts d&#8217;acier, il fut tout cela \u00e0 la fois, nous l\u00e9guant des pages \u00e9mouvantes ou pleine d&#8217;\u00e9nergie, \u00e9crites dans un style inimitable, construit avec le temps, selon le plus profond d\u00e9sir du compositeur.<\/p>\t\t\t\t\t\t<\/div>\n\t\t\t\t<\/div>\n\t\t\t\t\t<\/div>\n\t\t<\/div>\n\t\t\t\t\t\t\t<\/div>\n\t\t<\/section>\n\t\t\t\t<section class=\"elementor-section elementor-top-section elementor-element elementor-element-cbbdf42 elementor-section-stretched elementor-section-boxed elementor-section-height-default elementor-section-height-default\" data-id=\"cbbdf42\" data-element_type=\"section\" data-settings=\"{&quot;stretch_section&quot;:&quot;section-stretched&quot;}\">\n\t\t\t\t\t\t<div class=\"elementor-container elementor-column-gap-default\">\n\t\t\t\t\t<div class=\"elementor-column elementor-col-100 elementor-top-column elementor-element elementor-element-7d0a2a6\" data-id=\"7d0a2a6\" data-element_type=\"column\">\n\t\t\t<div class=\"elementor-widget-wrap elementor-element-populated\">\n\t\t\t\t\t\t\t\t<div class=\"elementor-element elementor-element-e9388a1 elementor-widget elementor-widget-heading\" data-id=\"e9388a1\" data-element_type=\"widget\" data-widget_type=\"heading.default\">\n\t\t\t\t<div class=\"elementor-widget-container\">\n\t\t\t<h2 class=\"elementor-heading-title elementor-size-default\">12 octobre, auditorium du Centre Culturel, la venue du Trio Seraphin<\/h2>\t\t<\/div>\n\t\t\t\t<\/div>\n\t\t\t\t\t<\/div>\n\t\t<\/div>\n\t\t\t\t\t\t\t<\/div>\n\t\t<\/section>\n\t\t\t\t<section class=\"elementor-section elementor-top-section elementor-element elementor-element-e49fa90 elementor-section-stretched elementor-section-boxed elementor-section-height-default elementor-section-height-default\" data-id=\"e49fa90\" data-element_type=\"section\" data-settings=\"{&quot;stretch_section&quot;:&quot;section-stretched&quot;}\">\n\t\t\t\t\t\t<div class=\"elementor-container elementor-column-gap-default\">\n\t\t\t\t\t<div class=\"elementor-column elementor-col-50 elementor-top-column elementor-element elementor-element-0c3fe40\" data-id=\"0c3fe40\" data-element_type=\"column\">\n\t\t\t<div class=\"elementor-widget-wrap elementor-element-populated\">\n\t\t\t\t\t\t\t\t<div class=\"elementor-element elementor-element-f5b5f1b elementor-widget elementor-widget-image\" data-id=\"f5b5f1b\" data-element_type=\"widget\" data-widget_type=\"image.default\">\n\t\t\t\t<div class=\"elementor-widget-container\">\n\t\t\t\t\t\t\t\t\t\t\t\t\t\t\t<img loading=\"lazy\" decoding=\"async\" width=\"1024\" height=\"683\" src=\"https:\/\/www.musicabedoin.org\/wp-content\/uploads\/2024\/10\/241012_bedoin_concert_cordelia_fabrice_alienor-1024x683.jpg\" class=\"attachment-large size-large wp-image-741\" alt=\"\" srcset=\"https:\/\/www.musicabedoin.org\/wp-content\/uploads\/2024\/10\/241012_bedoin_concert_cordelia_fabrice_alienor-1024x683.jpg 1024w, https:\/\/www.musicabedoin.org\/wp-content\/uploads\/2024\/10\/241012_bedoin_concert_cordelia_fabrice_alienor-300x200.jpg 300w, https:\/\/www.musicabedoin.org\/wp-content\/uploads\/2024\/10\/241012_bedoin_concert_cordelia_fabrice_alienor-768x512.jpg 768w, https:\/\/www.musicabedoin.org\/wp-content\/uploads\/2024\/10\/241012_bedoin_concert_cordelia_fabrice_alienor-1536x1024.jpg 1536w, https:\/\/www.musicabedoin.org\/wp-content\/uploads\/2024\/10\/241012_bedoin_concert_cordelia_fabrice_alienor.jpg 1620w\" sizes=\"auto, (max-width: 1024px) 100vw, 1024px\" \/>\t\t\t\t\t\t\t\t\t\t\t\t\t\t\t<\/div>\n\t\t\t\t<\/div>\n\t\t\t\t\t<\/div>\n\t\t<\/div>\n\t\t\t\t<div class=\"elementor-column elementor-col-50 elementor-top-column elementor-element elementor-element-f8ca724\" data-id=\"f8ca724\" data-element_type=\"column\">\n\t\t\t<div class=\"elementor-widget-wrap elementor-element-populated\">\n\t\t\t\t\t\t\t\t<div class=\"elementor-element elementor-element-974be2e elementor-widget elementor-widget-image\" data-id=\"974be2e\" data-element_type=\"widget\" data-widget_type=\"image.default\">\n\t\t\t\t<div class=\"elementor-widget-container\">\n\t\t\t\t\t\t\t\t\t\t\t\t\t\t\t<img loading=\"lazy\" decoding=\"async\" width=\"1024\" height=\"683\" src=\"https:\/\/www.musicabedoin.org\/wp-content\/uploads\/2024\/10\/241012_bedoin_concert_cordelia_alienorIMG_0453-1024x683.jpg\" class=\"attachment-large size-large wp-image-742\" alt=\"\" srcset=\"https:\/\/www.musicabedoin.org\/wp-content\/uploads\/2024\/10\/241012_bedoin_concert_cordelia_alienorIMG_0453-1024x683.jpg 1024w, https:\/\/www.musicabedoin.org\/wp-content\/uploads\/2024\/10\/241012_bedoin_concert_cordelia_alienorIMG_0453-300x200.jpg 300w, https:\/\/www.musicabedoin.org\/wp-content\/uploads\/2024\/10\/241012_bedoin_concert_cordelia_alienorIMG_0453-768x512.jpg 768w, https:\/\/www.musicabedoin.org\/wp-content\/uploads\/2024\/10\/241012_bedoin_concert_cordelia_alienorIMG_0453-1536x1024.jpg 1536w, https:\/\/www.musicabedoin.org\/wp-content\/uploads\/2024\/10\/241012_bedoin_concert_cordelia_alienorIMG_0453.jpg 1620w\" sizes=\"auto, (max-width: 1024px) 100vw, 1024px\" \/>\t\t\t\t\t\t\t\t\t\t\t\t\t\t\t<\/div>\n\t\t\t\t<\/div>\n\t\t\t\t\t<\/div>\n\t\t<\/div>\n\t\t\t\t\t\t\t<\/div>\n\t\t<\/section>\n\t\t\t\t<section class=\"elementor-section elementor-top-section elementor-element elementor-element-408bebe elementor-section-stretched elementor-section-boxed elementor-section-height-default elementor-section-height-default\" data-id=\"408bebe\" data-element_type=\"section\" data-settings=\"{&quot;stretch_section&quot;:&quot;section-stretched&quot;}\">\n\t\t\t\t\t\t<div class=\"elementor-container elementor-column-gap-default\">\n\t\t\t\t\t<div class=\"elementor-column elementor-col-50 elementor-top-column elementor-element elementor-element-0dc75e6\" data-id=\"0dc75e6\" data-element_type=\"column\">\n\t\t\t<div class=\"elementor-widget-wrap elementor-element-populated\">\n\t\t\t\t\t\t\t\t<div class=\"elementor-element elementor-element-4d8cbb3 elementor-widget elementor-widget-image\" data-id=\"4d8cbb3\" data-element_type=\"widget\" data-widget_type=\"image.default\">\n\t\t\t\t<div class=\"elementor-widget-container\">\n\t\t\t\t\t\t\t\t\t\t\t\t\t\t\t<img loading=\"lazy\" decoding=\"async\" width=\"683\" height=\"1024\" src=\"https:\/\/www.musicabedoin.org\/wp-content\/uploads\/2024\/10\/241012_bedoin_concert_IMG_0456-683x1024.jpg\" class=\"attachment-large size-large wp-image-743\" alt=\"\" srcset=\"https:\/\/www.musicabedoin.org\/wp-content\/uploads\/2024\/10\/241012_bedoin_concert_IMG_0456-683x1024.jpg 683w, https:\/\/www.musicabedoin.org\/wp-content\/uploads\/2024\/10\/241012_bedoin_concert_IMG_0456-200x300.jpg 200w, https:\/\/www.musicabedoin.org\/wp-content\/uploads\/2024\/10\/241012_bedoin_concert_IMG_0456.jpg 720w\" sizes=\"auto, (max-width: 683px) 100vw, 683px\" \/>\t\t\t\t\t\t\t\t\t\t\t\t\t\t\t<\/div>\n\t\t\t\t<\/div>\n\t\t\t\t\t<\/div>\n\t\t<\/div>\n\t\t\t\t<div class=\"elementor-column elementor-col-50 elementor-top-column elementor-element elementor-element-f0d9e7a\" data-id=\"f0d9e7a\" data-element_type=\"column\">\n\t\t\t<div class=\"elementor-widget-wrap elementor-element-populated\">\n\t\t\t\t\t\t\t\t<div class=\"elementor-element elementor-element-0e3aa8d elementor-widget elementor-widget-text-editor\" data-id=\"0e3aa8d\" data-element_type=\"widget\" data-widget_type=\"text-editor.default\">\n\t\t\t\t<div class=\"elementor-widget-container\">\n\t\t\t\t\t\t\t<p><b>Le Trio S\u00e9raphin<\/b><\/p><p>Form\u00e9 depuis une quinzaine d\u2019ann\u00e9es par <i>Cord\u00e9lia PALM<\/i>, violon super soliste de l\u2019Orchestre R\u00e9gional Avignon Provence, et par <i>Ali\u00e9nor GIRARD-GUIGAS<\/i>, harpiste dipl\u00f4m\u00e9e du CNSM de Lyon, le Duo Alcor s\u2019enrichit en 2013 avec l&#8217;arriv\u00e9e de <i>Fabrice DURAND<\/i>, altiste solo du m\u00eame orchestre, et devient le Trio S\u00e9raphin.<\/p><p><strong>Un programme riche en d\u00e9couvertes :<\/strong><\/p><p>Jan Ladislav Dussek : Sonate<br \/>Mikha\u00efl GLINKA : 3 Romances<br \/>Luigi-Maurizio Tedeschi : El\u00e9gie <br \/>Th\u00e9odore DUBOIS : Terzettino<br \/>Max BRUCH : M\u00e9lodie Roumaine Op.83<br \/>Henriette RENIE : Scherzo et Andante<\/p><p><strong>R\u00e9sultat :<\/strong><\/p><p>Un public conquis, des applaudissements nourris, et encore un grand merci aux artistes pour leur disponibilit\u00e9, mention sp\u00e9ciale \u00e0 Ali\u00e9nor, qui s&#8217;est pr\u00eat\u00e9e de bonne gr\u00e2ce \u00e0 l&#8217;exercice de la pr\u00e9sentation de son instrument.<\/p>\t\t\t\t\t\t<\/div>\n\t\t\t\t<\/div>\n\t\t\t\t\t<\/div>\n\t\t<\/div>\n\t\t\t\t\t\t\t<\/div>\n\t\t<\/section>\n\t\t\t\t<section class=\"elementor-section elementor-top-section elementor-element elementor-element-ce3a7a5 elementor-section-stretched elementor-section-boxed elementor-section-height-default elementor-section-height-default\" data-id=\"ce3a7a5\" data-element_type=\"section\" data-settings=\"{&quot;stretch_section&quot;:&quot;section-stretched&quot;}\">\n\t\t\t\t\t\t<div class=\"elementor-container elementor-column-gap-default\">\n\t\t\t\t\t<div class=\"elementor-column elementor-col-100 elementor-top-column elementor-element elementor-element-2ddf46f\" data-id=\"2ddf46f\" data-element_type=\"column\">\n\t\t\t<div class=\"elementor-widget-wrap elementor-element-populated\">\n\t\t\t\t\t\t\t\t<div class=\"elementor-element elementor-element-11d73a7 elementor-widget elementor-widget-heading\" data-id=\"11d73a7\" data-element_type=\"widget\" data-widget_type=\"heading.default\">\n\t\t\t\t<div class=\"elementor-widget-container\">\n\t\t\t<h2 class=\"elementor-heading-title elementor-size-default\">30 Ao\u00fbt, 21h, Cour de l'\u00e9cole, Place de la r\u00e9publique, B\u00e9doin<\/h2>\t\t<\/div>\n\t\t\t\t<\/div>\n\t\t\t\t\t<\/div>\n\t\t<\/div>\n\t\t\t\t\t\t\t<\/div>\n\t\t<\/section>\n\t\t\t\t<section class=\"elementor-section elementor-top-section elementor-element elementor-element-f7d5ddd elementor-section-stretched elementor-section-boxed elementor-section-height-default elementor-section-height-default\" data-id=\"f7d5ddd\" data-element_type=\"section\" data-settings=\"{&quot;stretch_section&quot;:&quot;section-stretched&quot;}\">\n\t\t\t\t\t\t<div class=\"elementor-container elementor-column-gap-default\">\n\t\t\t\t\t<div class=\"elementor-column elementor-col-50 elementor-top-column elementor-element elementor-element-49877b5\" data-id=\"49877b5\" data-element_type=\"column\">\n\t\t\t<div class=\"elementor-widget-wrap elementor-element-populated\">\n\t\t\t\t\t\t\t\t<div class=\"elementor-element elementor-element-d6a9ca5 elementor-widget__width-initial elementor-widget elementor-widget-image\" data-id=\"d6a9ca5\" data-element_type=\"widget\" data-widget_type=\"image.default\">\n\t\t\t\t<div class=\"elementor-widget-container\">\n\t\t\t\t\t\t\t\t\t\t\t\t\t\t\t<img loading=\"lazy\" decoding=\"async\" width=\"533\" height=\"1024\" src=\"https:\/\/www.musicabedoin.org\/wp-content\/uploads\/2024\/08\/24-08-30-panneau-533x1024.png\" class=\"attachment-large size-large wp-image-704\" alt=\"\" srcset=\"https:\/\/www.musicabedoin.org\/wp-content\/uploads\/2024\/08\/24-08-30-panneau-533x1024.png 533w, https:\/\/www.musicabedoin.org\/wp-content\/uploads\/2024\/08\/24-08-30-panneau-156x300.png 156w, https:\/\/www.musicabedoin.org\/wp-content\/uploads\/2024\/08\/24-08-30-panneau-768x1476.png 768w, https:\/\/www.musicabedoin.org\/wp-content\/uploads\/2024\/08\/24-08-30-panneau-799x1536.png 799w, https:\/\/www.musicabedoin.org\/wp-content\/uploads\/2024\/08\/24-08-30-panneau-1066x2048.png 1066w\" sizes=\"auto, (max-width: 533px) 100vw, 533px\" \/>\t\t\t\t\t\t\t\t\t\t\t\t\t\t\t<\/div>\n\t\t\t\t<\/div>\n\t\t\t\t\t<\/div>\n\t\t<\/div>\n\t\t\t\t<div class=\"elementor-column elementor-col-50 elementor-top-column elementor-element elementor-element-915ddc9\" data-id=\"915ddc9\" data-element_type=\"column\">\n\t\t\t<div class=\"elementor-widget-wrap elementor-element-populated\">\n\t\t\t\t\t\t\t\t<div class=\"elementor-element elementor-element-ae3c256 elementor-widget elementor-widget-text-editor\" data-id=\"ae3c256\" data-element_type=\"widget\" data-widget_type=\"text-editor.default\">\n\t\t\t\t<div class=\"elementor-widget-container\">\n\t\t\t\t\t\t\t<p>Ce spectacle musical nous fait revivre le destin exceptionnel de\u00a0<b>Gaby\u00a0<\/b><b>Deslys<\/b>, qui allait enflammer la sc\u00e8ne internationale du Music-hall, de Paris, Londres, New-York. Audacieuse et novatrice elle osa par son style inimitable, son chant et ses danses, bousculer les codes du music-hall de la belle \u00e9poque, et fut <b>la premi\u00e8re \u00e0 descendre le Grand Escalier accompagn\u00e9e par un orchestre de jazz Band en 1917 <\/b>!\u00a0 Jusqu\u2019\u00e0 faire tourner la t\u00eate du roi du Portugal \u2026 qui y laissa sa couronne.<\/p><p>Femme d&#8217;affaires moderne <b>Gaby\u00a0<\/b><b>Deslys<\/b>\u00a0s\u2019offrira un bel h\u00f4tel particulier \u00e0 Paris du c\u00f4t\u00e9 de Passy, d\u00e9livrant ainsi un <b>message d\u2019ind\u00e9pendance aux femmes<\/b> (et aux hommes !) de son temps, avant de dispara\u00eetre en pleine gloire.\u00a0<b>Une vie extravagante, libre et audacieuse !<\/b><\/p><p>Du th\u00e9\u00e2tre, du rire, de l\u2019\u00e9motion, du chant, de la musique, de la danse, des perles, des plumes et des paillettes !<\/p><p>Plongez dans cette p\u00e9riode qui va de la Belle Epoque aux Ann\u00e9es Folles avec\u00a0Cl\u00e9o S\u00e9nia ou Louise Ch\u00e9rie (Gaby\u00a0Deslys), Jean-Christophe Born\u00a0(Manuel de Bragance et Harry Pilcer), et au piano par\u00a0Vincent Gaillard, dans le r\u00f4le du pianiste fantaisiste Eug\u00e8ne.<\/p><p>Une com\u00e9die musicale trois fois nomm\u00e9e aux troph\u00e9es de la com\u00e9die musicale, encens\u00e9e par les critiques (Le Monde : <i>une pure merveille de gait<\/i><i>\u00e9<\/i><i> et de bonne humeur<\/i>)<\/p>\t\t\t\t\t\t<\/div>\n\t\t\t\t<\/div>\n\t\t\t\t\t<\/div>\n\t\t<\/div>\n\t\t\t\t\t\t\t<\/div>\n\t\t<\/section>\n\t\t\t\t<section class=\"elementor-section elementor-top-section elementor-element elementor-element-d2ad72b elementor-section-stretched elementor-section-boxed elementor-section-height-default elementor-section-height-default\" data-id=\"d2ad72b\" data-element_type=\"section\" data-settings=\"{&quot;stretch_section&quot;:&quot;section-stretched&quot;}\">\n\t\t\t\t\t\t<div class=\"elementor-container elementor-column-gap-default\">\n\t\t\t\t\t<div class=\"elementor-column elementor-col-100 elementor-top-column elementor-element elementor-element-ef92bbf\" data-id=\"ef92bbf\" data-element_type=\"column\">\n\t\t\t<div class=\"elementor-widget-wrap elementor-element-populated\">\n\t\t\t\t\t\t\t\t<div class=\"elementor-element elementor-element-c585e63 elementor-widget elementor-widget-heading\" data-id=\"c585e63\" data-element_type=\"widget\" data-widget_type=\"heading.default\">\n\t\t\t\t<div class=\"elementor-widget-container\">\n\t\t\t<h2 class=\"elementor-heading-title elementor-size-default\">15 juin, 18h, La Grange Piquet, \"Retour \u00e0 Nohant\", hommage musical et th\u00e9\u00e2tral \u00e0 George Sand et Frederic Chopin<\/h2>\t\t<\/div>\n\t\t\t\t<\/div>\n\t\t\t\t\t<\/div>\n\t\t<\/div>\n\t\t\t\t\t\t\t<\/div>\n\t\t<\/section>\n\t\t\t\t<section class=\"elementor-section elementor-top-section elementor-element elementor-element-e637516 elementor-section-stretched elementor-section-boxed elementor-section-height-default elementor-section-height-default\" data-id=\"e637516\" data-element_type=\"section\" data-settings=\"{&quot;stretch_section&quot;:&quot;section-stretched&quot;}\">\n\t\t\t\t\t\t<div class=\"elementor-container elementor-column-gap-default\">\n\t\t\t\t\t<div class=\"elementor-column elementor-col-50 elementor-top-column elementor-element elementor-element-510ba8e\" data-id=\"510ba8e\" data-element_type=\"column\">\n\t\t\t<div class=\"elementor-widget-wrap elementor-element-populated\">\n\t\t\t\t\t\t\t\t<div class=\"elementor-element elementor-element-63785cb elementor-widget elementor-widget-image\" data-id=\"63785cb\" data-element_type=\"widget\" data-widget_type=\"image.default\">\n\t\t\t\t<div class=\"elementor-widget-container\">\n\t\t\t\t\t\t\t\t\t\t\t\t\t\t\t<img loading=\"lazy\" decoding=\"async\" width=\"796\" height=\"930\" src=\"https:\/\/www.musicabedoin.org\/wp-content\/uploads\/2024\/05\/24-06-15-Chopin-Sand.png\" class=\"attachment-large size-large wp-image-674\" alt=\"\" srcset=\"https:\/\/www.musicabedoin.org\/wp-content\/uploads\/2024\/05\/24-06-15-Chopin-Sand.png 796w, https:\/\/www.musicabedoin.org\/wp-content\/uploads\/2024\/05\/24-06-15-Chopin-Sand-257x300.png 257w, https:\/\/www.musicabedoin.org\/wp-content\/uploads\/2024\/05\/24-06-15-Chopin-Sand-768x897.png 768w\" sizes=\"auto, (max-width: 796px) 100vw, 796px\" \/>\t\t\t\t\t\t\t\t\t\t\t\t\t\t\t<\/div>\n\t\t\t\t<\/div>\n\t\t\t\t\t<\/div>\n\t\t<\/div>\n\t\t\t\t<div class=\"elementor-column elementor-col-50 elementor-top-column elementor-element elementor-element-1f9a357\" data-id=\"1f9a357\" data-element_type=\"column\">\n\t\t\t<div class=\"elementor-widget-wrap elementor-element-populated\">\n\t\t\t\t\t\t\t\t<div class=\"elementor-element elementor-element-328cea3 elementor-widget elementor-widget-text-editor\" data-id=\"328cea3\" data-element_type=\"widget\" data-widget_type=\"text-editor.default\">\n\t\t\t\t<div class=\"elementor-widget-container\">\n\t\t\t\t\t\t\t<p>7 mai 1842, minuit. Les rouets de la cal\u00e8che cahotent sur les chemins de terre. Fr\u00e9d\u00e9ric Chopin arrive enfin au Domaine de Nohant, havre de paix de l&#8217;\u00e9crivaine George Sand. Plongez dans l&#8217;univers romanesque de ces deux plus grands artistes du XIX\u00e8me si\u00e8cle \u00e0 l\u2019apog\u00e9e de leur carri\u00e8re. Devant nos yeux se d\u00e9roule leur quotidien dans le Berry, cadre bucolique propice \u00e0 la cr\u00e9ation. Sur sc\u00e8ne, la musique de Chopin et les mots de George Sand se r\u00e9pondent, s&#8217;unissent et se transcendent. Deux voix s&#8217;\u00e9l\u00e8vent pour nous conter cette histoire d&#8217;amour et d&#8217;inspiration, dans un d\u00e9cor intimiste qui restitue l&#8217;atmosph\u00e8re du Domaine de Nohant. George Sand et Fr\u00e9d\u00e9ric Chopin se nourrissent mutuellement de leur art. Les notes de musique du compositeur s&#8217;envolent, tandis que la plume de l&#8217;\u00e9crivaine trace des histoires enflamm\u00e9es. Un spectacle \u00e0 savourer comme un moment suspendu dans le temps, une parenth\u00e8se enchant\u00e9e pour l&#8217;esprit et le c\u0153ur.<\/p><p>\u201c <i>Par instants, il arrive de la fen\u00eatre ouverte sur le jardin des bouff\u00e9es de la musique de Chopin qui travaille de son c\u00f4t\u00e9,\u00a0 cela se m\u00eale au chant du rossignol\u00a0 et \u00e0 l\u2019odeur des roses. <\/i>\u201c<\/p><p>Eug\u00e8ne Delacroix \u00e0 J.-B Pierret, Nohant, 7juin 1842. Chopin, Correspondance, t.III<\/p>\t\t\t\t\t\t<\/div>\n\t\t\t\t<\/div>\n\t\t\t\t\t<\/div>\n\t\t<\/div>\n\t\t\t\t\t\t\t<\/div>\n\t\t<\/section>\n\t\t\t\t<section class=\"elementor-section elementor-top-section elementor-element elementor-element-b6e630a elementor-section-stretched elementor-section-boxed elementor-section-height-default elementor-section-height-default\" data-id=\"b6e630a\" data-element_type=\"section\" data-settings=\"{&quot;stretch_section&quot;:&quot;section-stretched&quot;}\">\n\t\t\t\t\t\t<div class=\"elementor-container elementor-column-gap-default\">\n\t\t\t\t\t<div class=\"elementor-column elementor-col-100 elementor-top-column elementor-element elementor-element-9c17665\" data-id=\"9c17665\" data-element_type=\"column\">\n\t\t\t<div class=\"elementor-widget-wrap elementor-element-populated\">\n\t\t\t\t\t\t\t\t<div class=\"elementor-element elementor-element-bef1d61 elementor-widget elementor-widget-heading\" data-id=\"bef1d61\" data-element_type=\"widget\" data-widget_type=\"heading.default\">\n\t\t\t\t<div class=\"elementor-widget-container\">\n\t\t\t<h2 class=\"elementor-heading-title elementor-size-default\">27 avril, 18h, auditorium du Centre Culturel, \"Tout en nuances\" un programme propos\u00e9 par le duo Pigaglio<\/h2>\t\t<\/div>\n\t\t\t\t<\/div>\n\t\t\t\t\t<\/div>\n\t\t<\/div>\n\t\t\t\t\t\t\t<\/div>\n\t\t<\/section>\n\t\t\t\t<section class=\"elementor-section elementor-top-section elementor-element elementor-element-0f7db8f elementor-section-stretched elementor-section-boxed elementor-section-height-default elementor-section-height-default\" data-id=\"0f7db8f\" data-element_type=\"section\" data-settings=\"{&quot;stretch_section&quot;:&quot;section-stretched&quot;}\">\n\t\t\t\t\t\t<div class=\"elementor-container elementor-column-gap-default\">\n\t\t\t\t\t<div class=\"elementor-column elementor-col-50 elementor-top-column elementor-element elementor-element-0a86318\" data-id=\"0a86318\" data-element_type=\"column\">\n\t\t\t<div class=\"elementor-widget-wrap elementor-element-populated\">\n\t\t\t\t\t\t\t\t<div class=\"elementor-element elementor-element-fdd3384 elementor-widget elementor-widget-image\" data-id=\"fdd3384\" data-element_type=\"widget\" data-widget_type=\"image.default\">\n\t\t\t\t<div class=\"elementor-widget-container\">\n\t\t\t\t\t\t\t\t\t\t\t\t\t\t\t<img loading=\"lazy\" decoding=\"async\" width=\"902\" height=\"1024\" src=\"https:\/\/www.musicabedoin.org\/wp-content\/uploads\/2024\/04\/Photo-Duo-Pigaglio-902x1024.jpg\" class=\"attachment-large size-large wp-image-652\" alt=\"\" srcset=\"https:\/\/www.musicabedoin.org\/wp-content\/uploads\/2024\/04\/Photo-Duo-Pigaglio-902x1024.jpg 902w, https:\/\/www.musicabedoin.org\/wp-content\/uploads\/2024\/04\/Photo-Duo-Pigaglio-264x300.jpg 264w, https:\/\/www.musicabedoin.org\/wp-content\/uploads\/2024\/04\/Photo-Duo-Pigaglio-768x872.jpg 768w, https:\/\/www.musicabedoin.org\/wp-content\/uploads\/2024\/04\/Photo-Duo-Pigaglio-1354x1536.jpg 1354w, https:\/\/www.musicabedoin.org\/wp-content\/uploads\/2024\/04\/Photo-Duo-Pigaglio-1805x2048.jpg 1805w\" sizes=\"auto, (max-width: 902px) 100vw, 902px\" \/>\t\t\t\t\t\t\t\t\t\t\t\t\t\t\t<\/div>\n\t\t\t\t<\/div>\n\t\t\t\t\t<\/div>\n\t\t<\/div>\n\t\t\t\t<div class=\"elementor-column elementor-col-50 elementor-top-column elementor-element elementor-element-e77bdf8\" data-id=\"e77bdf8\" data-element_type=\"column\">\n\t\t\t<div class=\"elementor-widget-wrap elementor-element-populated\">\n\t\t\t\t\t\t\t\t<div class=\"elementor-element elementor-element-575336d elementor-widget elementor-widget-text-editor\" data-id=\"575336d\" data-element_type=\"widget\" data-widget_type=\"text-editor.default\">\n\t\t\t\t<div class=\"elementor-widget-container\">\n\t\t\t\t\t\t\t<p>Avec pour fil rouge les 5 Nuances de Marc Berthomieu comme 5 gourmandises \u00e0 croquer, le public, conquis, a travers\u00e9 une grande palette d\u2019\u00e9motions.<\/p><p>Le programme po\u00e9tique propos\u00e9 a offert un coktail d\u00e9licieux de musicalit\u00e9, de p\u00e9dagogie, d&#8217;humour, de sensibilit\u00e9, avec :<\/p><p><b>Pathetico<\/b> :\u00a0\u00a0 Fantaisie Brillante sur Carmen de Bizet<\/p><p><b>Lascivo<\/b> :\u00a0\u00a0\u00a0\u00a0\u00a0 The Dirty Laundry Rag harpe solo<\/p><p><b>Idyllico<\/b> :\u00a0\u00a0\u00a0\u00a0\u00a0 Suite en Duo, Pr\u00e9ambule, Mod\u00e9r\u00e9, et Danse \u00e0 Onze Temps<\/p><p><b>Exotico<\/b> :\u00a0\u00a0\u00a0\u00a0\u00a0 Tango-Etude fl\u00fbte solo<\/p><p><b>Dolcissimo<\/b> : Baroque-Flamenco<\/p><p>Une belle d\u00e9couverte pour beaucoup, une formation in\u00e9dite, des musiciennes de haut niveau et accessibles \u00e0 tous.<\/p><p>\u00a0<\/p>\t\t\t\t\t\t<\/div>\n\t\t\t\t<\/div>\n\t\t\t\t\t<\/div>\n\t\t<\/div>\n\t\t\t\t\t\t\t<\/div>\n\t\t<\/section>\n\t\t\t\t<section class=\"elementor-section elementor-top-section elementor-element elementor-element-abb7b74 elementor-section-stretched elementor-section-boxed elementor-section-height-default elementor-section-height-default\" data-id=\"abb7b74\" data-element_type=\"section\" data-settings=\"{&quot;stretch_section&quot;:&quot;section-stretched&quot;}\">\n\t\t\t\t\t\t<div class=\"elementor-container elementor-column-gap-default\">\n\t\t\t\t\t<div class=\"elementor-column elementor-col-100 elementor-top-column elementor-element elementor-element-bb0dd42\" data-id=\"bb0dd42\" data-element_type=\"column\">\n\t\t\t<div class=\"elementor-widget-wrap elementor-element-populated\">\n\t\t\t\t\t\t\t\t<div class=\"elementor-element elementor-element-42d5ae9 elementor-widget elementor-widget-heading\" data-id=\"42d5ae9\" data-element_type=\"widget\" data-widget_type=\"heading.default\">\n\t\t\t\t<div class=\"elementor-widget-container\">\n\t\t\t<h2 class=\"elementor-heading-title elementor-size-default\">6 avril, 19h, salon de musique de la Grange Piquet, r\u00e9cital Cordelia Williams\n\nBeethoven, Scriabine, Prokofiev, Schubert<\/h2>\t\t<\/div>\n\t\t\t\t<\/div>\n\t\t\t\t\t<\/div>\n\t\t<\/div>\n\t\t\t\t\t\t\t<\/div>\n\t\t<\/section>\n\t\t\t\t<section class=\"elementor-section elementor-top-section elementor-element elementor-element-b3c98be elementor-section-stretched elementor-section-boxed elementor-section-height-default elementor-section-height-default\" data-id=\"b3c98be\" data-element_type=\"section\" data-settings=\"{&quot;stretch_section&quot;:&quot;section-stretched&quot;}\">\n\t\t\t\t\t\t<div class=\"elementor-container elementor-column-gap-default\">\n\t\t\t\t\t<div class=\"elementor-column elementor-col-50 elementor-top-column elementor-element elementor-element-c9707e7\" data-id=\"c9707e7\" data-element_type=\"column\">\n\t\t\t<div class=\"elementor-widget-wrap elementor-element-populated\">\n\t\t\t\t\t\t\t\t<div class=\"elementor-element elementor-element-acc4851 elementor-widget elementor-widget-image\" data-id=\"acc4851\" data-element_type=\"widget\" data-widget_type=\"image.default\">\n\t\t\t\t<div class=\"elementor-widget-container\">\n\t\t\t\t\t\t\t\t\t\t\t\t\t\t\t<img loading=\"lazy\" decoding=\"async\" width=\"1024\" height=\"1024\" src=\"https:\/\/www.musicabedoin.org\/wp-content\/uploads\/2024\/03\/draft-cover-002-1024x1024.jpg\" class=\"attachment-large size-large wp-image-643\" alt=\"\" srcset=\"https:\/\/www.musicabedoin.org\/wp-content\/uploads\/2024\/03\/draft-cover-002-1024x1024.jpg 1024w, https:\/\/www.musicabedoin.org\/wp-content\/uploads\/2024\/03\/draft-cover-002-300x300.jpg 300w, https:\/\/www.musicabedoin.org\/wp-content\/uploads\/2024\/03\/draft-cover-002-150x150.jpg 150w, https:\/\/www.musicabedoin.org\/wp-content\/uploads\/2024\/03\/draft-cover-002-768x768.jpg 768w, https:\/\/www.musicabedoin.org\/wp-content\/uploads\/2024\/03\/draft-cover-002-1536x1536.jpg 1536w, https:\/\/www.musicabedoin.org\/wp-content\/uploads\/2024\/03\/draft-cover-002-2048x2048.jpg 2048w, https:\/\/www.musicabedoin.org\/wp-content\/uploads\/2024\/03\/draft-cover-002-600x600.jpg 600w\" sizes=\"auto, (max-width: 1024px) 100vw, 1024px\" \/>\t\t\t\t\t\t\t\t\t\t\t\t\t\t\t<\/div>\n\t\t\t\t<\/div>\n\t\t\t\t\t<\/div>\n\t\t<\/div>\n\t\t\t\t<div class=\"elementor-column elementor-col-50 elementor-top-column elementor-element elementor-element-dda48e3\" data-id=\"dda48e3\" data-element_type=\"column\">\n\t\t\t<div class=\"elementor-widget-wrap elementor-element-populated\">\n\t\t\t\t\t\t\t\t<div class=\"elementor-element elementor-element-134ac09 elementor-widget elementor-widget-text-editor\" data-id=\"134ac09\" data-element_type=\"widget\" data-widget_type=\"text-editor.default\">\n\t\t\t\t<div class=\"elementor-widget-container\">\n\t\t\t\t\t\t\t<p><b>Quelques\u00a0\u00a0 critiques r\u00e9centes<\/b><\/p><p>\u00a0&#8221; Une profonde compr\u00e9hension\u00a0 esth\u00e9tique port\u00e9e par une technique interpr\u00e9tative du plus haut niveau. Rarement rencontr\u00e9e de nos jours\u00a0! &#8220;<\/p><p>MUSICAL OPINION<\/p><p>&#8220;Son jeu touche \u00e0 l\u2019essence du g\u00e9nie du Beethoven. Il ne faut pas le rater\u00a0!!<\/p><p>INTERNATIONAL PIANO<\/p><p>&#8221;\u00a0Les six bagatelles opus 126 de Beethoven jou\u00e9es par Cordelia Williams sont d\u2019une perfection de sagesse\u00a0 et de beaut\u00e9\u2026\u00a0&#8220;<\/p><p>CLASSICAL EXPLORER<\/p><p>&#8221;\u00a0 Sans ambages Cordelia Williams prend place parmi les interpr\u00e8tes\u00a0les plus \u00e9loquents de cette grande \u0153uvre (Schubert D958) &#8221;\u00a0<\/p><p>GRAMOPHONE<\/p><p>&#8221;\u00a0Un talent d\u2019artiste accompli qui touche \u00e0 la vraie grandeur\u00a0&#8220;<\/p><p>INTERNATIONAL RECORDING OF THE\u00a0 YEAR<\/p>\t\t\t\t\t\t<\/div>\n\t\t\t\t<\/div>\n\t\t\t\t\t<\/div>\n\t\t<\/div>\n\t\t\t\t\t\t\t<\/div>\n\t\t<\/section>\n\t\t\t\t<section class=\"elementor-section elementor-top-section elementor-element elementor-element-efdbf5c elementor-section-stretched elementor-section-boxed elementor-section-height-default elementor-section-height-default\" data-id=\"efdbf5c\" data-element_type=\"section\" data-settings=\"{&quot;stretch_section&quot;:&quot;section-stretched&quot;}\">\n\t\t\t\t\t\t<div class=\"elementor-container elementor-column-gap-default\">\n\t\t\t\t\t<div class=\"elementor-column elementor-col-100 elementor-top-column elementor-element elementor-element-1561000\" data-id=\"1561000\" data-element_type=\"column\">\n\t\t\t<div class=\"elementor-widget-wrap elementor-element-populated\">\n\t\t\t\t\t\t\t\t<div class=\"elementor-element elementor-element-a52ea22 elementor-widget elementor-widget-text-editor\" data-id=\"a52ea22\" data-element_type=\"widget\" data-widget_type=\"text-editor.default\">\n\t\t\t\t<div class=\"elementor-widget-container\">\n\t\t\t\t\t\t\t<p><b>L&#8217;artiste<\/b><\/p><p>Premier prix du Concours International de Piano \u00e0 Aix en Provence en 2011, Cordelia Williams, de nationalit\u00e9 Anglaise, se construit une carri\u00e8re internationale de concertiste comme \u00ab\u00a0une des plus remarquables pianistes de sa g\u00e9n\u00e9ration\u00a0\u00bb\u2026<\/p><p>Cordelia se passionne \u00e9galement pour la musique de\u00a0 chambre et se produit r\u00e9guli\u00e8rement avec les quatuors Endellion, Fitzwilliam et Maggini ainsi que les London Mozart Players.<\/p><p>Bien connue \u00e0 B\u00e9doin, o\u00f9 elle revient se produire r\u00e9guli\u00e8rement, sa sensibilit\u00e9 et la puissance et l&#8217;expressivit\u00e9 de son jeu ont une nouvelle fois enchant\u00e9 le public.<\/p>\t\t\t\t\t\t<\/div>\n\t\t\t\t<\/div>\n\t\t\t\t\t<\/div>\n\t\t<\/div>\n\t\t\t\t\t\t\t<\/div>\n\t\t<\/section>\n\t\t\t\t<section class=\"elementor-section elementor-top-section elementor-element elementor-element-dbfc0e4 elementor-section-stretched elementor-section-boxed elementor-section-height-default elementor-section-height-default\" data-id=\"dbfc0e4\" data-element_type=\"section\" data-settings=\"{&quot;stretch_section&quot;:&quot;section-stretched&quot;}\">\n\t\t\t\t\t\t<div class=\"elementor-container elementor-column-gap-default\">\n\t\t\t\t\t<div class=\"elementor-column elementor-col-100 elementor-top-column elementor-element elementor-element-deeddbe\" data-id=\"deeddbe\" data-element_type=\"column\">\n\t\t\t<div class=\"elementor-widget-wrap elementor-element-populated\">\n\t\t\t\t\t\t\t\t<div class=\"elementor-element elementor-element-a025d9a elementor-widget elementor-widget-heading\" data-id=\"a025d9a\" data-element_type=\"widget\" data-widget_type=\"heading.default\">\n\t\t\t\t<div class=\"elementor-widget-container\">\n\t\t\t<h2 class=\"elementor-heading-title elementor-size-default\">24 f\u00e9vrier : assembl\u00e9e g\u00e9n\u00e9rale et concert, Centre Culturel de B\u00e9doin<\/h2>\t\t<\/div>\n\t\t\t\t<\/div>\n\t\t\t\t\t<\/div>\n\t\t<\/div>\n\t\t\t\t\t\t\t<\/div>\n\t\t<\/section>\n\t\t\t\t<section class=\"elementor-section elementor-top-section elementor-element elementor-element-555afa1 elementor-section-stretched elementor-section-boxed elementor-section-height-default elementor-section-height-default\" data-id=\"555afa1\" data-element_type=\"section\" data-settings=\"{&quot;stretch_section&quot;:&quot;section-stretched&quot;}\">\n\t\t\t\t\t\t<div class=\"elementor-container elementor-column-gap-default\">\n\t\t\t\t\t<div class=\"elementor-column elementor-col-50 elementor-top-column elementor-element elementor-element-b861469\" data-id=\"b861469\" data-element_type=\"column\">\n\t\t\t<div class=\"elementor-widget-wrap elementor-element-populated\">\n\t\t\t\t\t\t\t\t<div class=\"elementor-element elementor-element-74022fd elementor-widget elementor-widget-image\" data-id=\"74022fd\" data-element_type=\"widget\" data-widget_type=\"image.default\">\n\t\t\t\t<div class=\"elementor-widget-container\">\n\t\t\t\t\t\t\t\t\t\t\t\t\t\t\t<img loading=\"lazy\" decoding=\"async\" width=\"1024\" height=\"683\" src=\"https:\/\/www.musicabedoin.org\/wp-content\/uploads\/2024\/01\/photo-duo-Emilie-et-Cecile-1024x683.jpg\" class=\"attachment-large size-large wp-image-619\" alt=\"\" srcset=\"https:\/\/www.musicabedoin.org\/wp-content\/uploads\/2024\/01\/photo-duo-Emilie-et-Cecile-1024x683.jpg 1024w, https:\/\/www.musicabedoin.org\/wp-content\/uploads\/2024\/01\/photo-duo-Emilie-et-Cecile-300x200.jpg 300w, https:\/\/www.musicabedoin.org\/wp-content\/uploads\/2024\/01\/photo-duo-Emilie-et-Cecile-768x512.jpg 768w, https:\/\/www.musicabedoin.org\/wp-content\/uploads\/2024\/01\/photo-duo-Emilie-et-Cecile-1536x1024.jpg 1536w, https:\/\/www.musicabedoin.org\/wp-content\/uploads\/2024\/01\/photo-duo-Emilie-et-Cecile.jpg 1776w\" sizes=\"auto, (max-width: 1024px) 100vw, 1024px\" \/>\t\t\t\t\t\t\t\t\t\t\t\t\t\t\t<\/div>\n\t\t\t\t<\/div>\n\t\t\t\t\t<\/div>\n\t\t<\/div>\n\t\t\t\t<div class=\"elementor-column elementor-col-50 elementor-top-column elementor-element elementor-element-fdaffff\" data-id=\"fdaffff\" data-element_type=\"column\">\n\t\t\t<div class=\"elementor-widget-wrap elementor-element-populated\">\n\t\t\t\t\t\t\t\t<div class=\"elementor-element elementor-element-d6d7a12 elementor-widget elementor-widget-text-editor\" data-id=\"d6d7a12\" data-element_type=\"widget\" data-widget_type=\"text-editor.default\">\n\t\t\t\t<div class=\"elementor-widget-container\">\n\t\t\t\t\t\t\t<p>Emilie Hannart (violoncelle) et C\u00e9cile Leroy (fl\u00fbte) ont propos\u00e9 un programme \u00e9clectique, Bach, Villa Lobos, Granados et Ridoux.\u00a0<\/p><p>M\u00e9daill\u00e9e d\u2019or du Conservatoire de Versailles en classe d&#8217;interpre\u0301tation, la pianiste Laurence Ridoux a d\u2019abord consacre\u0301 sa carri\u00e8re musicale a\u0300 la musique de Fr\u00e9deric Chopin. Elle compose depuis plus d\u2019une quinzaine d\u2019ann\u00e9e des \u0153uvres pour piano, musique de chambre et orchestre. Native du lac d\u2019Annecy, la nature a une forte pr\u00e9sence dans son \u0153uvre et l\u2019univers est pour elle une grande source d\u2019inspiration.<\/p><p>La ma\u00eetrise, quelquefois d\u00e9licate, d&#8217;un violoncelle multis\u00e9culaire, a contrast\u00e9 avec l&#8217;\u00e9blouissante technicit\u00e9 d&#8217;une flutiste exceptionnelle. Son jeu a\u00e9rien a mis en lumi\u00e8re des compositions accessibles en d\u00e9pit de leur modernit\u00e9.<\/p>\t\t\t\t\t\t<\/div>\n\t\t\t\t<\/div>\n\t\t\t\t\t<\/div>\n\t\t<\/div>\n\t\t\t\t\t\t\t<\/div>\n\t\t<\/section>\n\t\t\t\t<section class=\"elementor-section elementor-top-section elementor-element elementor-element-3fdeba3 elementor-section-stretched elementor-section-boxed elementor-section-height-default elementor-section-height-default\" data-id=\"3fdeba3\" data-element_type=\"section\" data-settings=\"{&quot;stretch_section&quot;:&quot;section-stretched&quot;}\">\n\t\t\t\t\t\t<div class=\"elementor-container elementor-column-gap-default\">\n\t\t\t\t\t<div class=\"elementor-column elementor-col-100 elementor-top-column elementor-element elementor-element-8fe0547\" data-id=\"8fe0547\" data-element_type=\"column\">\n\t\t\t<div class=\"elementor-widget-wrap elementor-element-populated\">\n\t\t\t\t\t\t\t\t<div class=\"elementor-element elementor-element-ac937d9 elementor-widget elementor-widget-heading\" data-id=\"ac937d9\" data-element_type=\"widget\" data-widget_type=\"heading.default\">\n\t\t\t\t<div class=\"elementor-widget-container\">\n\t\t\t<h2 class=\"elementor-heading-title elementor-size-default\">Dimanche 7 janvier 2024 : Poulenc fait son cabaret - Grange Piquet 15h<\/h2>\t\t<\/div>\n\t\t\t\t<\/div>\n\t\t\t\t\t<\/div>\n\t\t<\/div>\n\t\t\t\t\t\t\t<\/div>\n\t\t<\/section>\n\t\t\t\t<section class=\"elementor-section elementor-top-section elementor-element elementor-element-13e818a elementor-section-stretched elementor-section-boxed elementor-section-height-default elementor-section-height-default\" data-id=\"13e818a\" data-element_type=\"section\" data-settings=\"{&quot;stretch_section&quot;:&quot;section-stretched&quot;}\">\n\t\t\t\t\t\t<div class=\"elementor-container elementor-column-gap-default\">\n\t\t\t\t\t<div class=\"elementor-column elementor-col-50 elementor-top-column elementor-element elementor-element-1ebbc60\" data-id=\"1ebbc60\" data-element_type=\"column\">\n\t\t\t<div class=\"elementor-widget-wrap elementor-element-populated\">\n\t\t\t\t\t\t\t\t<div class=\"elementor-element elementor-element-ad68836 elementor-widget elementor-widget-image\" data-id=\"ad68836\" data-element_type=\"widget\" data-widget_type=\"image.default\">\n\t\t\t\t<div class=\"elementor-widget-container\">\n\t\t\t\t\t\t\t\t\t\t\t\t\t\t\t<img loading=\"lazy\" decoding=\"async\" width=\"1024\" height=\"628\" src=\"https:\/\/www.musicabedoin.org\/wp-content\/uploads\/2024\/01\/Babar-pour-affiche-1024x628.jpg\" class=\"attachment-large size-large wp-image-627\" alt=\"\" srcset=\"https:\/\/www.musicabedoin.org\/wp-content\/uploads\/2024\/01\/Babar-pour-affiche-1024x628.jpg 1024w, https:\/\/www.musicabedoin.org\/wp-content\/uploads\/2024\/01\/Babar-pour-affiche-300x184.jpg 300w, https:\/\/www.musicabedoin.org\/wp-content\/uploads\/2024\/01\/Babar-pour-affiche-768x471.jpg 768w, https:\/\/www.musicabedoin.org\/wp-content\/uploads\/2024\/01\/Babar-pour-affiche.jpg 1158w\" sizes=\"auto, (max-width: 1024px) 100vw, 1024px\" \/>\t\t\t\t\t\t\t\t\t\t\t\t\t\t\t<\/div>\n\t\t\t\t<\/div>\n\t\t\t\t\t<\/div>\n\t\t<\/div>\n\t\t\t\t<div class=\"elementor-column elementor-col-50 elementor-top-column elementor-element elementor-element-afd0976\" data-id=\"afd0976\" data-element_type=\"column\">\n\t\t\t<div class=\"elementor-widget-wrap elementor-element-populated\">\n\t\t\t\t\t\t\t\t<div class=\"elementor-element elementor-element-dc2d496 elementor-widget elementor-widget-text-editor\" data-id=\"dc2d496\" data-element_type=\"widget\" data-widget_type=\"text-editor.default\">\n\t\t\t\t<div class=\"elementor-widget-container\">\n\t\t\t\t\t\t\t<p>Organis\u00e9 par Veronica Grange, dans son salon de musique, ce petit concert divertissant a permis \u00e0 ses invit\u00e9s (de l&#8217;association Musica B\u00e9doin) d&#8217;entendre des m\u00e9lodies, chant\u00e9es par Marc Filograsso (et par Veronica aussi ! ), accompagn\u00e9s au piano par Laurent Barbaza, de retrouver Babar, et ses aventures illustr\u00e9es par Jean de Brunhoff et l&#8217;inoubliable musique de Francis Poulenc.<\/p><p>Occasion de se retrouver entre amoureux de belle musique, autour de quelques gourmandises habituelles au moment de l&#8217;\u00e9piphanie.<\/p>\t\t\t\t\t\t<\/div>\n\t\t\t\t<\/div>\n\t\t\t\t\t<\/div>\n\t\t<\/div>\n\t\t\t\t\t\t\t<\/div>\n\t\t<\/section>\n\t\t\t\t\t\t\t<\/div>\n\t\t","protected":false},"excerpt":{"rendered":"<p>16 novembre, &#8220;\u00e0 la d\u00e9couverte de&#8221; : Serge Prokofiev Ce voyage musical illustr\u00e9 a permis \u00e0 l&#8217;auditoire de d\u00e9couvrir, ou red\u00e9couvrir, un compositeur que la post\u00e9rit\u00e9 a tendance \u00e0 oublier, ou \u00e0 limiter \u00e0 la danse des chevaliers de Rom\u00e9o et Juliette, \u00e0 Pierre et le loup, \u00e0 la marche de l&#8217;amour des trois oranges. [&hellip;]<\/p>\n","protected":false},"author":1,"featured_media":0,"parent":24,"menu_order":0,"comment_status":"closed","ping_status":"closed","template":"","meta":{"footnotes":""},"class_list":["post-624","page","type-page","status-publish","hentry","entry"],"_links":{"self":[{"href":"https:\/\/www.musicabedoin.org\/index.php\/wp-json\/wp\/v2\/pages\/624","targetHints":{"allow":["GET"]}}],"collection":[{"href":"https:\/\/www.musicabedoin.org\/index.php\/wp-json\/wp\/v2\/pages"}],"about":[{"href":"https:\/\/www.musicabedoin.org\/index.php\/wp-json\/wp\/v2\/types\/page"}],"author":[{"embeddable":true,"href":"https:\/\/www.musicabedoin.org\/index.php\/wp-json\/wp\/v2\/users\/1"}],"replies":[{"embeddable":true,"href":"https:\/\/www.musicabedoin.org\/index.php\/wp-json\/wp\/v2\/comments?post=624"}],"version-history":[{"count":29,"href":"https:\/\/www.musicabedoin.org\/index.php\/wp-json\/wp\/v2\/pages\/624\/revisions"}],"predecessor-version":[{"id":754,"href":"https:\/\/www.musicabedoin.org\/index.php\/wp-json\/wp\/v2\/pages\/624\/revisions\/754"}],"up":[{"embeddable":true,"href":"https:\/\/www.musicabedoin.org\/index.php\/wp-json\/wp\/v2\/pages\/24"}],"wp:attachment":[{"href":"https:\/\/www.musicabedoin.org\/index.php\/wp-json\/wp\/v2\/media?parent=624"}],"curies":[{"name":"wp","href":"https:\/\/api.w.org\/{rel}","templated":true}]}}