{"id":202,"date":"2022-08-17T14:01:05","date_gmt":"2022-08-17T12:01:05","guid":{"rendered":"http:\/\/www.musicabedoin.org\/?page_id=202"},"modified":"2026-01-17T12:47:06","modified_gmt":"2026-01-17T11:47:06","slug":"bulletins-dinformation","status":"publish","type":"page","link":"https:\/\/www.musicabedoin.org\/index.php\/bulletins-dinformation\/","title":{"rendered":"Bulletins d&#8217;information"},"content":{"rendered":"\t\t<div data-elementor-type=\"wp-page\" data-elementor-id=\"202\" class=\"elementor elementor-202\">\n\t\t\t\t\t\t\t\t\t<section class=\"elementor-section elementor-top-section elementor-element elementor-element-4844154 elementor-section-stretched elementor-section-boxed elementor-section-height-default elementor-section-height-default\" data-id=\"4844154\" data-element_type=\"section\" data-settings=\"{&quot;stretch_section&quot;:&quot;section-stretched&quot;}\">\n\t\t\t\t\t\t<div class=\"elementor-container elementor-column-gap-default\">\n\t\t\t\t\t<div class=\"elementor-column elementor-col-100 elementor-top-column elementor-element elementor-element-b681393\" data-id=\"b681393\" data-element_type=\"column\">\n\t\t\t<div class=\"elementor-widget-wrap elementor-element-populated\">\n\t\t\t\t\t\t\t\t<div class=\"elementor-element elementor-element-aea1a4d elementor-widget elementor-widget-heading\" data-id=\"aea1a4d\" data-element_type=\"widget\" data-widget_type=\"heading.default\">\n\t\t\t\t<div class=\"elementor-widget-container\">\n\t\t\t<style>\/*! elementor - v3.15.0 - 20-08-2023 *\/\n.elementor-heading-title{padding:0;margin:0;line-height:1}.elementor-widget-heading .elementor-heading-title[class*=elementor-size-]>a{color:inherit;font-size:inherit;line-height:inherit}.elementor-widget-heading .elementor-heading-title.elementor-size-small{font-size:15px}.elementor-widget-heading .elementor-heading-title.elementor-size-medium{font-size:19px}.elementor-widget-heading .elementor-heading-title.elementor-size-large{font-size:29px}.elementor-widget-heading .elementor-heading-title.elementor-size-xl{font-size:39px}.elementor-widget-heading .elementor-heading-title.elementor-size-xxl{font-size:59px}<\/style><h2 class=\"elementor-heading-title elementor-size-default\">Janvier 2026<\/h2>\t\t<\/div>\n\t\t\t\t<\/div>\n\t\t\t\t\t<\/div>\n\t\t<\/div>\n\t\t\t\t\t\t\t<\/div>\n\t\t<\/section>\n\t\t\t\t<section class=\"elementor-section elementor-top-section elementor-element elementor-element-83c6fb4 elementor-section-stretched elementor-section-boxed elementor-section-height-default elementor-section-height-default\" data-id=\"83c6fb4\" data-element_type=\"section\" data-settings=\"{&quot;stretch_section&quot;:&quot;section-stretched&quot;}\">\n\t\t\t\t\t\t<div class=\"elementor-container elementor-column-gap-default\">\n\t\t\t\t\t<div class=\"elementor-column elementor-col-100 elementor-top-column elementor-element elementor-element-5a9640f\" data-id=\"5a9640f\" data-element_type=\"column\">\n\t\t\t<div class=\"elementor-widget-wrap elementor-element-populated\">\n\t\t\t\t\t\t\t\t<div class=\"elementor-element elementor-element-2c13437 elementor-widget elementor-widget-text-editor\" data-id=\"2c13437\" data-element_type=\"widget\" data-widget_type=\"text-editor.default\">\n\t\t\t\t<div class=\"elementor-widget-container\">\n\t\t\t<style>\/*! elementor - v3.15.0 - 20-08-2023 *\/\n.elementor-widget-text-editor.elementor-drop-cap-view-stacked .elementor-drop-cap{background-color:#69727d;color:#fff}.elementor-widget-text-editor.elementor-drop-cap-view-framed .elementor-drop-cap{color:#69727d;border:3px solid;background-color:transparent}.elementor-widget-text-editor:not(.elementor-drop-cap-view-default) .elementor-drop-cap{margin-top:8px}.elementor-widget-text-editor:not(.elementor-drop-cap-view-default) .elementor-drop-cap-letter{width:1em;height:1em}.elementor-widget-text-editor .elementor-drop-cap{float:left;text-align:center;line-height:1;font-size:50px}.elementor-widget-text-editor .elementor-drop-cap-letter{display:inline-block}<\/style>\t\t\t\t<p>Madame, Monsieur,<\/p><p>Pour votre information, l\u2019assembl\u00e9e g\u00e9n\u00e9rale de Musica B\u00e9doin se tiendra le samedi 31 janvier \u00e0 15h30, dans le hall du Centre Culturel de B\u00e9doin.<\/p><p>L\u2019ordre du jour est le suivant\u00a0:<\/p><ol><li>Validation du quorum et d\u00e9signation d\u2019un secr\u00e9taire de s\u00e9ance.<\/li><li>Rapport moral du pr\u00e9sident.<\/li><li>Rapport financier.<\/li><li>Pr\u00e9sentation du programme 2026.<\/li><li>Changement du si\u00e8ge social.<\/li><li>Prix des places et montant de l\u2019adh\u00e9sion.<\/li><li>Constitution d\u2019une \u00e9quipe renfort pour les \u00e9v\u00e8nements importants.<\/li><li>Questions diverses.<\/li><\/ol><p>Cette ann\u00e9e, les adh\u00e9sions ou r\u00e9-adh\u00e9sions se feront \u00e0 la fin de l\u2019assembl\u00e9e g\u00e9n\u00e9rale, autour de 16h30.<\/p><p>Comme le veut la tradition, l\u2019apr\u00e8s-midi se poursuivra \u00e0 17h avec le premier concert de l\u2019ann\u00e9e, avec Yeva et Sara Harutyunyan, deux formidables jeunes violonistes d\u2019origine arm\u00e9nienne, accompagn\u00e9es par Olivier Lechardeur qui jouera sur un piano demi queue, mis \u00e0 disposition gracieusement par l\u2019association France Arm\u00e9nie.<\/p><p>Vous esp\u00e9rant nombreux, au plaisir de vous revoir, votre d\u00e9vou\u00e9,<\/p><p>Pierre Paul JOBERT<\/p><p>Secr\u00e9taire de l\u2019association Musica B\u00e9doin<\/p><p><a href=\"http:\/\/www.musicabedoin.org\">www.musicabedoin.org<\/a><\/p>\t\t\t\t\t\t<\/div>\n\t\t\t\t<\/div>\n\t\t\t\t\t<\/div>\n\t\t<\/div>\n\t\t\t\t\t\t\t<\/div>\n\t\t<\/section>\n\t\t\t\t<section class=\"elementor-section elementor-top-section elementor-element elementor-element-136b299 elementor-section-stretched elementor-section-boxed elementor-section-height-default elementor-section-height-default\" data-id=\"136b299\" data-element_type=\"section\" data-settings=\"{&quot;stretch_section&quot;:&quot;section-stretched&quot;}\">\n\t\t\t\t\t\t<div class=\"elementor-container elementor-column-gap-default\">\n\t\t\t\t\t<div class=\"elementor-column elementor-col-50 elementor-top-column elementor-element elementor-element-fd80808\" data-id=\"fd80808\" data-element_type=\"column\">\n\t\t\t<div class=\"elementor-widget-wrap elementor-element-populated\">\n\t\t\t\t\t\t\t\t<div class=\"elementor-element elementor-element-1c98ec2 elementor-widget elementor-widget-image\" data-id=\"1c98ec2\" data-element_type=\"widget\" data-widget_type=\"image.default\">\n\t\t\t\t<div class=\"elementor-widget-container\">\n\t\t\t<style>\/*! elementor - v3.15.0 - 20-08-2023 *\/\n.elementor-widget-image{text-align:center}.elementor-widget-image a{display:inline-block}.elementor-widget-image a img[src$=\".svg\"]{width:48px}.elementor-widget-image img{vertical-align:middle;display:inline-block}<\/style>\t\t\t\t\t\t\t\t\t\t\t\t<img loading=\"lazy\" decoding=\"async\" width=\"525\" height=\"600\" src=\"https:\/\/www.musicabedoin.org\/wp-content\/uploads\/2026\/01\/Argentine.jpg\" class=\"attachment-large size-large wp-image-866\" alt=\"\" srcset=\"https:\/\/www.musicabedoin.org\/wp-content\/uploads\/2026\/01\/Argentine.jpg 525w, https:\/\/www.musicabedoin.org\/wp-content\/uploads\/2026\/01\/Argentine-263x300.jpg 263w\" sizes=\"auto, (max-width: 525px) 100vw, 525px\" \/>\t\t\t\t\t\t\t\t\t\t\t\t\t\t\t<\/div>\n\t\t\t\t<\/div>\n\t\t\t\t\t<\/div>\n\t\t<\/div>\n\t\t\t\t<div class=\"elementor-column elementor-col-50 elementor-top-column elementor-element elementor-element-c219d18\" data-id=\"c219d18\" data-element_type=\"column\">\n\t\t\t<div class=\"elementor-widget-wrap elementor-element-populated\">\n\t\t\t\t\t\t\t\t<div class=\"elementor-element elementor-element-860e4c6 elementor-widget elementor-widget-text-editor\" data-id=\"860e4c6\" data-element_type=\"widget\" data-widget_type=\"text-editor.default\">\n\t\t\t\t<div class=\"elementor-widget-container\">\n\t\t\t\t\t\t\t<p>Madame, Monsieur,<\/p><p>Au nom de toute l\u2019\u00e9quipe de Musica B\u00e9doin, permettez moi de vous souhaiter, ainsi qu\u2019\u00e0 vos proches, la meilleure ann\u00e9e 2023 possible.<\/p><p>Qu\u2019elle vous accorde la sant\u00e9, le joie et la lumi\u00e8re dans vos c\u0153urs.<\/p><p>Et pour cela, la musique ne sera pas pour rien. Le programme de l\u2019ann\u00e9e 2026 est pr\u00eat, r\u00e9solument classique, Bach, Duparc, Faur\u00e9, Gounod, Komitas, Schubert, Rachmaninov, entre autres seront au programme.<\/p><p>Vous en saurez plus lors de notre AG du 31 janvier, qui pr\u00e9c\u00e8dera, tradition oblige, le premier concert de l\u2019ann\u00e9e, au centre culturel de B\u00e9doin.<\/p><p>Pour ce premier bulletin de l\u2019ann\u00e9e, j\u2019aimerais vous faire d\u00e9couvrir Sergei Bortkiewicz (1877 \u2013 1952), d\u2019origine polonaise, puis citoyen autrichien. Vous retrouverez sans mal des m\u00e9lodies que Rachmaninov n\u2019aurait pas reni\u00e9\u00a0! Je vous propose le 2d concerto, pour la main gauche (\u00e0 l\u2019\u00e9coute il faut le savoir).<\/p><p><a href=\"https:\/\/www.youtube.com\/watch?v=HO5xUkrXbxo&amp;list=RDHO5xUkrXbxo&amp;start_radio=1\">Sergei Bortkiewicz &#8211; Piano Concerto No. 2, Op. 28 (audio + sheet music) &#8211; YouTube<\/a><\/p><p>De quoi s\u2019\u00e9vader o\u00f9 vous voudrez\u00a0! (ci-contre en Argentine)<\/p><p>En attendant de vous revoir, je vous souhaite un excellent mois de janvier.<\/p><p>Votre d\u00e9vou\u00e9,<\/p><p>Pierre Paul JOBERT<\/p>\t\t\t\t\t\t<\/div>\n\t\t\t\t<\/div>\n\t\t\t\t\t<\/div>\n\t\t<\/div>\n\t\t\t\t\t\t\t<\/div>\n\t\t<\/section>\n\t\t\t\t<section class=\"elementor-section elementor-top-section elementor-element elementor-element-3780672 elementor-section-stretched elementor-section-boxed elementor-section-height-default elementor-section-height-default\" data-id=\"3780672\" data-element_type=\"section\" data-settings=\"{&quot;stretch_section&quot;:&quot;section-stretched&quot;}\">\n\t\t\t\t\t\t<div class=\"elementor-container elementor-column-gap-default\">\n\t\t\t\t\t<div class=\"elementor-column elementor-col-100 elementor-top-column elementor-element elementor-element-2409c94\" data-id=\"2409c94\" data-element_type=\"column\">\n\t\t\t<div class=\"elementor-widget-wrap elementor-element-populated\">\n\t\t\t\t\t\t\t\t<div class=\"elementor-element elementor-element-d48637d elementor-widget elementor-widget-heading\" data-id=\"d48637d\" data-element_type=\"widget\" data-widget_type=\"heading.default\">\n\t\t\t\t<div class=\"elementor-widget-container\">\n\t\t\t<h2 class=\"elementor-heading-title elementor-size-default\">D\u00e9cembre 2025<\/h2>\t\t<\/div>\n\t\t\t\t<\/div>\n\t\t\t\t\t<\/div>\n\t\t<\/div>\n\t\t\t\t\t\t\t<\/div>\n\t\t<\/section>\n\t\t\t\t<section class=\"elementor-section elementor-top-section elementor-element elementor-element-ec2112e elementor-section-stretched elementor-section-boxed elementor-section-height-default elementor-section-height-default\" data-id=\"ec2112e\" data-element_type=\"section\" data-settings=\"{&quot;stretch_section&quot;:&quot;section-stretched&quot;}\">\n\t\t\t\t\t\t<div class=\"elementor-container elementor-column-gap-default\">\n\t\t\t\t\t<div class=\"elementor-column elementor-col-50 elementor-top-column elementor-element elementor-element-cb1c563\" data-id=\"cb1c563\" data-element_type=\"column\">\n\t\t\t<div class=\"elementor-widget-wrap elementor-element-populated\">\n\t\t\t\t\t\t\t\t<div class=\"elementor-element elementor-element-6949f35 elementor-widget elementor-widget-text-editor\" data-id=\"6949f35\" data-element_type=\"widget\" data-widget_type=\"text-editor.default\">\n\t\t\t\t<div class=\"elementor-widget-container\">\n\t\t\t\t\t\t\t<p>Madame, Monsieur,<\/p><p>Le programme de Musica B\u00e9doin pour l\u2019ann\u00e9e 2026 est bien avanc\u00e9. Il y aura de tout, et beaucoup de classique, de Bach \u00e0 Rachmaninov.<\/p><p>Vous aurez la primeur de tout cela lors de notre Assembl\u00e9e G\u00e9n\u00e9rale qui se tiendra le samedi 31 janvier.<\/p><p>Fid\u00e8les \u00e0 la tradition, s\u2019en suivra un concert, avec un pianiste et deux formidables jeunes violonistes arm\u00e9niennes.<\/p><p>Pour \u00eatre dans le th\u00e8me je ne peux m\u2019emp\u00eacher de vous proposer le concerto pour violon d\u2019Aram Khatchatourian, compositeur embl\u00e9matique de ce magnifique pays, fait de force d\u2019\u00e2me et de r\u00e9silience.<\/p><p><a href=\"https:\/\/www.youtube.com\/watch?v=rixdcNMGwWQ&amp;list=RDrixdcNMGwWQ&amp;start_radio=1\">Eva Sulic &#8211; Aram Khachaturian Violin Concerto in d minor<\/a><\/p><p>Je vous souhaite une belle pr\u00e9paration des f\u00eates de No\u00ebl, avec autant de lumi\u00e8re dans les yeux que de musiques dans le c\u0153ur. A ce titre, ne manquez pas le concert de No\u00ebl que le ch\u0153ur europ\u00e9en donnera \u00e0 Vaison le 14 d\u00e9cembre (cf affiche en PJ)<\/p><p>Votre d\u00e9vou\u00e9,<\/p><p>Pierre Paul JOBERT<\/p>\t\t\t\t\t\t<\/div>\n\t\t\t\t<\/div>\n\t\t\t\t\t<\/div>\n\t\t<\/div>\n\t\t\t\t<div class=\"elementor-column elementor-col-50 elementor-top-column elementor-element elementor-element-40eb136\" data-id=\"40eb136\" data-element_type=\"column\">\n\t\t\t<div class=\"elementor-widget-wrap elementor-element-populated\">\n\t\t\t\t\t\t\t\t<div class=\"elementor-element elementor-element-a9f9e67 elementor-widget elementor-widget-image\" data-id=\"a9f9e67\" data-element_type=\"widget\" data-widget_type=\"image.default\">\n\t\t\t\t<div class=\"elementor-widget-container\">\n\t\t\t\t\t\t\t\t\t\t\t\t\t\t\t<img loading=\"lazy\" decoding=\"async\" width=\"1024\" height=\"576\" src=\"https:\/\/www.musicabedoin.org\/wp-content\/uploads\/2026\/01\/Temple-armenie-1024x576.jpg\" class=\"attachment-large size-large wp-image-865\" alt=\"\" srcset=\"https:\/\/www.musicabedoin.org\/wp-content\/uploads\/2026\/01\/Temple-armenie-1024x576.jpg 1024w, https:\/\/www.musicabedoin.org\/wp-content\/uploads\/2026\/01\/Temple-armenie-300x169.jpg 300w, https:\/\/www.musicabedoin.org\/wp-content\/uploads\/2026\/01\/Temple-armenie-768x432.jpg 768w, https:\/\/www.musicabedoin.org\/wp-content\/uploads\/2026\/01\/Temple-armenie-800x450.jpg 800w, https:\/\/www.musicabedoin.org\/wp-content\/uploads\/2026\/01\/Temple-armenie.jpg 1366w\" sizes=\"auto, (max-width: 1024px) 100vw, 1024px\" \/>\t\t\t\t\t\t\t\t\t\t\t\t\t\t\t<\/div>\n\t\t\t\t<\/div>\n\t\t\t\t\t<\/div>\n\t\t<\/div>\n\t\t\t\t\t\t\t<\/div>\n\t\t<\/section>\n\t\t\t\t<section class=\"elementor-section elementor-top-section elementor-element elementor-element-a368146 elementor-section-stretched elementor-section-boxed elementor-section-height-default elementor-section-height-default\" data-id=\"a368146\" data-element_type=\"section\" data-settings=\"{&quot;stretch_section&quot;:&quot;section-stretched&quot;}\">\n\t\t\t\t\t\t<div class=\"elementor-container elementor-column-gap-default\">\n\t\t\t\t\t<div class=\"elementor-column elementor-col-100 elementor-top-column elementor-element elementor-element-e3bf1eb\" data-id=\"e3bf1eb\" data-element_type=\"column\">\n\t\t\t<div class=\"elementor-widget-wrap elementor-element-populated\">\n\t\t\t\t\t\t\t\t<div class=\"elementor-element elementor-element-9748fe6 elementor-widget elementor-widget-heading\" data-id=\"9748fe6\" data-element_type=\"widget\" data-widget_type=\"heading.default\">\n\t\t\t\t<div class=\"elementor-widget-container\">\n\t\t\t<h2 class=\"elementor-heading-title elementor-size-default\">Ao\u00fbt 2025<\/h2>\t\t<\/div>\n\t\t\t\t<\/div>\n\t\t\t\t\t<\/div>\n\t\t<\/div>\n\t\t\t\t\t\t\t<\/div>\n\t\t<\/section>\n\t\t\t\t<section class=\"elementor-section elementor-top-section elementor-element elementor-element-15d8af1 elementor-section-stretched elementor-section-boxed elementor-section-height-default elementor-section-height-default\" data-id=\"15d8af1\" data-element_type=\"section\" data-settings=\"{&quot;stretch_section&quot;:&quot;section-stretched&quot;}\">\n\t\t\t\t\t\t<div class=\"elementor-container elementor-column-gap-default\">\n\t\t\t\t\t<div class=\"elementor-column elementor-col-100 elementor-top-column elementor-element elementor-element-12ad052\" data-id=\"12ad052\" data-element_type=\"column\">\n\t\t\t<div class=\"elementor-widget-wrap elementor-element-populated\">\n\t\t\t\t\t\t\t\t<div class=\"elementor-element elementor-element-5bda8a1 elementor-widget elementor-widget-text-editor\" data-id=\"5bda8a1\" data-element_type=\"widget\" data-widget_type=\"text-editor.default\">\n\t\t\t\t<div class=\"elementor-widget-container\">\n\t\t\t\t\t\t\t<p>Madame, Monsieur,<\/p><p>Je me rends compte que je n\u2019ai pas r\u00e9dig\u00e9 de bulletin depuis un bon moment. Jamais trop tard pour bien faire.<\/p><p>C\u2019est la musique qui inspire, toujours, aussi, en pi\u00e8ce jointe, je vous propose une improvisation \u00e0 l\u2019orgue de Thierry Escaich, organiste, compositeur fran\u00e7ais d\u2019un talent exceptionnel.<\/p><p>Par ailleurs, et j\u2019y reviendrai d\u2019ici peu, Didon et En\u00e9e, l\u2019op\u00e9ra de Henry Purcell, sera donn\u00e9 le mercredi 17 septembre \u00e0 la Boiserie, \u00e0 Mazan. Je vous enverrai bient\u00f4t un lien vous permettant d\u2019acheter vos places et ainsi de les r\u00e9server.<\/p><p>D\u2019ici l\u00e0\u00a0, je vous souhaite un joli pont du mois d\u2019ao\u00fbt, une belle f\u00eate votive \u00e0 B\u00e9doin, et le plaisir renouvel\u00e9 de d\u00e9couvrir ou red\u00e9couvrir de belles musiques\u00a0!<\/p><p>Votre d\u00e9vou\u00e9,<\/p><p>Pierre Paul Jobert<\/p><p>Secr\u00e9taire de l\u2019association Musica B\u00e9doin<\/p><p><a href=\"http:\/\/www.musicabedoin.org\">www.musicabedoin.org<\/a><\/p>\t\t\t\t\t\t<\/div>\n\t\t\t\t<\/div>\n\t\t\t\t\t<\/div>\n\t\t<\/div>\n\t\t\t\t\t\t\t<\/div>\n\t\t<\/section>\n\t\t\t\t<section class=\"elementor-section elementor-top-section elementor-element elementor-element-1cf52ba elementor-section-stretched elementor-section-boxed elementor-section-height-default elementor-section-height-default\" data-id=\"1cf52ba\" data-element_type=\"section\" data-settings=\"{&quot;stretch_section&quot;:&quot;section-stretched&quot;}\">\n\t\t\t\t\t\t<div class=\"elementor-container elementor-column-gap-default\">\n\t\t\t\t\t<div class=\"elementor-column elementor-col-100 elementor-top-column elementor-element elementor-element-e13ab05\" data-id=\"e13ab05\" data-element_type=\"column\">\n\t\t\t<div class=\"elementor-widget-wrap elementor-element-populated\">\n\t\t\t\t\t\t\t\t<div class=\"elementor-element elementor-element-a570b2c elementor-widget elementor-widget-heading\" data-id=\"a570b2c\" data-element_type=\"widget\" data-widget_type=\"heading.default\">\n\t\t\t\t<div class=\"elementor-widget-container\">\n\t\t\t<h2 class=\"elementor-heading-title elementor-size-default\">Avril 2025<\/h2>\t\t<\/div>\n\t\t\t\t<\/div>\n\t\t\t\t\t<\/div>\n\t\t<\/div>\n\t\t\t\t\t\t\t<\/div>\n\t\t<\/section>\n\t\t\t\t<section class=\"elementor-section elementor-top-section elementor-element elementor-element-1ce6d56 elementor-section-stretched elementor-section-boxed elementor-section-height-default elementor-section-height-default\" data-id=\"1ce6d56\" data-element_type=\"section\" data-settings=\"{&quot;stretch_section&quot;:&quot;section-stretched&quot;}\">\n\t\t\t\t\t\t<div class=\"elementor-container elementor-column-gap-default\">\n\t\t\t\t\t<div class=\"elementor-column elementor-col-100 elementor-top-column elementor-element elementor-element-29952d2\" data-id=\"29952d2\" data-element_type=\"column\">\n\t\t\t<div class=\"elementor-widget-wrap elementor-element-populated\">\n\t\t\t\t\t\t\t\t<div class=\"elementor-element elementor-element-d2efe4c elementor-widget elementor-widget-text-editor\" data-id=\"d2efe4c\" data-element_type=\"widget\" data-widget_type=\"text-editor.default\">\n\t\t\t\t<div class=\"elementor-widget-container\">\n\t\t\t\t\t\t\t<p>Madame, Monsieur,<\/p><p>Nous avons bien commenc\u00e9 l\u2019ann\u00e9e musicale de Musica B\u00e9doin. Merci \u00e0 tous les pr\u00e9sents, nombreux et fid\u00e8les qui ont assist\u00e9 \u00e0 notre AG (dont vous trouverez le compte rendu ci-joint) Nous avons pu d\u00e9couvrir Eric Sombret, qui a accept\u00e9 de reprendre le flambeau tenu par Denis depuis bien longtemps. Le premier concert nous a fait voyager dans un univers musical \u00e9clectique, qui a ravi les spectateurs, plus nombreux que l\u2019ann\u00e9e derni\u00e8re pour le premier concert de l\u2019ann\u00e9e, ce qui est de bonne augure\u00a0!<\/p><p>Nous sommes en avril, et m\u00eame si le signe des poissons a laiss\u00e9 sa place le 21 mars, il est de tradition d\u2019associer avril et le poisson\u2026 Comme nous aurons le 30 novembre, \u00e0 la Grange Piquet, un spectacle consacr\u00e9 \u00e0 Eric Satie, je vous propose la version pour piano et orchestre du poisson r\u00eaveur\u00a0:<\/p><p><a href=\"https:\/\/www.youtube.com\/watch?v=RdnSvFcVRf0\">Erik Satie : &#8220;Le Poisson r\u00eaveur\/Dreamy Fish&#8221; for orchestra and piano (1901)<\/a><\/p><p>Notre prochain concert aura lieu le 18 mai prochain. Oui c\u2019est le jour de la f\u00eate de la for\u00eat, et chacun aura loisir d\u2019y participer. En effet, nous avons programm\u00e9 le trio de fl\u00fbtes en toute fin de journ\u00e9e (l\u2019horaire exact vous sera communiqu\u00e9 prochainement). \u00ab Trois fl\u00fbtes en vacances \u00bb nous permettra de voyager en compagnie de compositeurs divers, pas toujours en haut de l\u2019affiche, mais qui valent la peine d\u2019\u00eatre d\u00e9couverts.<\/p><p>Pour celles et ceux qui n\u2019ont pas encore r\u00e9adh\u00e9r\u00e9 (ou adh\u00e9r\u00e9) \u00e0 Musica B\u00e9doin pour l\u2019ann\u00e9e 2025, il n\u2019est pas trop tard. Cf le bulletin d\u2019adh\u00e9sion ci-joint \u00e0 nous faire parvenir par courrier, ou \u00e0 nous remettre lors de notre prochain concert.<\/p><p>Dans l\u2019attente, je vous souhaite, avec un peu d\u2019avance, de joyeuses P\u00e2ques. Et pourquoi ne pas en profiter pour \u00e9couter Rimsky Korsakov\u00a0?<\/p><p><a href=\"https:\/\/www.youtube.com\/watch?v=4ao6j0tuMeQ\">RIMSKY KORSAKOV &#8211; Ouverture La Grande P\u00e2que Russe &#8211; YouTube<\/a><\/p><p>A bient\u00f4t donc,<\/p>\t\t\t\t\t\t<\/div>\n\t\t\t\t<\/div>\n\t\t\t\t\t<\/div>\n\t\t<\/div>\n\t\t\t\t\t\t\t<\/div>\n\t\t<\/section>\n\t\t\t\t<section class=\"elementor-section elementor-top-section elementor-element elementor-element-4341d7f elementor-section-stretched elementor-section-boxed elementor-section-height-default elementor-section-height-default\" data-id=\"4341d7f\" data-element_type=\"section\" data-settings=\"{&quot;stretch_section&quot;:&quot;section-stretched&quot;}\">\n\t\t\t\t\t\t<div class=\"elementor-container elementor-column-gap-default\">\n\t\t\t\t\t<div class=\"elementor-column elementor-col-100 elementor-top-column elementor-element elementor-element-7039205\" data-id=\"7039205\" data-element_type=\"column\">\n\t\t\t<div class=\"elementor-widget-wrap elementor-element-populated\">\n\t\t\t\t\t\t\t\t<div class=\"elementor-element elementor-element-ab1c46a elementor-widget elementor-widget-heading\" data-id=\"ab1c46a\" data-element_type=\"widget\" data-widget_type=\"heading.default\">\n\t\t\t\t<div class=\"elementor-widget-container\">\n\t\t\t<h2 class=\"elementor-heading-title elementor-size-default\">Janvier 2025<\/h2>\t\t<\/div>\n\t\t\t\t<\/div>\n\t\t\t\t\t<\/div>\n\t\t<\/div>\n\t\t\t\t\t\t\t<\/div>\n\t\t<\/section>\n\t\t\t\t<section class=\"elementor-section elementor-top-section elementor-element elementor-element-9ed4a61 elementor-section-stretched elementor-section-boxed elementor-section-height-default elementor-section-height-default\" data-id=\"9ed4a61\" data-element_type=\"section\" data-settings=\"{&quot;stretch_section&quot;:&quot;section-stretched&quot;}\">\n\t\t\t\t\t\t<div class=\"elementor-container elementor-column-gap-default\">\n\t\t\t\t\t<div class=\"elementor-column elementor-col-100 elementor-top-column elementor-element elementor-element-77cf7ca\" data-id=\"77cf7ca\" data-element_type=\"column\">\n\t\t\t<div class=\"elementor-widget-wrap elementor-element-populated\">\n\t\t\t\t\t\t\t\t<div class=\"elementor-element elementor-element-d360887 elementor-widget elementor-widget-text-editor\" data-id=\"d360887\" data-element_type=\"widget\" data-widget_type=\"text-editor.default\">\n\t\t\t\t<div class=\"elementor-widget-container\">\n\t\t\t\t\t\t\t<p>Madame, Monsieur,<\/p><p>Nous sommes toujours en Janvier, il est encore temps que le secr\u00e9taire de l\u2019association Musica B\u00e9doin vous souhaite le meilleur pour 2025, avec ce qu\u2019il faut de joie et de lumi\u00e8re pour affronter un monde quelquefois difficile.<\/p><p>De mon c\u00f4t\u00e9, je suis heureux de vous faire savoir qu\u2019apr\u00e8s mes sollicitations, et ce en plein accord avec Veronica, un musicien de qualit\u00e9, bouillant d\u2019id\u00e9es, se propose d\u2019accompagner Musica B\u00e9doin dans son d\u00e9veloppement en en acceptant la pr\u00e9sidence. Il s\u2019agit d\u2019Eric Sombret, professeur au Conservatoire. Certains d\u2019entre vous le connaissent d\u00e9j\u00e0, qui ont appr\u00e9ci\u00e9 le quintette de cuivres en avril 2023, et l\u2019orchestre d\u2019harmonie des jeunes du conservatoire d\u2019Avignon sur la place du village.<\/p><p>En attendant, quoi de mieux que la musique pour faire le plein d\u2019\u00e9nergie\u00a0? Une fois n\u2019est pas coutume, je vous propose un peu de musique bien classique\u00a0:<\/p><p><a href=\"https:\/\/www.youtube.com\/watch?v=jthbRMNkZKY\">Mendelssohn 2nd piano concerto, 3rd mvt.<\/a><\/p><p>Voil\u00e0 de quoi recharger les batteries\u00a0!<\/p>\t\t\t\t\t\t<\/div>\n\t\t\t\t<\/div>\n\t\t\t\t\t<\/div>\n\t\t<\/div>\n\t\t\t\t\t\t\t<\/div>\n\t\t<\/section>\n\t\t\t\t<section class=\"elementor-section elementor-top-section elementor-element elementor-element-3170356 elementor-section-stretched elementor-section-boxed elementor-section-height-default elementor-section-height-default\" data-id=\"3170356\" data-element_type=\"section\" data-settings=\"{&quot;stretch_section&quot;:&quot;section-stretched&quot;}\">\n\t\t\t\t\t\t<div class=\"elementor-container elementor-column-gap-default\">\n\t\t\t\t\t<div class=\"elementor-column elementor-col-100 elementor-top-column elementor-element elementor-element-3bd3262\" data-id=\"3bd3262\" data-element_type=\"column\">\n\t\t\t<div class=\"elementor-widget-wrap elementor-element-populated\">\n\t\t\t\t\t\t\t\t<div class=\"elementor-element elementor-element-281cb90 elementor-widget elementor-widget-heading\" data-id=\"281cb90\" data-element_type=\"widget\" data-widget_type=\"heading.default\">\n\t\t\t\t<div class=\"elementor-widget-container\">\n\t\t\t<h2 class=\"elementor-heading-title elementor-size-default\">Septembre 2024<\/h2>\t\t<\/div>\n\t\t\t\t<\/div>\n\t\t\t\t\t<\/div>\n\t\t<\/div>\n\t\t\t\t\t\t\t<\/div>\n\t\t<\/section>\n\t\t\t\t<section class=\"elementor-section elementor-top-section elementor-element elementor-element-09112cf elementor-section-stretched elementor-section-boxed elementor-section-height-default elementor-section-height-default\" data-id=\"09112cf\" data-element_type=\"section\" data-settings=\"{&quot;stretch_section&quot;:&quot;section-stretched&quot;}\">\n\t\t\t\t\t\t<div class=\"elementor-container elementor-column-gap-default\">\n\t\t\t\t\t<div class=\"elementor-column elementor-col-100 elementor-top-column elementor-element elementor-element-0a57945\" data-id=\"0a57945\" data-element_type=\"column\">\n\t\t\t<div class=\"elementor-widget-wrap elementor-element-populated\">\n\t\t\t\t\t\t\t\t<div class=\"elementor-element elementor-element-65f3f51 elementor-widget elementor-widget-text-editor\" data-id=\"65f3f51\" data-element_type=\"widget\" data-widget_type=\"text-editor.default\">\n\t\t\t\t<div class=\"elementor-widget-container\">\n\t\t\t\t\t\t\t<p>Madame, Monsieur,<\/p><p>Aujourd\u2019hui c\u2019est l\u2019automne, la pluie et le brouillard ont effac\u00e9 l\u2019intense bleu de notre ciel de Provence.<\/p><p>Alors faisons avec l\u2019air du temps, voulez-vous\u00a0? Quoiqu\u2019on pense de l\u2019activit\u00e9, l\u2019automne est la p\u00e9riode de la chasse. Et celle-ci a inspir\u00e9 bien des compositeurs. A commencer par Weber dans le Freischutz. Je ne peux r\u00e9sister \u00e0 vous proposer le c\u00e9l\u00e9brissime ch\u0153ur des chasseurs tir\u00e9 de cet op\u00e9ra, consid\u00e9r\u00e9 comme le premier op\u00e9ra romantique.<\/p><p><a href=\"https:\/\/www.youtube.com\/watch?v=k-bMSqynqJ4\">J\u00e4gerchor | Hunters&#8217; Chorus &#8211; Der Freisch\u00fctz [w English subtitles] Male Voice Choir MVC Men&#8217;s Chorus (youtube.com)<\/a><\/p><p>Si vous aimez les belles voix, je relaye bien volontiers les annonces du Ch\u0153ur Europ\u00e9en\u00a0de Provence. Le Requiem de Mozart sera donn\u00e9 dans une transcription de Raymond Alessandrini pour 2 pianos et timbales, le dimanche 29 septembre \u00e0 18h \u00e0 la cath\u00e9drale de Vaison. Le verre de l\u2019amiti\u00e9 sera partag\u00e9 apr\u00e8s le concert.<\/p><p>Puis le dimanche 6 octobre \u00e0 18h , \u00e0 la Coll\u00e9giale ND des Anges de l\u2019Isle sur Sorgue, vous pourrez retrouver la Misatango de Palmeri qui a obtenu un franc succ\u00e8s en 2023.<\/p><p>Voil\u00e0 deux occasions de partager de beaux moments musicaux!<\/p><p>Musica Bedoin, de son cot\u00e9 terminera sa saison concertante avec le Trio S\u00e9raphin, le 12 octobre prochain, \u00e0 18h au centre culturel. La harpe accompagnera le violon et l\u2019alto dans un programme intitul\u00e9 \u00ab\u00a0airs d\u2019automne\u00a0\u00bb. A noter d\u2019ores et d\u00e9j\u00e0 sur vos agenda. Nous y reviendrons.<\/p><p>D\u2019ici l\u00e0, je vous souhaite une bonne rentr\u00e9e en musiques.<\/p>\t\t\t\t\t\t<\/div>\n\t\t\t\t<\/div>\n\t\t\t\t\t<\/div>\n\t\t<\/div>\n\t\t\t\t\t\t\t<\/div>\n\t\t<\/section>\n\t\t\t\t<section class=\"elementor-section elementor-top-section elementor-element elementor-element-93d839c elementor-section-stretched elementor-section-boxed elementor-section-height-default elementor-section-height-default\" data-id=\"93d839c\" data-element_type=\"section\" data-settings=\"{&quot;stretch_section&quot;:&quot;section-stretched&quot;}\">\n\t\t\t\t\t\t<div class=\"elementor-container elementor-column-gap-default\">\n\t\t\t\t\t<div class=\"elementor-column elementor-col-100 elementor-top-column elementor-element elementor-element-5b4567b\" data-id=\"5b4567b\" data-element_type=\"column\">\n\t\t\t<div class=\"elementor-widget-wrap elementor-element-populated\">\n\t\t\t\t\t\t\t\t<div class=\"elementor-element elementor-element-d8811c6 elementor-widget elementor-widget-heading\" data-id=\"d8811c6\" data-element_type=\"widget\" data-widget_type=\"heading.default\">\n\t\t\t\t<div class=\"elementor-widget-container\">\n\t\t\t<h2 class=\"elementor-heading-title elementor-size-default\">Mai 24<\/h2>\t\t<\/div>\n\t\t\t\t<\/div>\n\t\t\t\t\t<\/div>\n\t\t<\/div>\n\t\t\t\t\t\t\t<\/div>\n\t\t<\/section>\n\t\t\t\t<section class=\"elementor-section elementor-top-section elementor-element elementor-element-f591e98 elementor-section-stretched elementor-section-boxed elementor-section-height-default elementor-section-height-default\" data-id=\"f591e98\" data-element_type=\"section\" data-settings=\"{&quot;stretch_section&quot;:&quot;section-stretched&quot;}\">\n\t\t\t\t\t\t<div class=\"elementor-container elementor-column-gap-default\">\n\t\t\t\t\t<div class=\"elementor-column elementor-col-100 elementor-top-column elementor-element elementor-element-649351e\" data-id=\"649351e\" data-element_type=\"column\">\n\t\t\t<div class=\"elementor-widget-wrap elementor-element-populated\">\n\t\t\t\t\t\t\t\t<div class=\"elementor-element elementor-element-126f6be elementor-widget elementor-widget-text-editor\" data-id=\"126f6be\" data-element_type=\"widget\" data-widget_type=\"text-editor.default\">\n\t\t\t\t<div class=\"elementor-widget-container\">\n\t\t\t\t\t\t\t<p>Madame, Monsieur,<\/p><p>Nous sommes amen\u00e9s \u00e0 modifier la date de la soir\u00e9e des adh\u00e9rents, initialement pr\u00e9vue le 2 juillet.<\/p><p><strong><em>La soir\u00e9e aura lieu le dimanche 23 juin.<\/em><\/strong><\/p><p>Notez ce changement sur vos agenda\u00a0!<\/p><p>Nous reviendrons vers vous dans la semaine du 10 juin pour vous donner tous les d\u00e9tails de l\u2019organisation ainsi que le programme musical.<\/p><p>Ce sera, comme l\u2019ann\u00e9e derni\u00e8re, nous l\u2019esp\u00e9rons tous, un belle f\u00eate de tous les amoureux de la musique.<\/p>\t\t\t\t\t\t<\/div>\n\t\t\t\t<\/div>\n\t\t\t\t\t<\/div>\n\t\t<\/div>\n\t\t\t\t\t\t\t<\/div>\n\t\t<\/section>\n\t\t\t\t<section class=\"elementor-section elementor-top-section elementor-element elementor-element-e4ed15f elementor-section-stretched elementor-section-boxed elementor-section-height-default elementor-section-height-default\" data-id=\"e4ed15f\" data-element_type=\"section\" data-settings=\"{&quot;stretch_section&quot;:&quot;section-stretched&quot;}\">\n\t\t\t\t\t\t<div class=\"elementor-container elementor-column-gap-default\">\n\t\t\t\t\t<div class=\"elementor-column elementor-col-100 elementor-top-column elementor-element elementor-element-8db14f5\" data-id=\"8db14f5\" data-element_type=\"column\">\n\t\t\t<div class=\"elementor-widget-wrap elementor-element-populated\">\n\t\t\t\t\t\t\t\t<div class=\"elementor-element elementor-element-9ccfa5f elementor-widget elementor-widget-heading\" data-id=\"9ccfa5f\" data-element_type=\"widget\" data-widget_type=\"heading.default\">\n\t\t\t\t<div class=\"elementor-widget-container\">\n\t\t\t<h2 class=\"elementor-heading-title elementor-size-default\">Avril 24<\/h2>\t\t<\/div>\n\t\t\t\t<\/div>\n\t\t\t\t\t<\/div>\n\t\t<\/div>\n\t\t\t\t\t\t\t<\/div>\n\t\t<\/section>\n\t\t\t\t<section class=\"elementor-section elementor-top-section elementor-element elementor-element-a915df9 elementor-section-stretched elementor-section-boxed elementor-section-height-default elementor-section-height-default\" data-id=\"a915df9\" data-element_type=\"section\" data-settings=\"{&quot;stretch_section&quot;:&quot;section-stretched&quot;}\">\n\t\t\t\t\t\t<div class=\"elementor-container elementor-column-gap-default\">\n\t\t\t\t\t<div class=\"elementor-column elementor-col-100 elementor-top-column elementor-element elementor-element-f0ce9ec\" data-id=\"f0ce9ec\" data-element_type=\"column\">\n\t\t\t<div class=\"elementor-widget-wrap elementor-element-populated\">\n\t\t\t\t\t\t\t\t<div class=\"elementor-element elementor-element-8700468 elementor-widget elementor-widget-text-editor\" data-id=\"8700468\" data-element_type=\"widget\" data-widget_type=\"text-editor.default\">\n\t\t\t\t<div class=\"elementor-widget-container\">\n\t\t\t\t\t\t\t<p>Madame, Monsieur,<\/p><p>Pour son troisi\u00e8me concert de l\u2019ann\u00e9e, l\u2019association Musica B\u00e9doin est tr\u00e8s heureuse d\u2019accueillir le duo Pigaglio. Avec un enthousiasme communicatif, les s\u0153urs Pigaglio ont l&#8217;art de d\u00e9poussi\u00e9rer la musique classique. Originaires de Provence, Blandine (harpe) et Chlo\u00e9 (fl\u00fbte) obtiennent toutes deux leur m\u00e9daille d\u2019Or au Conservatoire d\u2019Avignon \u00e0 l\u2019\u00e2ge de 15 ans. Intitul\u00e9 \u00ab\u00a0T<em>out en nuances<\/em>\u00a0\u00bb, leur programme po\u00e9tique r\u00e9serve bien des surprises. Qu\u2019on en juge, \u00e9clectique et brillant, il abordera l\u2019op\u00e9ra, la musique fran\u00e7aise, le jazz, le tango, et m\u00eame le flamenco !<\/p><p>Pour d\u00e9couvrir les artistes, je vous propose ceci : <a href=\"https:\/\/www.youtube.com\/watch?v=A0JCMtXXCII\">Concert Fleurs du Printemps (youtube.com)<\/a><\/p><p>R\u00e9servations en retour de ce mail, ou par t\u00e9l\u00e9phone (06 80 14 08 37).<\/p><p>Au plaisir de vous voir nombreux le 27 avril, un samedi, \u00e0 18h, dans l\u2019auditorium du Centre Culturel. Prix des places\u00a0: 16\u20ac et 11\u20ac pour les adh\u00e9rents.<\/p>\t\t\t\t\t\t<\/div>\n\t\t\t\t<\/div>\n\t\t\t\t\t<\/div>\n\t\t<\/div>\n\t\t\t\t\t\t\t<\/div>\n\t\t<\/section>\n\t\t\t\t<section class=\"elementor-section elementor-top-section elementor-element elementor-element-a46c008 elementor-section-stretched elementor-section-boxed elementor-section-height-default elementor-section-height-default\" data-id=\"a46c008\" data-element_type=\"section\" data-settings=\"{&quot;stretch_section&quot;:&quot;section-stretched&quot;}\">\n\t\t\t\t\t\t<div class=\"elementor-container elementor-column-gap-default\">\n\t\t\t\t\t<div class=\"elementor-column elementor-col-100 elementor-top-column elementor-element elementor-element-ac17c61\" data-id=\"ac17c61\" data-element_type=\"column\">\n\t\t\t<div class=\"elementor-widget-wrap elementor-element-populated\">\n\t\t\t\t\t\t\t\t<div class=\"elementor-element elementor-element-87dd503 elementor-widget elementor-widget-heading\" data-id=\"87dd503\" data-element_type=\"widget\" data-widget_type=\"heading.default\">\n\t\t\t\t<div class=\"elementor-widget-container\">\n\t\t\t<h2 class=\"elementor-heading-title elementor-size-default\">F\u00e9vrier 24<\/h2>\t\t<\/div>\n\t\t\t\t<\/div>\n\t\t\t\t\t<\/div>\n\t\t<\/div>\n\t\t\t\t\t\t\t<\/div>\n\t\t<\/section>\n\t\t\t\t<section class=\"elementor-section elementor-top-section elementor-element elementor-element-b704e27 elementor-section-stretched elementor-section-boxed elementor-section-height-default elementor-section-height-default\" data-id=\"b704e27\" data-element_type=\"section\" data-settings=\"{&quot;stretch_section&quot;:&quot;section-stretched&quot;}\">\n\t\t\t\t\t\t<div class=\"elementor-container elementor-column-gap-default\">\n\t\t\t\t\t<div class=\"elementor-column elementor-col-100 elementor-top-column elementor-element elementor-element-b210ab0\" data-id=\"b210ab0\" data-element_type=\"column\">\n\t\t\t<div class=\"elementor-widget-wrap elementor-element-populated\">\n\t\t\t\t\t\t\t\t<div class=\"elementor-element elementor-element-ead7ab2 elementor-widget elementor-widget-text-editor\" data-id=\"ead7ab2\" data-element_type=\"widget\" data-widget_type=\"text-editor.default\">\n\t\t\t\t<div class=\"elementor-widget-container\">\n\t\t\t\t\t\t\t<p>Madame, Monsieur,<\/p><p>L\u2019\u00e9quipe de Musica B\u00e9doin est heureuse de vous convier au premier concert de l\u2019ann\u00e9e. Il aura lieu le samedi 24 f\u00e9vrier, \u00e0 17h, dans l\u2019auditorium du Centre Culturel.<\/p><p>Emilie Hannart, violoncelliste (is\u00e9roise) et C\u00e9cile Leroy, flutiste (savoyarde) nous proposeront une sonate de Bach pour traverso (l\u2019ancienne fl\u00fbte traversi\u00e8re, en bois), puis des pi\u00e8ces de De Falla et Villa Lobos pour violoncelle et flute traversi\u00e8re. Elles nous feront \u00e9galement d\u00e9couvrir les pi\u00e8ces de Laurence Ridoux, qui compose depuis plus d\u2019une quinzaine d\u2019ann\u00e9es des \u0153uvres pour piano, musique de chambre et orchestre. Native du lac d\u2019Annecy, la nature a une forte pr\u00e9sence dans son \u0153uvre et l\u2019univers est pour elle une grande source d\u2019inspiration.<\/p><p>La fl\u00fbte sera pr\u00e9sente trois fois cette ann\u00e9e, dans des configurations diverses. Vous avez s\u00fbrement \u00e9t\u00e9 sensibles \u00e0 la virtuosit\u00e9 de la petite Alicia, dans l\u2019\u00e9dition 2023 de l\u2019\u00e9mission \u00ab\u00a0Prodiges\u00a0\u00bb. Femmes, interpr\u00e8tes, compositrices seront \u00e0 l\u2019honneur cette ann\u00e9e. Et voici pour se mettre dans le bain, le c\u00e9l\u00e9brissime concertino de C\u00e9cile Chaminade\u00a0: <a href=\"https:\/\/www.youtube.com\/watch?v=JQDTVDmbEpA\">Chaminade: Concertino for Flute &#8211; Hayley Miller (flute), Benjamin Zander (conductor) (youtube.com)<\/a><\/p><p>Je vous rappelle que vous \u00eates convi\u00e9s \u00e0 notre assembl\u00e9e g\u00e9n\u00e9rale qui se tiendra \u00e0 15h30, avant le concert, dans la salle du conte lu. Vous en avez re\u00e7u d\u2019ailleurs, dans un mail pr\u00e9c\u00e9dent, l\u2019ordre du jour accompagn\u00e9 des documents n\u00e9cessaires (bulletin d\u2019adh\u00e9sion et pouvoir).<\/p><p>Si notre association agit pour votre plaisir musical, elle ne vivrait pas sans vous. Aussi nous esp\u00e9rons vous tr\u00e8s nombreux.<\/p><p>A bient\u00f4t le plaisir de nous retrouver pour partager harmonies, m\u00e9lodies et sonorit\u00e9s instrumentales, avec des artistes passionn\u00e9s, chaleureux.<\/p>\t\t\t\t\t\t<\/div>\n\t\t\t\t<\/div>\n\t\t\t\t\t<\/div>\n\t\t<\/div>\n\t\t\t\t\t\t\t<\/div>\n\t\t<\/section>\n\t\t\t\t<section class=\"elementor-section elementor-top-section elementor-element elementor-element-200e92a elementor-section-stretched elementor-section-boxed elementor-section-height-default elementor-section-height-default\" data-id=\"200e92a\" data-element_type=\"section\" data-settings=\"{&quot;stretch_section&quot;:&quot;section-stretched&quot;}\">\n\t\t\t\t\t\t<div class=\"elementor-container elementor-column-gap-default\">\n\t\t\t\t\t<div class=\"elementor-column elementor-col-100 elementor-top-column elementor-element elementor-element-a46d655\" data-id=\"a46d655\" data-element_type=\"column\">\n\t\t\t<div class=\"elementor-widget-wrap elementor-element-populated\">\n\t\t\t\t\t\t\t\t<div class=\"elementor-element elementor-element-7d3ee2b elementor-widget elementor-widget-heading\" data-id=\"7d3ee2b\" data-element_type=\"widget\" data-widget_type=\"heading.default\">\n\t\t\t\t<div class=\"elementor-widget-container\">\n\t\t\t<h2 class=\"elementor-heading-title elementor-size-default\">Octobre 23<\/h2>\t\t<\/div>\n\t\t\t\t<\/div>\n\t\t\t\t\t<\/div>\n\t\t<\/div>\n\t\t\t\t\t\t\t<\/div>\n\t\t<\/section>\n\t\t\t\t<section class=\"elementor-section elementor-top-section elementor-element elementor-element-07bd7a7 elementor-section-stretched elementor-section-boxed elementor-section-height-default elementor-section-height-default\" data-id=\"07bd7a7\" data-element_type=\"section\" data-settings=\"{&quot;stretch_section&quot;:&quot;section-stretched&quot;}\">\n\t\t\t\t\t\t<div class=\"elementor-container elementor-column-gap-default\">\n\t\t\t\t\t<div class=\"elementor-column elementor-col-50 elementor-top-column elementor-element elementor-element-6ae382f\" data-id=\"6ae382f\" data-element_type=\"column\">\n\t\t\t<div class=\"elementor-widget-wrap elementor-element-populated\">\n\t\t\t\t\t\t\t\t<div class=\"elementor-element elementor-element-061269e elementor-widget elementor-widget-image\" data-id=\"061269e\" data-element_type=\"widget\" data-widget_type=\"image.default\">\n\t\t\t\t<div class=\"elementor-widget-container\">\n\t\t\t\t\t\t\t\t\t\t\t\t\t\t\t<img loading=\"lazy\" decoding=\"async\" width=\"683\" height=\"1024\" src=\"https:\/\/www.musicabedoin.org\/wp-content\/uploads\/2023\/10\/Trio-Ens.-Agap.22-683x1024.jpg\" class=\"attachment-large size-large wp-image-572\" alt=\"\" srcset=\"https:\/\/www.musicabedoin.org\/wp-content\/uploads\/2023\/10\/Trio-Ens.-Agap.22-683x1024.jpg 683w, https:\/\/www.musicabedoin.org\/wp-content\/uploads\/2023\/10\/Trio-Ens.-Agap.22-200x300.jpg 200w, https:\/\/www.musicabedoin.org\/wp-content\/uploads\/2023\/10\/Trio-Ens.-Agap.22-768x1152.jpg 768w, https:\/\/www.musicabedoin.org\/wp-content\/uploads\/2023\/10\/Trio-Ens.-Agap.22-1024x1536.jpg 1024w, https:\/\/www.musicabedoin.org\/wp-content\/uploads\/2023\/10\/Trio-Ens.-Agap.22.jpg 1170w\" sizes=\"auto, (max-width: 683px) 100vw, 683px\" \/>\t\t\t\t\t\t\t\t\t\t\t\t\t\t\t<\/div>\n\t\t\t\t<\/div>\n\t\t\t\t\t<\/div>\n\t\t<\/div>\n\t\t\t\t<div class=\"elementor-column elementor-col-50 elementor-top-column elementor-element elementor-element-3e8e335\" data-id=\"3e8e335\" data-element_type=\"column\">\n\t\t\t<div class=\"elementor-widget-wrap elementor-element-populated\">\n\t\t\t\t\t\t\t\t<div class=\"elementor-element elementor-element-d18deb0 elementor-widget elementor-widget-text-editor\" data-id=\"d18deb0\" data-element_type=\"widget\" data-widget_type=\"text-editor.default\">\n\t\t\t\t<div class=\"elementor-widget-container\">\n\t\t\t\t\t\t\t<p>Madame, Monsieur,<\/p><p>\u00a0<\/p><p>La programmation 2023 de Musica B\u00e9doin s\u2019ach\u00e8vera le 10 novembre prochain, \u00e0 17h30 \u00e0 la chapelle de Nazareth.<\/p><p>\u00a0<\/p><p>Le trio Agap\u00e9 revient \u00e0 B\u00e9doin, nous les connaissons bien, ils savent nous ravir \u00e0 chacun de leurs concerts.<\/p><p>\u00a0<\/p><p>Avis aux amateurs avec un programme 100% hyper classique. Qu\u2019on en juge\u00a0: Mozart et Boccherini sont \u00e0 l\u2019affiche.<\/p><p>\u00a0<\/p><p>Pour ceux qui ont aim\u00e9 Martinu lors de la conf\u00e9rence \u00ab\u00a0A la d\u00e9couverte de\u00a0\u00bb, voici un exemple de musique de chambre qui faute de temps n\u2019a pas pu \u00eatre propos\u00e9. Et pour ceux qui ne le connaissent pas, c\u2019est un moyen d\u2019approcher le compositeur.<\/p><ol><li><a href=\"https:\/\/www.youtube.com\/watch?v=QAuhg1jR4LE\"> Martinu &#8211; Sonatina for Clarinet and Piano, Dong Hyun Jo,(\uc870\ub3d9\ud604) &#8211; YouTube<\/a><\/li><\/ol>\t\t\t\t\t\t<\/div>\n\t\t\t\t<\/div>\n\t\t\t\t\t<\/div>\n\t\t<\/div>\n\t\t\t\t\t\t\t<\/div>\n\t\t<\/section>\n\t\t\t\t<section class=\"elementor-section elementor-top-section elementor-element elementor-element-2414934 elementor-section-stretched elementor-section-boxed elementor-section-height-default elementor-section-height-default\" data-id=\"2414934\" data-element_type=\"section\" data-settings=\"{&quot;stretch_section&quot;:&quot;section-stretched&quot;}\">\n\t\t\t\t\t\t<div class=\"elementor-container elementor-column-gap-default\">\n\t\t\t\t\t<div class=\"elementor-column elementor-col-100 elementor-top-column elementor-element elementor-element-76792da\" data-id=\"76792da\" data-element_type=\"column\">\n\t\t\t<div class=\"elementor-widget-wrap elementor-element-populated\">\n\t\t\t\t\t\t\t\t<div class=\"elementor-element elementor-element-703f65a elementor-widget elementor-widget-heading\" data-id=\"703f65a\" data-element_type=\"widget\" data-widget_type=\"heading.default\">\n\t\t\t\t<div class=\"elementor-widget-container\">\n\t\t\t<h2 class=\"elementor-heading-title elementor-size-default\">Septembre 2023<\/h2>\t\t<\/div>\n\t\t\t\t<\/div>\n\t\t\t\t\t<\/div>\n\t\t<\/div>\n\t\t\t\t\t\t\t<\/div>\n\t\t<\/section>\n\t\t\t\t<section class=\"elementor-section elementor-top-section elementor-element elementor-element-d06d193 elementor-section-stretched elementor-section-boxed elementor-section-height-default elementor-section-height-default\" data-id=\"d06d193\" data-element_type=\"section\" data-settings=\"{&quot;stretch_section&quot;:&quot;section-stretched&quot;}\">\n\t\t\t\t\t\t<div class=\"elementor-container elementor-column-gap-default\">\n\t\t\t\t\t<div class=\"elementor-column elementor-col-50 elementor-top-column elementor-element elementor-element-1b81003\" data-id=\"1b81003\" data-element_type=\"column\">\n\t\t\t<div class=\"elementor-widget-wrap elementor-element-populated\">\n\t\t\t\t\t\t\t\t<div class=\"elementor-element elementor-element-6eb4c77 elementor-widget elementor-widget-image\" data-id=\"6eb4c77\" data-element_type=\"widget\" data-widget_type=\"image.default\">\n\t\t\t\t<div class=\"elementor-widget-container\">\n\t\t\t\t\t\t\t\t\t\t\t\t\t\t\t<img loading=\"lazy\" decoding=\"async\" width=\"474\" height=\"314\" src=\"https:\/\/www.musicabedoin.org\/wp-content\/uploads\/2023\/10\/23-09-24-automne.jpg\" class=\"attachment-large size-large wp-image-585\" alt=\"\" srcset=\"https:\/\/www.musicabedoin.org\/wp-content\/uploads\/2023\/10\/23-09-24-automne.jpg 474w, https:\/\/www.musicabedoin.org\/wp-content\/uploads\/2023\/10\/23-09-24-automne-300x199.jpg 300w\" sizes=\"auto, (max-width: 474px) 100vw, 474px\" \/>\t\t\t\t\t\t\t\t\t\t\t\t\t\t\t<\/div>\n\t\t\t\t<\/div>\n\t\t\t\t\t<\/div>\n\t\t<\/div>\n\t\t\t\t<div class=\"elementor-column elementor-col-50 elementor-top-column elementor-element elementor-element-023f150\" data-id=\"023f150\" data-element_type=\"column\">\n\t\t\t<div class=\"elementor-widget-wrap elementor-element-populated\">\n\t\t\t\t\t\t\t\t<div class=\"elementor-element elementor-element-da04cd7 elementor-widget elementor-widget-text-editor\" data-id=\"da04cd7\" data-element_type=\"widget\" data-widget_type=\"text-editor.default\">\n\t\t\t\t<div class=\"elementor-widget-container\">\n\t\t\t\t\t\t\t<p>Madame, Monsieur,<\/p><p>Voil\u00e0 pass\u00e9 le temps de l\u2019\u00e9quinoxe, l\u2019automne arrive, comme l\u2019a si bien chant\u00e9 Barbara (eh oui le classique que je suis aime Barbara)\u00a0:<\/p><p><a href=\"https:\/\/www.youtube.com\/watch?v=r2S-M0OL4M0\">Barbara &#8211; Septembre (Audio Officiel) &#8211; YouTube<\/a><\/p><p>Les nuits grandissent, oublions leurs cauchemars, et transformons l\u00e0 avec un jeune Schoenberg, pas encore \u00e9gar\u00e9 dans la glace s\u00e9rielle\u00a0:<\/p><p><a href=\"https:\/\/www.youtube.com\/watch?v=NA50DcC34G4\">Arnold Schoenberg : &#8220;La Nuit transfigur\u00e9e&#8221; I le Live de la matinale &#8211; YouTube<\/a><\/p><p>Et puis, nos activit\u00e9s ne s\u2019arr\u00eatent pas au grand concert Ellipsos qui a ravi le public le 1<sup>er<\/sup> septembre dernier.<\/p><p>Le 14 octobre, \u00e0 17h, dans l\u2019auditorium du centre culturel, j\u2019aurai le plaisir de vous faire d\u00e9couvrir un musicien peu connu en France, Bohuslav Martinu. Petite et grande histoire, images et musique seront au programme.<\/p><p>Et le vendredi 10 novembre, \u00a0\u00e0 la chapelle de Nazareth, nous f\u00eaterons le retour du grand classique avec le trio Agap\u00e8, dans un programme Mozart et Boccherini.<\/p><p>Au plaisir de vous voir prochainement, l\u2019automne peut avoir de belles couleurs\u00a0!<\/p><p>Votre d\u00e9vou\u00e9,<\/p><p>Pierre Paul JOBERT<\/p><p>Secr\u00e9taire de l\u2019Association Musica B\u00e9doin<\/p>\t\t\t\t\t\t<\/div>\n\t\t\t\t<\/div>\n\t\t\t\t\t<\/div>\n\t\t<\/div>\n\t\t\t\t\t\t\t<\/div>\n\t\t<\/section>\n\t\t\t\t<section class=\"elementor-section elementor-top-section elementor-element elementor-element-e529841 elementor-section-stretched elementor-section-boxed elementor-section-height-default elementor-section-height-default\" data-id=\"e529841\" data-element_type=\"section\" data-settings=\"{&quot;stretch_section&quot;:&quot;section-stretched&quot;}\">\n\t\t\t\t\t\t<div class=\"elementor-container elementor-column-gap-default\">\n\t\t\t\t\t<div class=\"elementor-column elementor-col-100 elementor-top-column elementor-element elementor-element-4caec0a\" data-id=\"4caec0a\" data-element_type=\"column\">\n\t\t\t<div class=\"elementor-widget-wrap elementor-element-populated\">\n\t\t\t\t\t\t\t\t<div class=\"elementor-element elementor-element-d6674e7 elementor-widget elementor-widget-heading\" data-id=\"d6674e7\" data-element_type=\"widget\" data-widget_type=\"heading.default\">\n\t\t\t\t<div class=\"elementor-widget-container\">\n\t\t\t<h2 class=\"elementor-heading-title elementor-size-default\">Juillet 2023<\/h2>\t\t<\/div>\n\t\t\t\t<\/div>\n\t\t\t\t\t<\/div>\n\t\t<\/div>\n\t\t\t\t\t\t\t<\/div>\n\t\t<\/section>\n\t\t\t\t<section class=\"elementor-section elementor-top-section elementor-element elementor-element-084e8f3 elementor-section-stretched elementor-section-boxed elementor-section-height-default elementor-section-height-default\" data-id=\"084e8f3\" data-element_type=\"section\" data-settings=\"{&quot;stretch_section&quot;:&quot;section-stretched&quot;}\">\n\t\t\t\t\t\t<div class=\"elementor-container elementor-column-gap-default\">\n\t\t\t\t\t<div class=\"elementor-column elementor-col-100 elementor-top-column elementor-element elementor-element-07da689\" data-id=\"07da689\" data-element_type=\"column\">\n\t\t\t<div class=\"elementor-widget-wrap elementor-element-populated\">\n\t\t\t\t\t\t\t\t<div class=\"elementor-element elementor-element-bbf4b9c elementor-widget elementor-widget-text-editor\" data-id=\"bbf4b9c\" data-element_type=\"widget\" data-widget_type=\"text-editor.default\">\n\t\t\t\t<div class=\"elementor-widget-container\">\n\t\t\t\t\t\t\t<p>Madame, Monsieur,<\/p><p>Aujourd\u2019hui 14 juillet, f\u00eate nationale, tradition des feux d\u2019artifice. Musica Bedoin y est fid\u00e8le, \u00e0 sa fa\u00e7on\u00a0:<\/p><p><a href=\"https:\/\/www.youtube.com\/watch?v=5_0rppQe30Q\">Debussy : Feu d&#8217;artifice, par Jean-Efflam Bavouzet &#8211; YouTube<\/a><\/p><p>Nul doute que la soir\u00e9e du 1<sup>er<\/sup> septembre sera un feu d\u2019artifice musical. Nous recevrons le Quatuor Ellipsos, quatre saxophonistes de renomm\u00e9e mondiale, invit\u00e9s vedettes des Victoires de la Musique Classique, vus \u00e0 la t\u00e9l\u00e9vision. Croisons les doigts pour que cette ann\u00e9e notre concert \u00e9v\u00e8nement puisse avoir lieu en ext\u00e9rieur. Le programme intitul\u00e9 France Am\u00e9riques nous fera \u00e9couter Ravel, d\u00e9couvrir Fernande Decruck, compositrice fran\u00e7aise ayant beaucoup \u00e9crit pour le saxophone, puis traverser l\u2019atlantique pour vibrer au son des m\u00e9lodies de Gershwin, et swinguer avec Bernstein.<\/p><p>Nous aurons l\u2019occasion d\u2019y revenir. Mais d\u2019ores et d\u00e9j\u00e0, cochez la date sur votre calendrier. Mieux encore\u00a0: r\u00e9servez vos places aupr\u00e8s de Denis Fort (06 05 06 82 85 ou <a href=\"mailto:denisfort@yahoo.fr\">denisfort@yahoo.fr<\/a>). Et parlez-en autour de vous.<\/p><p>L\u2019objectif est simple\u00a0: faire de ce concert une r\u00e9ussite totale, avec une assistance plus que nombreuse. Nous comptons sur vous.<\/p><p>En attendant, je vous souhaite un beau mois de juillet.<\/p><p>Votre d\u00e9vou\u00e9,<\/p><p>Pierre Paul JOBERT<\/p><p>Secr\u00e9taire de l\u2019Association Musica Bedoin.<\/p><p>\u00a0<\/p>\t\t\t\t\t\t<\/div>\n\t\t\t\t<\/div>\n\t\t\t\t\t<\/div>\n\t\t<\/div>\n\t\t\t\t\t\t\t<\/div>\n\t\t<\/section>\n\t\t\t\t<section class=\"elementor-section elementor-top-section elementor-element elementor-element-3c00a4f elementor-section-stretched elementor-section-boxed elementor-section-height-default elementor-section-height-default\" data-id=\"3c00a4f\" data-element_type=\"section\" data-settings=\"{&quot;stretch_section&quot;:&quot;section-stretched&quot;}\">\n\t\t\t\t\t\t<div class=\"elementor-container elementor-column-gap-default\">\n\t\t\t\t\t<div class=\"elementor-column elementor-col-100 elementor-top-column elementor-element elementor-element-451feb4\" data-id=\"451feb4\" data-element_type=\"column\">\n\t\t\t<div class=\"elementor-widget-wrap elementor-element-populated\">\n\t\t\t\t\t\t\t\t<div class=\"elementor-element elementor-element-2310d29 elementor-widget elementor-widget-heading\" data-id=\"2310d29\" data-element_type=\"widget\" data-widget_type=\"heading.default\">\n\t\t\t\t<div class=\"elementor-widget-container\">\n\t\t\t<h2 class=\"elementor-heading-title elementor-size-default\">Mai 2023<\/h2>\t\t<\/div>\n\t\t\t\t<\/div>\n\t\t\t\t\t<\/div>\n\t\t<\/div>\n\t\t\t\t\t\t\t<\/div>\n\t\t<\/section>\n\t\t\t\t<section class=\"elementor-section elementor-top-section elementor-element elementor-element-45c8009 elementor-section-stretched elementor-section-boxed elementor-section-height-default elementor-section-height-default\" data-id=\"45c8009\" data-element_type=\"section\" data-settings=\"{&quot;stretch_section&quot;:&quot;section-stretched&quot;}\">\n\t\t\t\t\t\t<div class=\"elementor-container elementor-column-gap-default\">\n\t\t\t\t\t<div class=\"elementor-column elementor-col-100 elementor-top-column elementor-element elementor-element-9da51b3\" data-id=\"9da51b3\" data-element_type=\"column\">\n\t\t\t<div class=\"elementor-widget-wrap elementor-element-populated\">\n\t\t\t\t\t\t\t\t<div class=\"elementor-element elementor-element-08fbd65 elementor-widget elementor-widget-text-editor\" data-id=\"08fbd65\" data-element_type=\"widget\" data-widget_type=\"text-editor.default\">\n\t\t\t\t<div class=\"elementor-widget-container\">\n\t\t\t\t\t\t\t<p>Madame, Monsieur,<\/p><p>On ne sait si le printemps perdure ou se fatigue d\u00e9j\u00e0\u00a0, si l\u2019\u00e9t\u00e9 pointe son nez ou s\u2019efface devant le vent du nord, mais le temps passe\u2026<\/p><p>Apr\u00e8s le concert du 15 avril, qui a eu un joli succ\u00e8s, pour un programme \u00e9clectique, et une formation in\u00e9dite, Musica B\u00e9doin pr\u00e9pare la suite. Qu\u2019on en juge\u00a0:<\/p><ul><li>Dimanche 11 juin, 18h30 \u00e0 la Grange Piquet, un concert \u00e0 quatre mains, avec des \u0153uvres de Bizet (jeux d\u2019enfants), Faur\u00e9 (Dolly) et Rachmaninov (6 pi\u00e8ces op 11), accessible aux conditions habituelles (15\u20ac, 10\u20ac pour les adh\u00e9rents)<\/li><li>Mardi 4 Juillet, sur la place de la R\u00e9publique, \u00e0 18h30, concert de l\u2019orchestre d\u2019harmonie des \u00e9l\u00e8ves du Conservatoire d\u2019Avignon (45 instrumentistes), gratuit, organis\u00e9 en collaboration avec la ville de B\u00e9doin.<\/li><li>Vendredi 1<sup>er<\/sup> septembre, sur le parvis du Centre Culturel, \u00e0 19h, concert de l\u2019ensemble Ellipsos, Victoire de la Musique, quatre saxophonistes de grand talent, dans un programme intitul\u00e9 \u00ab\u00a0Franc\u2019Am\u00e9riques\u00a0\u00bb, organis\u00e9 en partenariat avec le service culturel de la ville de B\u00e9doin.<\/li><\/ul><p>Notez toutes ces dates dans vos agenda, il est tr\u00e8s important que vous soyez pr\u00e9sents, sympathisants et adh\u00e9rents, pour continuer \u00e0 d\u00e9montrer la vitalit\u00e9 de notre Association.<\/p><p>Comme un bonheur ne vient jamais seul, je souhaite partager avec vous une pi\u00e8ce d\u2019Ernest Chausson, intitul\u00e9e Po\u00e8me, pour violon et orchestre. Compositeur injustement d\u00e9laiss\u00e9, il offre l\u00e0 une suite d\u2019impressions musicales qui ne peuvent laisser indiff\u00e9rent (tout comme le charme de la violoniste\u00a0!).<\/p><p><a href=\"https:\/\/www.youtube.com\/watch?v=0SCbCm1LHB0\">Chausson &#8211; Po\u00e8me pour violon et orchestre op.25 (Mikko Franck \/ Anna Tifu) &#8211; YouTube<\/a><\/p><p>Je vous souhaite une bonne d\u00e9couverte.<\/p><p>En attendant de vous revoir avec plaisir lors de nos prochaines manifestations, je vous souhaite le plus d\u00e9licieux des mois de Mai.<\/p><p>Votre d\u00e9vou\u00e9,<\/p><p>Pierre Paul JOBERT<\/p><p>Secr\u00e9taire de l\u2019Association Musica B\u00e9doin<\/p><p>\u00a0<\/p>\t\t\t\t\t\t<\/div>\n\t\t\t\t<\/div>\n\t\t\t\t\t<\/div>\n\t\t<\/div>\n\t\t\t\t\t\t\t<\/div>\n\t\t<\/section>\n\t\t\t\t<section class=\"elementor-section elementor-top-section elementor-element elementor-element-c615a6f elementor-section-stretched elementor-section-boxed elementor-section-height-default elementor-section-height-default\" data-id=\"c615a6f\" data-element_type=\"section\" data-settings=\"{&quot;stretch_section&quot;:&quot;section-stretched&quot;}\">\n\t\t\t\t\t\t<div class=\"elementor-container elementor-column-gap-default\">\n\t\t\t\t\t<div class=\"elementor-column elementor-col-100 elementor-top-column elementor-element elementor-element-1550eab\" data-id=\"1550eab\" data-element_type=\"column\">\n\t\t\t<div class=\"elementor-widget-wrap elementor-element-populated\">\n\t\t\t\t\t\t\t\t<div class=\"elementor-element elementor-element-763073e elementor-widget elementor-widget-text-editor\" data-id=\"763073e\" data-element_type=\"widget\" data-widget_type=\"text-editor.default\">\n\t\t\t\t<div class=\"elementor-widget-container\">\n\t\t\t\t\t\t\t<p><strong>Mars 2023<\/strong><\/p>\t\t\t\t\t\t<\/div>\n\t\t\t\t<\/div>\n\t\t\t\t\t<\/div>\n\t\t<\/div>\n\t\t\t\t\t\t\t<\/div>\n\t\t<\/section>\n\t\t\t\t<section class=\"elementor-section elementor-top-section elementor-element elementor-element-c8fd2ab elementor-section-stretched elementor-section-boxed elementor-section-height-default elementor-section-height-default\" data-id=\"c8fd2ab\" data-element_type=\"section\" data-settings=\"{&quot;stretch_section&quot;:&quot;section-stretched&quot;}\">\n\t\t\t\t\t\t<div class=\"elementor-container elementor-column-gap-default\">\n\t\t\t\t\t<div class=\"elementor-column elementor-col-100 elementor-top-column elementor-element elementor-element-af769de\" data-id=\"af769de\" data-element_type=\"column\">\n\t\t\t<div class=\"elementor-widget-wrap elementor-element-populated\">\n\t\t\t\t\t\t\t\t<div class=\"elementor-element elementor-element-31eb02c elementor-widget elementor-widget-text-editor\" data-id=\"31eb02c\" data-element_type=\"widget\" data-widget_type=\"text-editor.default\">\n\t\t\t\t<div class=\"elementor-widget-container\">\n\t\t\t\t\t\t\t<p>Madame, Monsieur,<\/p><p>Ca y est, la saison est lanc\u00e9e\u00a0!<\/p><p>Merci \u00e0 toutes et \u00e0 tous pour votre soutien actif. Vous trouverez ci-joint le compte rendu de notre assembl\u00e9e g\u00e9n\u00e9rale du 18 f\u00e9vrier 2023.<\/p><p>Hier, 5 mars, anniversaire de la mort de Serge Prokofiev, il y a exactement 70 ans, mort pass\u00e9e inaper\u00e7ue Staline mourut le m\u00eame jour\u00a0!<\/p><p>La musique du grand Serge, comme il me pla\u00eet \u00e0 l\u2019appeler, a \u00e9t\u00e9 la r\u00e9v\u00e9lation de ma jeunesse. Son \u00e9nergie, sa fa\u00e7on de bouleverser les codes \u00e9triqu\u00e9s d\u2019un classicisme racorni que j\u2019avais ingurgit\u00e9 pendant mes \u00e9tudes au conservatoire, son lyrisme, sa libert\u00e9 de ton, m\u2019avaient alors subjugu\u00e9, et je n\u2019ai pas cess\u00e9 depuis lors l\u2019aimer ses \u0153uvres. Promis, un jour je vous en parlerai plus longuement, dans une conf\u00e9rence de fin de saison. Lors de ma derni\u00e8re causerie, certains d\u2019entre vous ont retrouv\u00e9 avec joie Marta Argerich dans le troisi\u00e8me concerto de Bela Bartok. D\u2019autres ont d\u00e9couvert alors cette extraordinaire pianiste dont je suis, je l\u2019avoue encore, un fan absolu. Actuellement souffrante, je lui souhaite un prompt r\u00e9tablissement.<\/p><p>Alors je ne peux r\u00e9sister \u00e0 vous proposer les deux dans le troisi\u00e8me concerto de Prokofiev. J\u2019esp\u00e8re que Marta et Serge vous feront passer un agr\u00e9able moment\u00a0:<\/p><p><a href=\"https:\/\/www.youtube.com\/watch?v=vWfCPsvxGc8\">Martha Argerich | Prokofiev 3rd Piano Concerto | BBC Proms | High Video and Sound Quality &#8211; YouTube<\/a><\/p><p>Un bonheur n\u2019arrivant jamais seul, notez d\u2019ores et d\u00e9j\u00e0 dans vos agenda, si ce n\u2019est d\u00e9j\u00e0 fait, la date du 15 avril, o\u00f9 nous recevrons un quintette \u00e0 vent, pour un programme tr\u00e8s \u00e9clectique, concoct\u00e9 par Eric Sombret, dont l\u2019\u00e9nergie communicative et la joie de vivre la musique devraient \u00e0 coup s\u00fbr vous ravir. Nous en reparlerons.<\/p><p>En attendant, je vous souhaite \u00e0 tous un joyeux mois de mars, qui rira malgr\u00e9 les averses (nous l\u2019esp\u00e9rons), en pr\u00e9parant le printemps.<\/p><p>Votre d\u00e9vou\u00e9.<\/p><p>Pierre Paul JOBERT<\/p><p>Secr\u00e9taire de l\u2019Association Musica B\u00e9doin<\/p>\t\t\t\t\t\t<\/div>\n\t\t\t\t<\/div>\n\t\t\t\t\t<\/div>\n\t\t<\/div>\n\t\t\t\t\t\t\t<\/div>\n\t\t<\/section>\n\t\t\t\t<section class=\"elementor-section elementor-top-section elementor-element elementor-element-536b39b elementor-section-stretched elementor-section-boxed elementor-section-height-default elementor-section-height-default\" data-id=\"536b39b\" data-element_type=\"section\" data-settings=\"{&quot;stretch_section&quot;:&quot;section-stretched&quot;}\">\n\t\t\t\t\t\t<div class=\"elementor-container elementor-column-gap-default\">\n\t\t\t\t\t<div class=\"elementor-column elementor-col-100 elementor-top-column elementor-element elementor-element-2a8b216\" data-id=\"2a8b216\" data-element_type=\"column\">\n\t\t\t<div class=\"elementor-widget-wrap elementor-element-populated\">\n\t\t\t\t\t\t\t\t<div class=\"elementor-element elementor-element-414c2d2 elementor-widget elementor-widget-heading\" data-id=\"414c2d2\" data-element_type=\"widget\" data-widget_type=\"heading.default\">\n\t\t\t\t<div class=\"elementor-widget-container\">\n\t\t\t<h2 class=\"elementor-heading-title elementor-size-default\">Janvier 2023<\/h2>\t\t<\/div>\n\t\t\t\t<\/div>\n\t\t\t\t\t<\/div>\n\t\t<\/div>\n\t\t\t\t\t\t\t<\/div>\n\t\t<\/section>\n\t\t\t\t<section class=\"elementor-section elementor-top-section elementor-element elementor-element-602bacb elementor-section-stretched elementor-section-boxed elementor-section-height-default elementor-section-height-default\" data-id=\"602bacb\" data-element_type=\"section\" data-settings=\"{&quot;stretch_section&quot;:&quot;section-stretched&quot;}\">\n\t\t\t\t\t\t<div class=\"elementor-container elementor-column-gap-default\">\n\t\t\t\t\t<div class=\"elementor-column elementor-col-50 elementor-top-column elementor-element elementor-element-cd33cf7\" data-id=\"cd33cf7\" data-element_type=\"column\">\n\t\t\t<div class=\"elementor-widget-wrap elementor-element-populated\">\n\t\t\t\t\t\t\t\t<div class=\"elementor-element elementor-element-3711275 elementor-widget elementor-widget-image\" data-id=\"3711275\" data-element_type=\"widget\" data-widget_type=\"image.default\">\n\t\t\t\t<div class=\"elementor-widget-container\">\n\t\t\t\t\t\t\t\t\t\t\t\t\t\t\t<img loading=\"lazy\" decoding=\"async\" width=\"1024\" height=\"576\" src=\"https:\/\/www.musicabedoin.org\/wp-content\/uploads\/2023\/01\/Photo-artistes-1024x576.jpg\" class=\"attachment-large size-large wp-image-386\" alt=\"\" srcset=\"https:\/\/www.musicabedoin.org\/wp-content\/uploads\/2023\/01\/Photo-artistes-1024x576.jpg 1024w, https:\/\/www.musicabedoin.org\/wp-content\/uploads\/2023\/01\/Photo-artistes-300x169.jpg 300w, https:\/\/www.musicabedoin.org\/wp-content\/uploads\/2023\/01\/Photo-artistes-768x432.jpg 768w, https:\/\/www.musicabedoin.org\/wp-content\/uploads\/2023\/01\/Photo-artistes-800x450.jpg 800w, https:\/\/www.musicabedoin.org\/wp-content\/uploads\/2023\/01\/Photo-artistes.jpg 1280w\" sizes=\"auto, (max-width: 1024px) 100vw, 1024px\" \/>\t\t\t\t\t\t\t\t\t\t\t\t\t\t\t<\/div>\n\t\t\t\t<\/div>\n\t\t\t\t\t<\/div>\n\t\t<\/div>\n\t\t\t\t<div class=\"elementor-column elementor-col-50 elementor-top-column elementor-element elementor-element-4d37879\" data-id=\"4d37879\" data-element_type=\"column\">\n\t\t\t<div class=\"elementor-widget-wrap elementor-element-populated\">\n\t\t\t\t\t\t\t\t<div class=\"elementor-element elementor-element-97a044b elementor-widget elementor-widget-text-editor\" data-id=\"97a044b\" data-element_type=\"widget\" data-widget_type=\"text-editor.default\">\n\t\t\t\t<div class=\"elementor-widget-container\">\n\t\t\t\t\t\t\t<p>Madame, Monsieur,<\/p><p>Nous y sommes. L\u2019ann\u00e9e 2023 de Musica B\u00e9doin a commenc\u00e9 avec la conf\u00e9rence \u00ab\u00a0\u00e0 la d\u00e9couverte de\u00a0\u00bb, consacr\u00e9e \u00e0 Bela Bartok. La programmation de l\u2019ann\u00e9e est en cours de finalisation, et il devrait y avoir de belles surprises \u00e0 la cl\u00e9 (de sol ou de fa, c\u2019est selon\u00a0!).<\/p><p>Notre assembl\u00e9e g\u00e9n\u00e9rale annuelle aura lieu le 18 f\u00e9vrier, dans la salle du conte lu, \u00e0 16h30. Occasion de faire le bilan de l\u2019ann\u00e9e 2022, marqu\u00e9e par un nouvel \u00e9lan de nos activit\u00e9s. Occasion aussi de parler du futur et de nos projets\u00a0! Nous vous y attendons nombreux. Chacun le sait, une association, toute brillante qu\u2019elle soit, n\u2019est rien sans ses adh\u00e9rents.<\/p><p>Nous signerons le d\u00e9but de la saison de nos concerts avec un duo inattendu, violon et contrebasse\u00a0!<\/p>\t\t\t\t\t\t<\/div>\n\t\t\t\t<\/div>\n\t\t\t\t\t<\/div>\n\t\t<\/div>\n\t\t\t\t\t\t\t<\/div>\n\t\t<\/section>\n\t\t\t\t<section class=\"elementor-section elementor-top-section elementor-element elementor-element-b0a7b20 elementor-section-stretched elementor-section-boxed elementor-section-height-default elementor-section-height-default\" data-id=\"b0a7b20\" data-element_type=\"section\" data-settings=\"{&quot;stretch_section&quot;:&quot;section-stretched&quot;}\">\n\t\t\t\t\t\t<div class=\"elementor-container elementor-column-gap-default\">\n\t\t\t\t\t<div class=\"elementor-column elementor-col-100 elementor-top-column elementor-element elementor-element-27b576c\" data-id=\"27b576c\" data-element_type=\"column\">\n\t\t\t<div class=\"elementor-widget-wrap elementor-element-populated\">\n\t\t\t\t\t\t\t\t<div class=\"elementor-element elementor-element-fc0dbd4 elementor-widget elementor-widget-text-editor\" data-id=\"fc0dbd4\" data-element_type=\"widget\" data-widget_type=\"text-editor.default\">\n\t\t\t\t<div class=\"elementor-widget-container\">\n\t\t\t\t\t\t\t<p>Merci \u00e0 Veronica, qui, malgr\u00e9 cette p\u00e9riode douloureuse pour elle, a pu trouver le temps et l\u2019\u00e9nergie de convaincre Sharman Plesner et Pierre Boussaguet de venir produire leur spectacle \u00e0 B\u00e9doin. Ils nous proposeront un programme vari\u00e9, du pur classique jusqu\u2019aux tubes de Michel Legrand, dont la qualit\u00e9 de musicien ne saurait \u00eatre mise en doute.<\/p><p>Le concert aura lieu \u00e0 18h, dans l\u2019auditorium du Centre Culturel. (Juste l\u2019escalier \u00e0 descendre pour celles et ceux qui auront particip\u00e9 \u00e0 notre assembl\u00e9e g\u00e9n\u00e9rale\u00a0! )<\/p><p>Ne perdons pas les bonnes habitudes, je vous propose un peu de musique, fl\u00fbte et piano, la sonate de Prokofiev, interpr\u00e9t\u00e9e par James Galway, immense flutiste, et Marta Argerich, pianiste dont je suis un fan depuis toujours.<\/p><p><a href=\"https:\/\/www.youtube.com\/watch?v=hfJ9-HenydQ\">Prokofiev: Sonata for Flute and Piano Op. 94, Galway, Argerich &#8211; YouTube<\/a><\/p><p>A bient\u00f4t donc,<\/p><p>Votre d\u00e9vou\u00e9.<\/p><p>Pierre Paul JOBERT<\/p><p>Secr\u00e9taire de l\u2019Association Musica B\u00e9doin<\/p>\t\t\t\t\t\t<\/div>\n\t\t\t\t<\/div>\n\t\t\t\t\t<\/div>\n\t\t<\/div>\n\t\t\t\t\t\t\t<\/div>\n\t\t<\/section>\n\t\t\t\t<section class=\"elementor-section elementor-top-section elementor-element elementor-element-a24de13 elementor-section-stretched elementor-section-boxed elementor-section-height-default elementor-section-height-default\" data-id=\"a24de13\" data-element_type=\"section\" data-settings=\"{&quot;stretch_section&quot;:&quot;section-stretched&quot;}\">\n\t\t\t\t\t\t<div class=\"elementor-container elementor-column-gap-default\">\n\t\t\t\t\t<div class=\"elementor-column elementor-col-100 elementor-top-column elementor-element elementor-element-cf88ada\" data-id=\"cf88ada\" data-element_type=\"column\">\n\t\t\t<div class=\"elementor-widget-wrap elementor-element-populated\">\n\t\t\t\t\t\t\t\t<div class=\"elementor-element elementor-element-43933f7 elementor-widget elementor-widget-heading\" data-id=\"43933f7\" data-element_type=\"widget\" data-widget_type=\"heading.default\">\n\t\t\t\t<div class=\"elementor-widget-container\">\n\t\t\t<h2 class=\"elementor-heading-title elementor-size-default\">Voeux 2023<\/h2>\t\t<\/div>\n\t\t\t\t<\/div>\n\t\t\t\t\t<\/div>\n\t\t<\/div>\n\t\t\t\t\t\t\t<\/div>\n\t\t<\/section>\n\t\t\t\t<section class=\"elementor-section elementor-top-section elementor-element elementor-element-9ff7266 elementor-section-stretched elementor-section-boxed elementor-section-height-default elementor-section-height-default\" data-id=\"9ff7266\" data-element_type=\"section\" data-settings=\"{&quot;stretch_section&quot;:&quot;section-stretched&quot;}\">\n\t\t\t\t\t\t<div class=\"elementor-container elementor-column-gap-default\">\n\t\t\t\t\t<div class=\"elementor-column elementor-col-100 elementor-top-column elementor-element elementor-element-ea6e6fd\" data-id=\"ea6e6fd\" data-element_type=\"column\">\n\t\t\t<div class=\"elementor-widget-wrap elementor-element-populated\">\n\t\t\t\t\t\t\t\t<div class=\"elementor-element elementor-element-a0e0cd1 elementor-widget elementor-widget-text-editor\" data-id=\"a0e0cd1\" data-element_type=\"widget\" data-widget_type=\"text-editor.default\">\n\t\t\t\t<div class=\"elementor-widget-container\">\n\t\t\t\t\t\t\t<p>Madame, Monsieur,<\/p><p>Avec quelques heures d\u2019avance, toute l\u2019\u00e9quipe de Musica Bedoin se joint \u00e0 moi pour vous souhaiter une ann\u00e9e 2023 sereine, lumineuse et musicale.<\/p><p>Une fois n\u2019est pas coutume, je vous propose un peu d\u2019op\u00e9ra, avec le finale du Chevalier \u00e0 la Rose, en version de concert, se terminant par un duo f\u00e9minin plein d\u2019\u00e9l\u00e9gance de charme, que l\u2019orchestre de Richard Strauss magnifie superbement. Loin d\u2019\u00eatre cr\u00e9pusculaire cette musique fait scintiller les \u00e9toiles dans le ciel d\u2019hiver.<\/p><p><a href=\"https:\/\/www.youtube.com\/watch?v=EXi8U1twwrc\">Strauss &#8212; Der Rosenkavalier, Final Trio &#8212; K. Battle, F. von Stade, R. Fleming (1992) &#8211; YouTube<\/a><\/p><p>Pour celles et ceux que l\u2019op\u00e9ra rebuterait, commencez \u00e0 \u00a09min45, pour ne pas rater le scintillement de l\u2019orchestre, qui me rappelle le concerto pour violon de Korngold.<\/p><p>\u00a0<\/p><p>Puissent ces divines harmonies vous accompagner sur vos chemins de vie respectifs.<\/p><p>Votre d\u00e9vou\u00e9,<\/p><p>Pierre Paul JOBERT<\/p><p>Secr\u00e9taire de l\u2019Association Musica B\u00e9doin<\/p>\t\t\t\t\t\t<\/div>\n\t\t\t\t<\/div>\n\t\t\t\t\t<\/div>\n\t\t<\/div>\n\t\t\t\t\t\t\t<\/div>\n\t\t<\/section>\n\t\t\t\t<section class=\"elementor-section elementor-top-section elementor-element elementor-element-c7cbe22 elementor-section-stretched elementor-section-boxed elementor-section-height-default elementor-section-height-default\" data-id=\"c7cbe22\" data-element_type=\"section\" data-settings=\"{&quot;stretch_section&quot;:&quot;section-stretched&quot;}\">\n\t\t\t\t\t\t<div class=\"elementor-container elementor-column-gap-default\">\n\t\t\t\t\t<div class=\"elementor-column elementor-col-100 elementor-top-column elementor-element elementor-element-af5d261\" data-id=\"af5d261\" data-element_type=\"column\">\n\t\t\t<div class=\"elementor-widget-wrap elementor-element-populated\">\n\t\t\t\t\t\t\t\t<div class=\"elementor-element elementor-element-439fef7 elementor-widget elementor-widget-heading\" data-id=\"439fef7\" data-element_type=\"widget\" data-widget_type=\"heading.default\">\n\t\t\t\t<div class=\"elementor-widget-container\">\n\t\t\t<h2 class=\"elementor-heading-title elementor-size-default\">D\u00e9cembre 2022<\/h2>\t\t<\/div>\n\t\t\t\t<\/div>\n\t\t\t\t\t<\/div>\n\t\t<\/div>\n\t\t\t\t\t\t\t<\/div>\n\t\t<\/section>\n\t\t\t\t<section class=\"elementor-section elementor-top-section elementor-element elementor-element-894399f elementor-section-stretched elementor-section-boxed elementor-section-height-default elementor-section-height-default\" data-id=\"894399f\" data-element_type=\"section\" data-settings=\"{&quot;stretch_section&quot;:&quot;section-stretched&quot;}\">\n\t\t\t\t\t\t<div class=\"elementor-container elementor-column-gap-default\">\n\t\t\t\t\t<div class=\"elementor-column elementor-col-50 elementor-top-column elementor-element elementor-element-6f1ecdd\" data-id=\"6f1ecdd\" data-element_type=\"column\">\n\t\t\t<div class=\"elementor-widget-wrap elementor-element-populated\">\n\t\t\t\t\t\t\t\t<div class=\"elementor-element elementor-element-bf7cd4e elementor-widget__width-inherit e-transform elementor-widget elementor-widget-image\" data-id=\"bf7cd4e\" data-element_type=\"widget\" data-settings=\"{&quot;_transform_scale_effect&quot;:{&quot;unit&quot;:&quot;px&quot;,&quot;size&quot;:1,&quot;sizes&quot;:[]},&quot;_transform_scale_effect_tablet&quot;:{&quot;unit&quot;:&quot;px&quot;,&quot;size&quot;:&quot;&quot;,&quot;sizes&quot;:[]},&quot;_transform_scale_effect_mobile&quot;:{&quot;unit&quot;:&quot;px&quot;,&quot;size&quot;:&quot;&quot;,&quot;sizes&quot;:[]}}\" data-widget_type=\"image.default\">\n\t\t\t\t<div class=\"elementor-widget-container\">\n\t\t\t\t\t\t\t\t\t\t\t\t\t\t\t<img loading=\"lazy\" decoding=\"async\" width=\"202\" height=\"143\" src=\"https:\/\/www.musicabedoin.org\/wp-content\/uploads\/2023\/01\/22-12-27-pour-ceremony-of-carols.jpg\" class=\"attachment-large size-large wp-image-428\" alt=\"\" \/>\t\t\t\t\t\t\t\t\t\t\t\t\t\t\t<\/div>\n\t\t\t\t<\/div>\n\t\t\t\t\t<\/div>\n\t\t<\/div>\n\t\t\t\t<div class=\"elementor-column elementor-col-50 elementor-top-column elementor-element elementor-element-b70d6c4\" data-id=\"b70d6c4\" data-element_type=\"column\">\n\t\t\t<div class=\"elementor-widget-wrap elementor-element-populated\">\n\t\t\t\t\t\t\t\t<div class=\"elementor-element elementor-element-1c6ac28 elementor-widget elementor-widget-text-editor\" data-id=\"1c6ac28\" data-element_type=\"widget\" data-widget_type=\"text-editor.default\">\n\t\t\t\t<div class=\"elementor-widget-container\">\n\t\t\t\t\t\t\t<p>Madame, Monsieur,<\/p><p>Voici derri\u00e8re nous la f\u00eate de No\u00ebl, familiale s\u2019il en est, o\u00f9 le plaisir de se retrouver a su apaiser les rigueurs de la vie, \u00e0 d\u00e9faut de celles de l\u2019hiver.<\/p><p>En cette semaine de tr\u00eave, avant de festoyer pour oublier les vicissitudes de l\u2019ann\u00e9e pass\u00e9e, et ne pas encore penser \u00e0 celles \u00e0 venir, quoi de mieux qu\u2019un peu de musique\u00a0?<\/p><p>Je voudrais partager avec vous une pi\u00e8ce de Benjamin Britten, compositeur anglais du si\u00e8cle dernier, une pi\u00e8ce de circonstances, puisqu\u2019il s\u2019agit de <em>Ceremony of Carols<\/em>.<\/p><p>Ecrite pour voix d\u2019enfants et harpe, j\u2019ai eu le plaisir de la faire travailler, il y a pr\u00e8s de 45 ans, au piano avec un ch\u0153ur de femmes, issu de la formation de Michel Corboz (si mes souvenirs sont exacts).<\/p><p>Et honneur insigne, quand elles se jug\u00e8rent pr\u00eates, je pus les accompagner chez Marielle Nordmann, immense harpiste, qui nous re\u00e7ut chez elle, dans son appartement. Je la revois encore, assise sur un montagne de coussins multicolores, tandis que les chanteuses se pr\u00e9sentaient, avant qu\u2019elles ne r\u00e9p\u00e8tent, en vrai\u2026<\/p><p><a href=\"https:\/\/www.youtube.com\/watch?v=hGYGQc4OXY0\">Ceremony of Carols &#8211; Benjamin Britten &#8211; YouTube<\/a><\/p><p>Si vous n\u2019aimez pas tout, ce que je peux comprendre, ne ratez pas \u00e0 10min57 l\u2019extraordinaire canon \u00e0 trois voix\u00a0!<\/p><p>\u00a0<\/p><p>Je profite de ce dernier bulletin 2022 pour vous souhaiter, au nom de toute l\u2019\u00e9quipe de l\u2019Association, de bien commencer 2023, o\u00f9 nous aurons le plaisir de nous retrouver pour profiter ensemble de la musique, sans laquelle la vie serait une erreur, n\u2019est-ce pas\u00a0?<\/p><p>Votre d\u00e9vou\u00e9,<\/p><p>Pierre Paul JOBERT<\/p>\t\t\t\t\t\t<\/div>\n\t\t\t\t<\/div>\n\t\t\t\t\t<\/div>\n\t\t<\/div>\n\t\t\t\t\t\t\t<\/div>\n\t\t<\/section>\n\t\t\t\t<section class=\"elementor-section elementor-top-section elementor-element elementor-element-e73bc0c elementor-section-stretched elementor-section-boxed elementor-section-height-default elementor-section-height-default\" data-id=\"e73bc0c\" data-element_type=\"section\" data-settings=\"{&quot;stretch_section&quot;:&quot;section-stretched&quot;}\">\n\t\t\t\t\t\t<div class=\"elementor-container elementor-column-gap-default\">\n\t\t\t\t\t<div class=\"elementor-column elementor-col-100 elementor-top-column elementor-element elementor-element-63e3835\" data-id=\"63e3835\" data-element_type=\"column\">\n\t\t\t<div class=\"elementor-widget-wrap elementor-element-populated\">\n\t\t\t\t\t\t\t\t<div class=\"elementor-element elementor-element-15459c4 elementor-widget elementor-widget-heading\" data-id=\"15459c4\" data-element_type=\"widget\" data-widget_type=\"heading.default\">\n\t\t\t\t<div class=\"elementor-widget-container\">\n\t\t\t<h2 class=\"elementor-heading-title elementor-size-default\">Novembre 2022<\/h2>\t\t<\/div>\n\t\t\t\t<\/div>\n\t\t\t\t\t<\/div>\n\t\t<\/div>\n\t\t\t\t\t\t\t<\/div>\n\t\t<\/section>\n\t\t\t\t<section class=\"elementor-section elementor-top-section elementor-element elementor-element-a51012c elementor-section-stretched elementor-section-boxed elementor-section-height-default elementor-section-height-default\" data-id=\"a51012c\" data-element_type=\"section\" data-settings=\"{&quot;stretch_section&quot;:&quot;section-stretched&quot;}\">\n\t\t\t\t\t\t<div class=\"elementor-container elementor-column-gap-default\">\n\t\t\t\t\t<div class=\"elementor-column elementor-col-100 elementor-top-column elementor-element elementor-element-a9ab691\" data-id=\"a9ab691\" data-element_type=\"column\">\n\t\t\t<div class=\"elementor-widget-wrap elementor-element-populated\">\n\t\t\t\t\t\t\t\t<div class=\"elementor-element elementor-element-f1b1bac elementor-widget elementor-widget-text-editor\" data-id=\"f1b1bac\" data-element_type=\"widget\" data-widget_type=\"text-editor.default\">\n\t\t\t\t<div class=\"elementor-widget-container\">\n\t\t\t\t\t\t\t<p>Madame, Monsieur,<\/p><p>Aujourd\u2019hui 21 novembre, il pleut. J\u2019en profite pour partager avec vous une musique qui m\u2019a toujours fait penser \u00e0 un jour de pluie, la septi\u00e8me symphonie de Prokofiev.<\/p><p><a href=\"https:\/\/www.youtube.com\/watch?v=mF8oTzXoyts\">Prokofiev: Symphony No. 7 \/ Gergiev \u00b7 London Symphony Orchestra &#8211; YouTube<\/a><\/p><p>Un brin de nostalgie, un peu de rythme, des \u00e9clairs de joie intense, voil\u00e0 de quoi est faite cette \u0153uvre. Avec la premi\u00e8re symphonie (dite classique \u2013 un pied de nez du jeune compositeur aux esprits r\u00e9trogrades du conservatoire de Moscou) et la cinqui\u00e8me (plut\u00f4t martiale, qui fait lointain \u00e9cho \u00e0 John Williams dans la guerre des \u00e9toiles), c\u2019est une symphonie des plus accessibles.<\/p><p>Accessibilit\u00e9. Le mot cl\u00e9. La capacit\u00e9 de parler aux sens, sans recourir \u00e0 l\u2019intellect. Eh bien c\u2019est ce que je tenterai de vous d\u00e9montrer avec la musique de B\u00e9la Bartok. Oui je sais, rien que le nom, cela sonne dur, percussif et froid. Certes, il peut y avoir de cela, mais pas que. Je vous invite donc \u00e0 voyager avec moi en Hongrie, avec le plus hongrois des compositeurs, le <strong>dimanche 4 d\u00e9cembre \u00e0 17 heures, au centre culturel<\/strong>. Avec des m\u00e9lodies qui r\u00e9sonneront dans vos m\u00e9moires apr\u00e8s cette conf\u00e9rence illustr\u00e9e, j\u2019esp\u00e8re bien vous convaincre qu\u2019il y a de beaux moments \u00e0 passer avec la musique de cet homme tourment\u00e9, difficile quelquefois, mais profond\u00e9ment enracin\u00e9 dans sa terre natale.<\/p><p>Je vous attends pour un moment d\u2019\u00e9change et de partage.<\/p><p>A bient\u00f4t le plaisir de vous revoir.<\/p><p>Votre d\u00e9vou\u00e9,<\/p>\t\t\t\t\t\t<\/div>\n\t\t\t\t<\/div>\n\t\t\t\t\t<\/div>\n\t\t<\/div>\n\t\t\t\t\t\t\t<\/div>\n\t\t<\/section>\n\t\t\t\t<section class=\"elementor-section elementor-top-section elementor-element elementor-element-b515017 elementor-section-stretched elementor-section-boxed elementor-section-height-default elementor-section-height-default\" data-id=\"b515017\" data-element_type=\"section\" data-settings=\"{&quot;stretch_section&quot;:&quot;section-stretched&quot;}\">\n\t\t\t\t\t\t<div class=\"elementor-container elementor-column-gap-default\">\n\t\t\t\t\t<div class=\"elementor-column elementor-col-100 elementor-top-column elementor-element elementor-element-2401181\" data-id=\"2401181\" data-element_type=\"column\">\n\t\t\t<div class=\"elementor-widget-wrap elementor-element-populated\">\n\t\t\t\t\t\t\t\t<div class=\"elementor-element elementor-element-ccd0abc elementor-widget elementor-widget-heading\" data-id=\"ccd0abc\" data-element_type=\"widget\" data-widget_type=\"heading.default\">\n\t\t\t\t<div class=\"elementor-widget-container\">\n\t\t\t<h2 class=\"elementor-heading-title elementor-size-default\">Octobre 2022<\/h2>\t\t<\/div>\n\t\t\t\t<\/div>\n\t\t\t\t\t<\/div>\n\t\t<\/div>\n\t\t\t\t\t\t\t<\/div>\n\t\t<\/section>\n\t\t\t\t<section class=\"elementor-section elementor-top-section elementor-element elementor-element-a3f0ece elementor-section-stretched elementor-section-boxed elementor-section-height-default elementor-section-height-default\" data-id=\"a3f0ece\" data-element_type=\"section\" data-settings=\"{&quot;stretch_section&quot;:&quot;section-stretched&quot;}\">\n\t\t\t\t\t\t<div class=\"elementor-container elementor-column-gap-default\">\n\t\t\t\t\t<div class=\"elementor-column elementor-col-100 elementor-top-column elementor-element elementor-element-3ec889f\" data-id=\"3ec889f\" data-element_type=\"column\">\n\t\t\t<div class=\"elementor-widget-wrap elementor-element-populated\">\n\t\t\t\t\t\t\t\t<div class=\"elementor-element elementor-element-a85780c elementor-widget elementor-widget-text-editor\" data-id=\"a85780c\" data-element_type=\"widget\" data-widget_type=\"text-editor.default\">\n\t\t\t\t<div class=\"elementor-widget-container\">\n\t\t\t\t\t\t\t<p>Madame, Monsieur,<\/p><p>Notre dernier spectacle (16 octobre) a tenu toutes ses promesses. Vous avez \u00e9t\u00e9 nombreux pour applaudir les trois artistes, com\u00e9diens et chanteurs, qui nous ont \u00e9mus, amus\u00e9s, et surtout fait rire\u00a0!<\/p><p>Marseille mes amours\u00a0: une heure et demie de l\u00e9g\u00e8ret\u00e9 bienvenue.<\/p><p>Lors de notre assembl\u00e9e g\u00e9n\u00e9rale de mars dernier, le bureau s\u2019est engag\u00e9 \u00e0 donner \u00e0 l\u2019association un nouvel \u00e9lan. A charge pour notre pr\u00e9sident de faire le bilan d\u00e9but 2023\u00a0!<\/p><p>Mais d\u2019ores et d\u00e9j\u00e0, nous pouvons nous r\u00e9jouir des effets positifs d\u2019une programmation \u00e9clectique, toujours de grande qualit\u00e9, \u00e0 en juger par l\u2019assistance, venue en nombre et toujours enthousiaste.<\/p><p>Satisfaisant \u00e0 la modernit\u00e9, j\u2019ai le plaisir de vous annoncer la mise en ligne de notre site internet\u00a0: <a href=\"http:\/\/www.musicabedoin.org\">www.musicabedoin.org<\/a> Je vous le laisse d\u00e9couvrir.<\/p><p>Avec une mise \u00e0 jour r\u00e9guli\u00e8re, cet outil indispensable \u00e0 l\u2019heure du num\u00e9rique et des r\u00e9seaux sociaux nous permettra d\u2019\u00e9largir notre communication au-del\u00e0 de notre r\u00e9seau local.<\/p><p>Prochainement, pas de concert, mais une conf\u00e9rence \u00e9coute intitul\u00e9e <em>Bartok, Hongrois d\u2019abord<\/em>.<\/p><p>J\u2019avais r\u00e9ussi \u00e0 convaincre l\u2019ann\u00e9e derni\u00e8re que la musique d\u2019Olivier Messiaen m\u00e9ritait d\u2019\u00eatre d\u00e9couverte.<\/p><p>Je me lance le d\u00e9fi de faire de m\u00eame cette ann\u00e9e avec Bela Bartok.<\/p><p>Ce sera le 4 d\u00e9cembre, \u00e0 17h, au Centre Culturel.<\/p><p>L\u2019entr\u00e9e sera libre.<\/p><p>D\u2019ici l\u00e0, je vous souhaite \u00e0 toutes et \u00e0 tous un bel automne.<\/p>\t\t\t\t\t\t<\/div>\n\t\t\t\t<\/div>\n\t\t\t\t\t<\/div>\n\t\t<\/div>\n\t\t\t\t\t\t\t<\/div>\n\t\t<\/section>\n\t\t\t\t<section class=\"elementor-section elementor-top-section elementor-element elementor-element-456cd31 elementor-section-stretched elementor-section-boxed elementor-section-height-default elementor-section-height-default\" data-id=\"456cd31\" data-element_type=\"section\" data-settings=\"{&quot;stretch_section&quot;:&quot;section-stretched&quot;}\">\n\t\t\t\t\t\t<div class=\"elementor-container elementor-column-gap-default\">\n\t\t\t\t\t<div class=\"elementor-column elementor-col-100 elementor-top-column elementor-element elementor-element-e8ba7b3\" data-id=\"e8ba7b3\" data-element_type=\"column\">\n\t\t\t<div class=\"elementor-widget-wrap elementor-element-populated\">\n\t\t\t\t\t\t\t\t<div class=\"elementor-element elementor-element-5d6dfba elementor-widget elementor-widget-heading\" data-id=\"5d6dfba\" data-element_type=\"widget\" data-widget_type=\"heading.default\">\n\t\t\t\t<div class=\"elementor-widget-container\">\n\t\t\t<h2 class=\"elementor-heading-title elementor-size-default\">Septembre 2022<\/h2>\t\t<\/div>\n\t\t\t\t<\/div>\n\t\t\t\t\t<\/div>\n\t\t<\/div>\n\t\t\t\t\t\t\t<\/div>\n\t\t<\/section>\n\t\t\t\t<section class=\"elementor-section elementor-top-section elementor-element elementor-element-437e881 elementor-section-stretched elementor-section-boxed elementor-section-height-default elementor-section-height-default\" data-id=\"437e881\" data-element_type=\"section\" data-settings=\"{&quot;stretch_section&quot;:&quot;section-stretched&quot;}\">\n\t\t\t\t\t\t<div class=\"elementor-container elementor-column-gap-default\">\n\t\t\t\t\t<div class=\"elementor-column elementor-col-50 elementor-top-column elementor-element elementor-element-d7dc18c\" data-id=\"d7dc18c\" data-element_type=\"column\">\n\t\t\t<div class=\"elementor-widget-wrap elementor-element-populated\">\n\t\t\t\t\t\t\t\t<div class=\"elementor-element elementor-element-e030967 elementor-widget elementor-widget-image\" data-id=\"e030967\" data-element_type=\"widget\" data-widget_type=\"image.default\">\n\t\t\t\t<div class=\"elementor-widget-container\">\n\t\t\t\t\t\t\t\t\t\t\t\t\t\t\t<img loading=\"lazy\" decoding=\"async\" width=\"1024\" height=\"1024\" src=\"https:\/\/www.musicabedoin.org\/wp-content\/uploads\/2022\/09\/DSC9012-1024x1024.jpg\" class=\"attachment-large size-large wp-image-278\" alt=\"\" srcset=\"https:\/\/www.musicabedoin.org\/wp-content\/uploads\/2022\/09\/DSC9012-1024x1024.jpg 1024w, https:\/\/www.musicabedoin.org\/wp-content\/uploads\/2022\/09\/DSC9012-300x300.jpg 300w, https:\/\/www.musicabedoin.org\/wp-content\/uploads\/2022\/09\/DSC9012-150x150.jpg 150w, https:\/\/www.musicabedoin.org\/wp-content\/uploads\/2022\/09\/DSC9012-768x768.jpg 768w, https:\/\/www.musicabedoin.org\/wp-content\/uploads\/2022\/09\/DSC9012-1536x1536.jpg 1536w, https:\/\/www.musicabedoin.org\/wp-content\/uploads\/2022\/09\/DSC9012-2048x2048.jpg 2048w, https:\/\/www.musicabedoin.org\/wp-content\/uploads\/2022\/09\/DSC9012-600x600.jpg 600w\" sizes=\"auto, (max-width: 1024px) 100vw, 1024px\" \/>\t\t\t\t\t\t\t\t\t\t\t\t\t\t\t<\/div>\n\t\t\t\t<\/div>\n\t\t\t\t\t<\/div>\n\t\t<\/div>\n\t\t\t\t<div class=\"elementor-column elementor-col-50 elementor-top-column elementor-element elementor-element-faee3dc\" data-id=\"faee3dc\" data-element_type=\"column\">\n\t\t\t<div class=\"elementor-widget-wrap elementor-element-populated\">\n\t\t\t\t\t\t\t\t<div class=\"elementor-element elementor-element-10de3e8 elementor-widget elementor-widget-text-editor\" data-id=\"10de3e8\" data-element_type=\"widget\" data-widget_type=\"text-editor.default\">\n\t\t\t\t<div class=\"elementor-widget-container\">\n\t\t\t\t\t\t\t<p>Madame, Monsieur,<\/p>\n<p>Merci \u00e0 toutes celles et \u00e0 tous ceux qui ont d\u00e9j\u00e0 r\u00e9serv\u00e9 leur place pour <em>Marseille, mes amours<\/em>, un spectacle pl\u00e9biscit\u00e9 au Festival d\u2019Avignon.<\/p>\n<p>A vous qui n\u2019\u00eates pas encore d\u00e9cid\u00e9s&nbsp;:<\/p>\n<p>Imaginez une chanteuse accorte, joliment habill\u00e9e, \u00e9l\u00e9gante en diable, donnant la r\u00e9plique \u00e0 un gar\u00e7on dr\u00f4le, bougrement com\u00e9dien.<span style=\"font-size: 20px; color: var( --e-global-color-text );\">Imaginez les sur sc\u00e8ne, accompagn\u00e9s par une accord\u00e9oniste qui ma\u00eetrise \u00e0 merveille son instrument.<\/span><span style=\"font-size: 20px; color: var( --e-global-color-text );\">Et les voil\u00e0 tous les trois qui font revivre avec une \u00e9nergie communicative les airs c\u00e9l\u00e8bres de l\u2019op\u00e9rette Marseillaise, de Vincent Scotto\u2026<\/span><\/p>\n<p>A ne pas rater, donc&nbsp;!<\/p>\n<p>Aujourd\u2019hui, jour de pluie. Comme il n\u2019y a qu\u2019un pas de la Com\u00e9die Musicale \u00e0 l\u2019Op\u00e9rette, je ne r\u00e9siste pas \u00e0 l\u2019envie de vous emmener chanter avec Gene Kelly&nbsp;:<\/p>\n<p><a href=\"https:\/\/www.youtube.com\/watch?v=D1ZYhVpdXbQ\">Singing In The Rain &#8211; Singing In The Rain (Gene Kelly) [HD Widescreen] &#8211; YouTube<\/a><\/p>\n<p>Au plaisir de vous voir bient\u00f4t, le dimanche 16 octobre \u00e0 17h, pour chantonner ensemble, des tubes oubli\u00e9s qui vont r\u00e9sonner dans vos m\u00e9moires.<\/p>\n<p>Cordialement,<\/p>\n<p>Pierre Paul JOBERT<\/p>\n<p>Secr\u00e9taire de l\u2019Association Musica B\u00e9doin<\/p>\t\t\t\t\t\t<\/div>\n\t\t\t\t<\/div>\n\t\t\t\t\t<\/div>\n\t\t<\/div>\n\t\t\t\t\t\t\t<\/div>\n\t\t<\/section>\n\t\t\t\t<section class=\"elementor-section elementor-top-section elementor-element elementor-element-a883f6a elementor-section-stretched elementor-section-boxed elementor-section-height-default elementor-section-height-default\" data-id=\"a883f6a\" data-element_type=\"section\" data-settings=\"{&quot;stretch_section&quot;:&quot;section-stretched&quot;}\">\n\t\t\t\t\t\t<div class=\"elementor-container elementor-column-gap-default\">\n\t\t\t\t\t<div class=\"elementor-column elementor-col-100 elementor-top-column elementor-element elementor-element-625a670\" data-id=\"625a670\" data-element_type=\"column\">\n\t\t\t<div class=\"elementor-widget-wrap elementor-element-populated\">\n\t\t\t\t\t\t\t\t<div class=\"elementor-element elementor-element-bfd0d09 elementor-widget elementor-widget-heading\" data-id=\"bfd0d09\" data-element_type=\"widget\" data-widget_type=\"heading.default\">\n\t\t\t\t<div class=\"elementor-widget-container\">\n\t\t\t<h2 class=\"elementor-heading-title elementor-size-default\">Ao\u00fbt 2022<\/h2>\t\t<\/div>\n\t\t\t\t<\/div>\n\t\t\t\t\t<\/div>\n\t\t<\/div>\n\t\t\t\t\t\t\t<\/div>\n\t\t<\/section>\n\t\t\t\t<section class=\"elementor-section elementor-top-section elementor-element elementor-element-5469dd3 elementor-section-stretched elementor-section-boxed elementor-section-height-default elementor-section-height-default\" data-id=\"5469dd3\" data-element_type=\"section\" data-settings=\"{&quot;stretch_section&quot;:&quot;section-stretched&quot;}\">\n\t\t\t\t\t\t<div class=\"elementor-container elementor-column-gap-default\">\n\t\t\t\t\t<div class=\"elementor-column elementor-col-100 elementor-top-column elementor-element elementor-element-b003d91\" data-id=\"b003d91\" data-element_type=\"column\">\n\t\t\t<div class=\"elementor-widget-wrap elementor-element-populated\">\n\t\t\t\t\t\t\t\t<div class=\"elementor-element elementor-element-e3ef19e elementor-widget elementor-widget-text-editor\" data-id=\"e3ef19e\" data-element_type=\"widget\" data-widget_type=\"text-editor.default\">\n\t\t\t\t<div class=\"elementor-widget-container\">\n\t\t\t\t\t\t\t<p>Madame, Monsieur,<\/p><p>Eh, oui, le romantisme sera \u00e0 l\u2019honneur aussi le 2 septembre, avec Chopin et Dvorak au programme. Je vous parle et reparle de ce concert, parce que ce sera un \u00e9v\u00e8nement. Pour la premi\u00e8re fois, la musique dite classique sera \u00e0 l\u2019honneur, dans la rue, dans notre village de b\u00e9doin. La rue sera bloqu\u00e9e \u00e0 la circulation, une campagne d\u2019affichage va d\u00e9marrer vendredi 26.<\/p><p>Merci \u00e0 toutes celles et \u00e0 tous ceux qui ont d\u00e9j\u00e0 r\u00e9serv\u00e9 leur place. Notre projet est ambitieux, pour une premi\u00e8re, et nous allons r\u00e9ussir gr\u00e2ce \u00e0 vous.<\/p><p>Alors, si vous n\u2019avez pas encore r\u00e9serv\u00e9, il est toujours temps de le faire, en r\u00e9pondant \u00e0 ce mail. Et dans tous les cas, faites circuler l\u2019information autour de vous.<\/p><p>Que seraient ces messages sans musique\u00a0? En \u00e9cho au titre, voici le c\u00e9l\u00e9brissime duo des chats\u00a0: <a href=\"https:\/\/www.youtube.com\/watch?v=LMPZ1g-Dgr0\">Duo des chats de Rossini &#8211; YouTube<\/a><\/p><p>A bient\u00f4t vous lire et vous voir.<\/p><p>Pierre Paul JOBERT<\/p><p>Secr\u00e9taire de Musica B\u00e9doin<\/p>\t\t\t\t\t\t<\/div>\n\t\t\t\t<\/div>\n\t\t\t\t\t<\/div>\n\t\t<\/div>\n\t\t\t\t\t\t\t<\/div>\n\t\t<\/section>\n\t\t\t\t<section class=\"elementor-section elementor-top-section elementor-element elementor-element-612e3b8 elementor-section-stretched elementor-section-boxed elementor-section-height-default elementor-section-height-default\" data-id=\"612e3b8\" data-element_type=\"section\" data-settings=\"{&quot;stretch_section&quot;:&quot;section-stretched&quot;}\">\n\t\t\t\t\t\t<div class=\"elementor-container elementor-column-gap-default\">\n\t\t\t\t\t<div class=\"elementor-column elementor-col-100 elementor-top-column elementor-element elementor-element-b4326a7\" data-id=\"b4326a7\" data-element_type=\"column\">\n\t\t\t<div class=\"elementor-widget-wrap elementor-element-populated\">\n\t\t\t\t\t\t\t\t<div class=\"elementor-element elementor-element-df9c47f elementor-widget elementor-widget-heading\" data-id=\"df9c47f\" data-element_type=\"widget\" data-widget_type=\"heading.default\">\n\t\t\t\t<div class=\"elementor-widget-container\">\n\t\t\t<h2 class=\"elementor-heading-title elementor-size-default\">Juillet 2022<\/h2>\t\t<\/div>\n\t\t\t\t<\/div>\n\t\t\t\t\t<\/div>\n\t\t<\/div>\n\t\t\t\t\t\t\t<\/div>\n\t\t<\/section>\n\t\t\t\t<section class=\"elementor-section elementor-top-section elementor-element elementor-element-14fc9a6 elementor-section-stretched elementor-section-boxed elementor-section-height-default elementor-section-height-default\" data-id=\"14fc9a6\" data-element_type=\"section\" data-settings=\"{&quot;stretch_section&quot;:&quot;section-stretched&quot;}\">\n\t\t\t\t\t\t<div class=\"elementor-container elementor-column-gap-default\">\n\t\t\t\t\t<div class=\"elementor-column elementor-col-50 elementor-top-column elementor-element elementor-element-74f840f\" data-id=\"74f840f\" data-element_type=\"column\">\n\t\t\t<div class=\"elementor-widget-wrap elementor-element-populated\">\n\t\t\t\t\t\t\t\t<div class=\"elementor-element elementor-element-e4a70ce elementor-widget elementor-widget-image\" data-id=\"e4a70ce\" data-element_type=\"widget\" data-widget_type=\"image.default\">\n\t\t\t\t<div class=\"elementor-widget-container\">\n\t\t\t\t\t\t\t\t\t\t\t\t\t\t\t<img loading=\"lazy\" decoding=\"async\" width=\"680\" height=\"1024\" src=\"https:\/\/www.musicabedoin.org\/wp-content\/uploads\/2022\/08\/22-07-01-Mickaek-Ektmechian-680x1024.jpg\" class=\"attachment-large size-large wp-image-62\" alt=\"\" srcset=\"https:\/\/www.musicabedoin.org\/wp-content\/uploads\/2022\/08\/22-07-01-Mickaek-Ektmechian-680x1024.jpg 680w, https:\/\/www.musicabedoin.org\/wp-content\/uploads\/2022\/08\/22-07-01-Mickaek-Ektmechian-199x300.jpg 199w, https:\/\/www.musicabedoin.org\/wp-content\/uploads\/2022\/08\/22-07-01-Mickaek-Ektmechian-768x1156.jpg 768w, https:\/\/www.musicabedoin.org\/wp-content\/uploads\/2022\/08\/22-07-01-Mickaek-Ektmechian-1020x1536.jpg 1020w, https:\/\/www.musicabedoin.org\/wp-content\/uploads\/2022\/08\/22-07-01-Mickaek-Ektmechian-1360x2048.jpg 1360w, https:\/\/www.musicabedoin.org\/wp-content\/uploads\/2022\/08\/22-07-01-Mickaek-Ektmechian-scaled.jpg 1700w\" sizes=\"auto, (max-width: 680px) 100vw, 680px\" \/>\t\t\t\t\t\t\t\t\t\t\t\t\t\t\t<\/div>\n\t\t\t\t<\/div>\n\t\t\t\t\t<\/div>\n\t\t<\/div>\n\t\t\t\t<div class=\"elementor-column elementor-col-50 elementor-top-column elementor-element elementor-element-4b52416\" data-id=\"4b52416\" data-element_type=\"column\">\n\t\t\t<div class=\"elementor-widget-wrap elementor-element-populated\">\n\t\t\t\t\t\t\t\t<div class=\"elementor-element elementor-element-0e4d166 elementor-widget elementor-widget-text-editor\" data-id=\"0e4d166\" data-element_type=\"widget\" data-widget_type=\"text-editor.default\">\n\t\t\t\t<div class=\"elementor-widget-container\">\n\t\t\t\t\t\t\t<p>Musica B\u00e9doin s\u2019est lanc\u00e9 un d\u00e9fi de taille : amener la musique classique dans la rue \u00e0 B\u00e9doin. Et en passant d\u00e9montrer aux \u00e9diles que nous sommes un partenaire respectable, bien s\u00fbr, mais surtout ambitieux et engag\u00e9 dans le d\u00e9veloppement de la vie culturelle de la commune.<\/p><p>Le vendredi 2 septembre au soir, Micka\u00ebl Ektmechian, accompagn\u00e9 par quatre solistes de l\u2019orchestre de l\u2019op\u00e9ra de Marseille interpr\u00e8tera Chopin (version pour piano et quatuor du second concerto) et Dvorak (Quintette n\u00b02).<\/p><p>Ce concert aura lieu sur le parvis de Centre Culturel, \u00e0 19h. Si les conditions climatiques devaient nous \u00eatre d\u00e9favorables, nous nous rapatrierions dans l\u2019auditorium.<\/p><p>Il nous faut absolument faire le plein de spectateurs, \u00e0 savoir plus de 100 places assises.<\/p><p>Vous \u00eates celles et ceux qui pouvez nous aider \u00e0 parvenir \u00e0 faire de ce concert une r\u00e9ussite, l\u2019opus 1 de la manifestation annuelle d\u2019envergure de l\u2019association Musica B\u00e9doin.<\/p><p>Nous comptons sur vous toutes et tous pour nous faire part de votre pr\u00e9sence, et pour inviter vos amis, vos proches, vos connaissances, pour faire circuler l\u2019information. Oui, nous avons deux mois devant nous, mais c\u2019est demain\u00a0!<\/p><p>L\u2019enjeu est \u00e9norme, d\u2019autant que le prix des places est inchang\u00e9, \u00e0 savoir 15\u20ac et 10\u20ac pour les adh\u00e9rents.<\/p><p>Nous envisageons un chapeau pour les spectateurs debout, et aussi la r\u00e9alisation d\u2019un programme payant.<\/p><p>Les musiciens r\u00e9p\u00e8teront au Centre Culturel d\u00e8s le jeudi 1<sup>er<\/sup> septembre en d\u00e9but d\u2019apr\u00e8s-midi.<\/p><p>Aussi nous sommes nous sommes engag\u00e9s \u00e0 offrir aux cinq artistes le gite et le couvert le jeudi 1<sup>er<\/sup> septembre et le vendredi 2 \u00e0 midi. Faites nous savoir au plus vite si vous pouvez \u00eatre l\u2019h\u00f4te d\u2019un d\u2019entre eux.<\/p><p>Dans l\u2019attente de vos encouragements appuy\u00e9s, nous vous souhaitons un bon d\u00e9but d\u2019\u00e9t\u00e9 \u00e0 toutes et \u00e0 tous.<\/p><p>Pierre Paul JOBERT<\/p><p>Secr\u00e9taire de l\u2019association Musica B\u00e9doin <\/p>\t\t\t\t\t\t<\/div>\n\t\t\t\t<\/div>\n\t\t\t\t\t<\/div>\n\t\t<\/div>\n\t\t\t\t\t\t\t<\/div>\n\t\t<\/section>\n\t\t\t\t<section class=\"elementor-section elementor-top-section elementor-element elementor-element-dd4788d elementor-section-stretched elementor-section-boxed elementor-section-height-default elementor-section-height-default\" data-id=\"dd4788d\" data-element_type=\"section\" data-settings=\"{&quot;stretch_section&quot;:&quot;section-stretched&quot;}\">\n\t\t\t\t\t\t<div class=\"elementor-container elementor-column-gap-default\">\n\t\t\t\t\t<div class=\"elementor-column elementor-col-100 elementor-top-column elementor-element elementor-element-d11cc8d\" data-id=\"d11cc8d\" data-element_type=\"column\">\n\t\t\t<div class=\"elementor-widget-wrap elementor-element-populated\">\n\t\t\t\t\t\t\t\t<div class=\"elementor-element elementor-element-31ae688 elementor-widget elementor-widget-heading\" data-id=\"31ae688\" data-element_type=\"widget\" data-widget_type=\"heading.default\">\n\t\t\t\t<div class=\"elementor-widget-container\">\n\t\t\t<h2 class=\"elementor-heading-title elementor-size-default\">Avril 2022<\/h2>\t\t<\/div>\n\t\t\t\t<\/div>\n\t\t\t\t\t<\/div>\n\t\t<\/div>\n\t\t\t\t\t\t\t<\/div>\n\t\t<\/section>\n\t\t\t\t<section class=\"elementor-section elementor-top-section elementor-element elementor-element-2c9a1e0 elementor-section-stretched elementor-section-boxed elementor-section-height-default elementor-section-height-default\" data-id=\"2c9a1e0\" data-element_type=\"section\" data-settings=\"{&quot;stretch_section&quot;:&quot;section-stretched&quot;}\">\n\t\t\t\t\t\t<div class=\"elementor-container elementor-column-gap-default\">\n\t\t\t\t\t<div class=\"elementor-column elementor-col-50 elementor-top-column elementor-element elementor-element-4027076\" data-id=\"4027076\" data-element_type=\"column\">\n\t\t\t<div class=\"elementor-widget-wrap elementor-element-populated\">\n\t\t\t\t\t\t\t\t<div class=\"elementor-element elementor-element-02a1108 elementor-widget elementor-widget-image\" data-id=\"02a1108\" data-element_type=\"widget\" data-widget_type=\"image.default\">\n\t\t\t\t<div class=\"elementor-widget-container\">\n\t\t\t\t\t\t\t\t\t\t\t\t\t\t\t<img loading=\"lazy\" decoding=\"async\" width=\"698\" height=\"1024\" src=\"https:\/\/www.musicabedoin.org\/wp-content\/uploads\/2022\/10\/fables-698x1024.jpg\" class=\"attachment-large size-large wp-image-324\" alt=\"\" srcset=\"https:\/\/www.musicabedoin.org\/wp-content\/uploads\/2022\/10\/fables-698x1024.jpg 698w, https:\/\/www.musicabedoin.org\/wp-content\/uploads\/2022\/10\/fables-204x300.jpg 204w, https:\/\/www.musicabedoin.org\/wp-content\/uploads\/2022\/10\/fables-768x1127.jpg 768w, https:\/\/www.musicabedoin.org\/wp-content\/uploads\/2022\/10\/fables-1047x1536.jpg 1047w, https:\/\/www.musicabedoin.org\/wp-content\/uploads\/2022\/10\/fables.jpg 1123w\" sizes=\"auto, (max-width: 698px) 100vw, 698px\" \/>\t\t\t\t\t\t\t\t\t\t\t\t\t\t\t<\/div>\n\t\t\t\t<\/div>\n\t\t\t\t\t<\/div>\n\t\t<\/div>\n\t\t\t\t<div class=\"elementor-column elementor-col-50 elementor-top-column elementor-element elementor-element-d273370\" data-id=\"d273370\" data-element_type=\"column\">\n\t\t\t<div class=\"elementor-widget-wrap elementor-element-populated\">\n\t\t\t\t\t\t\t\t<div class=\"elementor-element elementor-element-420af7a elementor-widget elementor-widget-text-editor\" data-id=\"420af7a\" data-element_type=\"widget\" data-widget_type=\"text-editor.default\">\n\t\t\t\t<div class=\"elementor-widget-container\">\n\t\t\t\t\t\t\t<p>Bonjour \u00e0 toutes et \u00e0 tous,<\/p><p>Pour celles et ceux qui voudront marquer dignement la f\u00eate du travail, l\u2019Atelier c\u00f4t\u00e9 Jardin vous convie \u00e0 l\u2019audition de fin d\u2019ann\u00e9e de ses \u00e9l\u00e8ves de la classe de chant, \u00e0 16h \u00e0 la Grange Piquet le 1<sup>er<\/sup> Mai prochain. Musica B\u00e9doin et ses m\u00e9lomanes et musiciens amateurs s\u2019associent avec plaisir \u00e0 cette manifestation. Le programme sera consacr\u00e9 aux animaux et aux fables, nous c\u00e9l\u00e9brons cette ann\u00e9e le 401\u00e8 anniversaire de la naissance de Jean de la Fontaine, chacun comprendra pourquoi nous n\u2019avons pas pu marquer l\u2019\u00e9v\u00e8nement l\u2019ann\u00e9e pass\u00e9e\u2026 Des chansons plut\u00f4t gaies (Lecoq, Offenbach), quelquefois ironiques (Mac\u00e9, Britten), toujours \u00e9l\u00e9gantes (Mozart) agr\u00e9ment\u00e9es de quelques po\u00e8mes (Jules Renard) et d\u2019extraits musicaux choisis.<\/p><p>Il n\u2019y a pas de bulletin sans musique. Comme nous ne sommes pas du genre \u00e0 m\u00e9langer la culture et la politique, et qu\u2019au contraire, les arts, et la musique en particulier sont les plus \u00e0 m\u00eame de rapprocher les peuples autour d\u2019\u00e9motions communes et de joies partag\u00e9es, je vous propose, c\u2019est de saison, un extrait de la suite n\u00b01, opus 5 de Serge Rachmaninov, intitul\u00e9e P\u00e2ques, avec Martha Argerich, dont je suis vous le savez peut-\u00eatre un grand fan\u00a0!<\/p><p><a href=\"https:\/\/www.youtube.com\/watch?v=Ln1MXA6Puwc\">Martha Argerich &amp; Lilya Zilberstein-Rachmaninov Suite No. 1,op.5,(IV. P\u00e2ques) &#8211; YouTube<\/a><\/p><p>Pour ne pas g\u00e2cher son plaisir, voici la Barcarolle de la m\u00eame suite, par les m\u00eames interpr\u00e8tes\u00a0:<\/p><p><a href=\"https:\/\/www.youtube.com\/watch?v=1NPn6vcQtrk\">Martha Argerich &amp; Lilya Zilberstein-Rachmaninov Suite No. 1,op.5,(I. Barcarolle) &#8211; YouTube<\/a><\/p>\t\t\t\t\t\t<\/div>\n\t\t\t\t<\/div>\n\t\t\t\t\t<\/div>\n\t\t<\/div>\n\t\t\t\t\t\t\t<\/div>\n\t\t<\/section>\n\t\t\t\t<section class=\"elementor-section elementor-top-section elementor-element elementor-element-7fe0d46 elementor-section-stretched elementor-section-boxed elementor-section-height-default elementor-section-height-default\" data-id=\"7fe0d46\" data-element_type=\"section\" data-settings=\"{&quot;stretch_section&quot;:&quot;section-stretched&quot;}\">\n\t\t\t\t\t\t<div class=\"elementor-container elementor-column-gap-default\">\n\t\t\t\t\t<div class=\"elementor-column elementor-col-50 elementor-top-column elementor-element elementor-element-0e1c827\" data-id=\"0e1c827\" data-element_type=\"column\">\n\t\t\t<div class=\"elementor-widget-wrap elementor-element-populated\">\n\t\t\t\t\t\t\t\t<div class=\"elementor-element elementor-element-ffa9962 elementor-widget elementor-widget-image\" data-id=\"ffa9962\" data-element_type=\"widget\" data-widget_type=\"image.default\">\n\t\t\t\t<div class=\"elementor-widget-container\">\n\t\t\t\t\t\t\t\t\t\t\t\t\t\t\t<img loading=\"lazy\" decoding=\"async\" width=\"189\" height=\"134\" src=\"https:\/\/www.musicabedoin.org\/wp-content\/uploads\/2022\/08\/22-04-14-logo-association.png\" class=\"attachment-large size-large wp-image-41\" alt=\"\" \/>\t\t\t\t\t\t\t\t\t\t\t\t\t\t\t<\/div>\n\t\t\t\t<\/div>\n\t\t\t\t\t<\/div>\n\t\t<\/div>\n\t\t\t\t<div class=\"elementor-column elementor-col-50 elementor-top-column elementor-element elementor-element-1d56916\" data-id=\"1d56916\" data-element_type=\"column\">\n\t\t\t<div class=\"elementor-widget-wrap elementor-element-populated\">\n\t\t\t\t\t\t\t\t<div class=\"elementor-element elementor-element-3ff0f0d elementor-widget elementor-widget-text-editor\" data-id=\"3ff0f0d\" data-element_type=\"widget\" data-widget_type=\"text-editor.default\">\n\t\t\t\t<div class=\"elementor-widget-container\">\n\t\t\t\t\t\t\t<p>Vous aurez remarqu\u00e9, nous avons chang\u00e9 de nom, plus simple, plus proche de toutes et de tous, plus accessible, toujours enracin\u00e9 dans notre Territoire.<\/p>\n<p>Nous avons travaill\u00e9 plusieurs projets de logo, nous nous sommes arr\u00eat\u00e9s sur le plus simple&nbsp;!<span style=\"font-size: 20px; color: var( --e-global-color-text );\">Nous esp\u00e9rons qu\u2019il vous plaira.<\/span><\/p>\n<p>En attendant de se revoir pour partager ensemble d\u2019aimables moments musicaux, je vous souhaite de joyeuses f\u00eates de P\u00e2ques, que vous soyez croyant ou non. Profitez du soleil, des enfants et petits-enfants qui cherchent leurs \u0153ufs dans le jardin, de retrouvailles en famille ou entre amis, que la lumi\u00e8re du printemps annon\u00e7ant d\u00e9j\u00e0 l\u2019\u00e9t\u00e9 vienne r\u00e9chauffer vos c\u0153urs.<\/p>\n<p>Pierre Paul JOBERT<\/p>\n<p>Secr\u00e9taire de l\u2019Association Musique Op\u00e9ra B\u00e9doin<\/p>\t\t\t\t\t\t<\/div>\n\t\t\t\t<\/div>\n\t\t\t\t\t<\/div>\n\t\t<\/div>\n\t\t\t\t\t\t\t<\/div>\n\t\t<\/section>\n\t\t\t\t<section class=\"elementor-section elementor-top-section elementor-element elementor-element-0cbe018 elementor-section-stretched elementor-section-boxed elementor-section-height-default elementor-section-height-default\" data-id=\"0cbe018\" data-element_type=\"section\" data-settings=\"{&quot;stretch_section&quot;:&quot;section-stretched&quot;}\">\n\t\t\t\t\t\t<div class=\"elementor-container elementor-column-gap-default\">\n\t\t\t\t\t<div class=\"elementor-column elementor-col-100 elementor-top-column elementor-element elementor-element-792178f\" data-id=\"792178f\" data-element_type=\"column\">\n\t\t\t<div class=\"elementor-widget-wrap elementor-element-populated\">\n\t\t\t\t\t\t\t\t<div class=\"elementor-element elementor-element-e5d6132 elementor-widget elementor-widget-heading\" data-id=\"e5d6132\" data-element_type=\"widget\" data-widget_type=\"heading.default\">\n\t\t\t\t<div class=\"elementor-widget-container\">\n\t\t\t<h2 class=\"elementor-heading-title elementor-size-default\">F\u00e9vrier 2022<\/h2>\t\t<\/div>\n\t\t\t\t<\/div>\n\t\t\t\t\t<\/div>\n\t\t<\/div>\n\t\t\t\t\t\t\t<\/div>\n\t\t<\/section>\n\t\t\t\t<section class=\"elementor-section elementor-top-section elementor-element elementor-element-5a7b70f elementor-section-stretched elementor-section-boxed elementor-section-height-default elementor-section-height-default\" data-id=\"5a7b70f\" data-element_type=\"section\" data-settings=\"{&quot;stretch_section&quot;:&quot;section-stretched&quot;}\">\n\t\t\t\t\t\t<div class=\"elementor-container elementor-column-gap-default\">\n\t\t\t\t\t<div class=\"elementor-column elementor-col-100 elementor-top-column elementor-element elementor-element-c119932\" data-id=\"c119932\" data-element_type=\"column\">\n\t\t\t<div class=\"elementor-widget-wrap elementor-element-populated\">\n\t\t\t\t\t\t\t\t<div class=\"elementor-element elementor-element-dd87953 elementor-widget elementor-widget-text-editor\" data-id=\"dd87953\" data-element_type=\"widget\" data-widget_type=\"text-editor.default\">\n\t\t\t\t<div class=\"elementor-widget-container\">\n\t\t\t\t\t\t\t<p>Bonjour \u00e0 toutes et \u00e0 tous,<\/p><p>Il n\u2019y a pas d\u2019\u00e2ge pour rendre gr\u00e2ce \u00e0 l\u2019amour. Un petit bouquet fait toujours plaisir. Un bon repas en t\u00eate \u00e0 t\u00eate aussi\u00a0! Et s\u2019il manquait quelque chose\u00a0? Une ambiance musicale\u00a0? Il y a pl\u00e9thore de candidats dans la \u00ab\u00a0playlist\u00a0\u00bb id\u00e9ale pour un soir de Saint Valentin. Parmi tous les possibles, je vous propose un moment plein de tendresse et de douceur, avec de doux et quelquefois puissants \u00e9lans\u00a0:<\/p><p><a href=\"https:\/\/www.youtube.com\/watch?v=f6ETMtbcKrc\">Khachaturian: Adagio of Spartacus and Phrygia &#8211; UNC Symphony Orchestra &#8211; 2013 &#8211; YouTube<\/a><\/p><p>Pour qui voudrait mieux conna\u00eetre ce compositeur, souvent r\u00e9duit \u00e0 sa fameuse Danse du sabre, tir\u00e9e d\u2019un de ses ballets, je sugg\u00e8re la d\u00e9couverte de son concerto pour piano, et son merveilleux concerto pour fl\u00fbte, que vous trouverez sans difficult\u00e9 sur YouTube ou une des nombreuses plateformes de streaming.<\/p><p>Pour ce qui est de notre association, nous ne lui offrirons pas de fleurs, mais notre affection, notre int\u00e9r\u00eat, et tout notre soutien pour l\u2019ann\u00e9e 2022, dont tout laisse \u00e0 penser qu\u2019elle devrait nous permettre une programmation plus sereine. Nous y travaillons, avec nous l\u2019esp\u00e9rons quelques belles surprises originales.<\/p><p>Nous avons besoin de vous, sans vous nous ne pouvons rien. Aussi n\u2019attendez pas pour nous faire parvenir votre adh\u00e9sion, ou r\u00e9adh\u00e9sion, par ch\u00e8que \u00e0 l\u2019ordre de Musique Op\u00e9ra B\u00e9doin, \u00e0 faire parvenir \u00e0 Denis Fort, 1241 chemin des clops, 84410 B\u00e9doin.<\/p><p>Et n\u2019oubliez pas de marquer dans vos agendas la date du 26 mars, pour notre assembl\u00e9e g\u00e9n\u00e9rale, o\u00f9 des annonces tr\u00e8s importantes seront faites, avant de profiter tous ensemble du concert propos\u00e9 par le quatuor Ianos.<\/p><p>Toujours heureux de lire vos commentaires, votre d\u00e9vou\u00e9,<\/p><p>Pierre Paul JOBERT<\/p><p>Secr\u00e9taire de l\u2019Association Musique Op\u00e9ra B\u00e9doin.<\/p>\t\t\t\t\t\t<\/div>\n\t\t\t\t<\/div>\n\t\t\t\t\t<\/div>\n\t\t<\/div>\n\t\t\t\t\t\t\t<\/div>\n\t\t<\/section>\n\t\t\t\t<section class=\"elementor-section elementor-top-section elementor-element elementor-element-1af8866 elementor-section-stretched elementor-section-boxed elementor-section-height-default elementor-section-height-default\" data-id=\"1af8866\" data-element_type=\"section\" data-settings=\"{&quot;stretch_section&quot;:&quot;section-stretched&quot;}\">\n\t\t\t\t\t\t<div class=\"elementor-container elementor-column-gap-default\">\n\t\t\t\t\t<div class=\"elementor-column elementor-col-100 elementor-top-column elementor-element elementor-element-63c91a2\" data-id=\"63c91a2\" data-element_type=\"column\">\n\t\t\t<div class=\"elementor-widget-wrap elementor-element-populated\">\n\t\t\t\t\t\t\t\t<div class=\"elementor-element elementor-element-68b949d elementor-widget elementor-widget-heading\" data-id=\"68b949d\" data-element_type=\"widget\" data-widget_type=\"heading.default\">\n\t\t\t\t<div class=\"elementor-widget-container\">\n\t\t\t<h2 class=\"elementor-heading-title elementor-size-default\">Janvier 2022<\/h2>\t\t<\/div>\n\t\t\t\t<\/div>\n\t\t\t\t\t<\/div>\n\t\t<\/div>\n\t\t\t\t\t\t\t<\/div>\n\t\t<\/section>\n\t\t\t\t<section class=\"elementor-section elementor-top-section elementor-element elementor-element-634eb5c elementor-section-stretched elementor-section-boxed elementor-section-height-default elementor-section-height-default\" data-id=\"634eb5c\" data-element_type=\"section\" data-settings=\"{&quot;stretch_section&quot;:&quot;section-stretched&quot;}\">\n\t\t\t\t\t\t<div class=\"elementor-container elementor-column-gap-default\">\n\t\t\t\t\t<div class=\"elementor-column elementor-col-100 elementor-top-column elementor-element elementor-element-d2c0e7b\" data-id=\"d2c0e7b\" data-element_type=\"column\">\n\t\t\t<div class=\"elementor-widget-wrap elementor-element-populated\">\n\t\t\t\t\t\t\t\t<div class=\"elementor-element elementor-element-22673d9 elementor-widget elementor-widget-text-editor\" data-id=\"22673d9\" data-element_type=\"widget\" data-widget_type=\"text-editor.default\">\n\t\t\t\t<div class=\"elementor-widget-container\">\n\t\t\t\t\t\t\t<p>Madame, Monsieur,<\/p><p>Tout d\u2019abord, permettez-moi au nom du Bureau de l\u2019Association de vous pr\u00e9senter nos meilleurs v\u0153ux pour l\u2019ann\u00e9e qui vient de s\u2019ouvrir, avec ce qu\u2019il faut de sant\u00e9, de joie, de lumi\u00e8re int\u00e9rieure et de plaisirs musicaux\u00a0!<\/p><p>Pour bien commencer, je vous propose une musique entra\u00eenante, gaie, joyeuse, de Jean Sibelius, bien loin de la Valse Triste ou des habituels extraits de Peer Gynt. La suite (op11) extraite de la musique de sc\u00e8ne Karelia (1893), destin\u00e9e \u00e0 raconter en musique l\u2019histoire de la Car\u00e9lie, comprend trois mouvements dont j\u2019ai s\u00e9lectionn\u00e9 le dernier, intitul\u00e9 \u00ab\u00a0Alla Marcia\u00a0\u00bb. Outre la qualit\u00e9 de l\u2019orchestre, l\u2019interpr\u00e9tation ci-dessous vaut par la complicit\u00e9 entre le chef et ses jeunes musiciens, dans un enthousiasme communicatif.<\/p><p><a href=\"https:\/\/www.youtube.com\/watch?v=t0UcJQY_dNk\">Jean Sibelius Karelia Suite (Alla Marcia) &#8211; YouTube<\/a><\/p><p>Notre association esp\u00e8re bien pouvoir reprendre ses activit\u00e9s habituelles cette ann\u00e9e, apr\u00e8s des p\u00e9riodes difficiles pour tout le monde, et \u00ab\u00a0en passant entre les gouttes\u00a0\u00bb nous avons malgr\u00e9 tout pu organiser sept concerts et une conf\u00e9rence.<\/p><p>N\u2019ayant pas sollicit\u00e9 de cotisations en 2021, nous avons \u00e0 pr\u00e9sent besoin de vous toutes et tous, pour soutenir nos activit\u00e9s, et vous permettre d\u2019acc\u00e9der \u00e0 nos manifestations avec un prix r\u00e9duit. Vous pouvez d\u2019ores et d\u00e9j\u00e0 envoyer votre ch\u00e8que d\u2019adh\u00e9sion (20\u20ac\/pers) ou de r\u00e9adh\u00e9sion \u00e0 notre pr\u00e9sident (Denis Fort, 1241 Chemin des Clops, 84410 B\u00e9doin)<\/p><p>A vos agenda\u00a0: notre assembl\u00e9e g\u00e9n\u00e9rale est d\u2019ores et d\u00e9j\u00e0 pr\u00e9vue le 26 mars prochain, au Centre Culturel. Elle sera suivie, c\u2019est la tradition, par un concert. Ce sera le quatuor Ianos qui ouvrira la saison. Nous vous attendons nombreux. Nous aurons l\u2019occasion d\u2019\u00e9voquer la vie et le futur de notre association.<\/p><p>Dans l\u2019attente, bonne \u00e9coute et au plaisir de lire vos commentaires \u00e9ventuels.<\/p><p>Pierre Paul JOBERT<\/p><p>Secr\u00e9taire de l\u2019Association<\/p>\t\t\t\t\t\t<\/div>\n\t\t\t\t<\/div>\n\t\t\t\t\t<\/div>\n\t\t<\/div>\n\t\t\t\t\t\t\t<\/div>\n\t\t<\/section>\n\t\t\t\t<section class=\"elementor-section elementor-top-section elementor-element elementor-element-d52542e elementor-section-stretched elementor-section-boxed elementor-section-height-default elementor-section-height-default\" data-id=\"d52542e\" data-element_type=\"section\" data-settings=\"{&quot;stretch_section&quot;:&quot;section-stretched&quot;}\">\n\t\t\t\t\t\t<div class=\"elementor-container elementor-column-gap-default\">\n\t\t\t\t\t<div class=\"elementor-column elementor-col-100 elementor-top-column elementor-element elementor-element-b9fe245\" data-id=\"b9fe245\" data-element_type=\"column\">\n\t\t\t<div class=\"elementor-widget-wrap elementor-element-populated\">\n\t\t\t\t\t\t\t\t<div class=\"elementor-element elementor-element-e66dfaf elementor-widget elementor-widget-heading\" data-id=\"e66dfaf\" data-element_type=\"widget\" data-widget_type=\"heading.default\">\n\t\t\t\t<div class=\"elementor-widget-container\">\n\t\t\t<h2 class=\"elementor-heading-title elementor-size-default\">D\u00e9cembre 2021<\/h2>\t\t<\/div>\n\t\t\t\t<\/div>\n\t\t\t\t\t<\/div>\n\t\t<\/div>\n\t\t\t\t\t\t\t<\/div>\n\t\t<\/section>\n\t\t\t\t<section class=\"elementor-section elementor-top-section elementor-element elementor-element-361dffa elementor-section-stretched elementor-section-boxed elementor-section-height-default elementor-section-height-default\" data-id=\"361dffa\" data-element_type=\"section\" data-settings=\"{&quot;stretch_section&quot;:&quot;section-stretched&quot;}\">\n\t\t\t\t\t\t<div class=\"elementor-container elementor-column-gap-default\">\n\t\t\t\t\t<div class=\"elementor-column elementor-col-50 elementor-top-column elementor-element elementor-element-868c5e4\" data-id=\"868c5e4\" data-element_type=\"column\">\n\t\t\t<div class=\"elementor-widget-wrap elementor-element-populated\">\n\t\t\t\t\t\t\t\t<div class=\"elementor-element elementor-element-3b2be64 elementor-widget elementor-widget-image\" data-id=\"3b2be64\" data-element_type=\"widget\" data-widget_type=\"image.default\">\n\t\t\t\t<div class=\"elementor-widget-container\">\n\t\t\t\t\t\t\t\t\t\t\t\t\t\t\t<img loading=\"lazy\" decoding=\"async\" width=\"768\" height=\"845\" src=\"https:\/\/www.musicabedoin.org\/wp-content\/uploads\/2022\/10\/montagne.jpg\" class=\"attachment-large size-large wp-image-319\" alt=\"\" srcset=\"https:\/\/www.musicabedoin.org\/wp-content\/uploads\/2022\/10\/montagne.jpg 768w, https:\/\/www.musicabedoin.org\/wp-content\/uploads\/2022\/10\/montagne-273x300.jpg 273w\" sizes=\"auto, (max-width: 768px) 100vw, 768px\" \/>\t\t\t\t\t\t\t\t\t\t\t\t\t\t\t<\/div>\n\t\t\t\t<\/div>\n\t\t\t\t\t<\/div>\n\t\t<\/div>\n\t\t\t\t<div class=\"elementor-column elementor-col-50 elementor-top-column elementor-element elementor-element-9ab7f67\" data-id=\"9ab7f67\" data-element_type=\"column\">\n\t\t\t<div class=\"elementor-widget-wrap elementor-element-populated\">\n\t\t\t\t\t\t\t\t<div class=\"elementor-element elementor-element-5443158 elementor-widget elementor-widget-text-editor\" data-id=\"5443158\" data-element_type=\"widget\" data-widget_type=\"text-editor.default\">\n\t\t\t\t<div class=\"elementor-widget-container\">\n\t\t\t\t\t\t\t<p>Madame, Monsieur,<\/p><p>Eh oui, nous sommes en p\u00e9riode de f\u00eates, avec les pr\u00e9paratifs culinaires, la recherche effr\u00e9n\u00e9e des cadeaux, les soucis des d\u00e9placements des uns et des autres, l\u2019inqui\u00e9tude sanitaire qui perdure\u2026<\/p><p>Et si nous nous \u00e9vadions quelques minutes\u00a0?<\/p><p>J\u2019ai pris l\u2019habitude, apparemment appr\u00e9ci\u00e9e, de partager avec vous mes musiques \u00e0 moi, celles qui me font vibrer depuis longtemps, bien souvent \u00e0 c\u00f4t\u00e9 du r\u00e9pertoire conventionnel. Permettez que je poursuive aujourd\u2019hui, en cette avant-veille de No\u00ebl.<\/p><p>Flute et piano, dans la sonatine de Henri Dutilleux. Un des plus grands compositeurs fran\u00e7ais du si\u00e8cle dernier, d\u2019une \u00e9l\u00e9gance rare, malheureusement bien m\u00e9connu.<\/p><p><a href=\"https:\/\/www.youtube.com\/watch?v=ktWnpvy8Ud8\">Catherine Karoly: Dutilleux Sonatine &#8211; YouTube<\/a><\/p><p>Regardez cette jeune instrumentiste, ou bien fermez les yeux, laissez vous aller \u00e0 la r\u00eaverie, nul doute que cette musique vous emportera loin des soucis du quotidien, pour retrouver un peu de la s\u00e9r\u00e9nit\u00e9 qui nous manque tant\u00a0!<\/p><p>Permettez qu\u2019au nom du bureau de l\u2019association Musique Op\u00e9ra B\u00e9doin, je vous souhaite un tr\u00e8s joyeux No\u00ebl, plein de tendresse, plein d\u2019amiti\u00e9, plein d\u2019amour.<\/p><p>Pierre Paul JOBERT<\/p><p>Secr\u00e9taire de l\u2019Association Musique Op\u00e9ra B\u00e9doin<\/p>\t\t\t\t\t\t<\/div>\n\t\t\t\t<\/div>\n\t\t\t\t\t<\/div>\n\t\t<\/div>\n\t\t\t\t\t\t\t<\/div>\n\t\t<\/section>\n\t\t\t\t<section class=\"elementor-section elementor-top-section elementor-element elementor-element-2a9dc78 elementor-section-stretched elementor-section-boxed elementor-section-height-default elementor-section-height-default\" data-id=\"2a9dc78\" data-element_type=\"section\" data-settings=\"{&quot;stretch_section&quot;:&quot;section-stretched&quot;}\">\n\t\t\t\t\t\t<div class=\"elementor-container elementor-column-gap-default\">\n\t\t\t\t\t<div class=\"elementor-column elementor-col-100 elementor-top-column elementor-element elementor-element-46a787a\" data-id=\"46a787a\" data-element_type=\"column\">\n\t\t\t<div class=\"elementor-widget-wrap elementor-element-populated\">\n\t\t\t\t\t\t\t\t<div class=\"elementor-element elementor-element-cc15581 elementor-widget elementor-widget-heading\" data-id=\"cc15581\" data-element_type=\"widget\" data-widget_type=\"heading.default\">\n\t\t\t\t<div class=\"elementor-widget-container\">\n\t\t\t<h2 class=\"elementor-heading-title elementor-size-default\">Juillet 2021<\/h2>\t\t<\/div>\n\t\t\t\t<\/div>\n\t\t\t\t\t<\/div>\n\t\t<\/div>\n\t\t\t\t\t\t\t<\/div>\n\t\t<\/section>\n\t\t\t\t<section class=\"elementor-section elementor-top-section elementor-element elementor-element-b57324d elementor-section-stretched elementor-section-boxed elementor-section-height-default elementor-section-height-default\" data-id=\"b57324d\" data-element_type=\"section\" data-settings=\"{&quot;stretch_section&quot;:&quot;section-stretched&quot;}\">\n\t\t\t\t\t\t<div class=\"elementor-container elementor-column-gap-default\">\n\t\t\t\t\t<div class=\"elementor-column elementor-col-100 elementor-top-column elementor-element elementor-element-574798f\" data-id=\"574798f\" data-element_type=\"column\">\n\t\t\t<div class=\"elementor-widget-wrap elementor-element-populated\">\n\t\t\t\t\t\t\t\t<div class=\"elementor-element elementor-element-e936a52 elementor-widget elementor-widget-text-editor\" data-id=\"e936a52\" data-element_type=\"widget\" data-widget_type=\"text-editor.default\">\n\t\t\t\t<div class=\"elementor-widget-container\">\n\t\t\t\t\t\t\t<p>Madame, Monsieur,<\/p><p>Dans cette p\u00e9riode incertaine, o\u00f9 tangue la raison, je vous propose un peu de l\u00e9g\u00e8ret\u00e9.<\/p><p>Le compositeur n\u00e9erlandais Wagenaar (1862 &#8211; 1941) a compos\u00e9 une ouverture sur le th\u00e8me de la m\u00e9g\u00e8re apprivois\u00e9e de Shakespeare. C\u2019est \u00e0 la fois un scherzo symphonique et une magnifique musique de film. Ceux qui aiment Korngold\u00a0s\u2019y retrouveront\u00a0!\u00a0 On y viendra prochainement.<\/p><p>Merci en tout cas \u00e0 Francis Dr\u00e9sel de Radio Classique pour ses programmations toujours pleines de d\u00e9couvertes\u00a0:<\/p><p><a href=\"https:\/\/www.youtube.com\/watch?v=tJG6RWZK5uI\">https:\/\/www.youtube.com\/watch?v=tJG6RWZK5uI<\/a><\/p><p>Par ailleurs, vous l\u2019avez bien compris, nous n\u2019avons pas pu organiser de concert fin Juillet, pour des raisons purement logistiques concernant un des instrumentistes. Nous en sommes d\u00e9sol\u00e9s.<\/p><p>Cependant nous esp\u00e9rons toujours pouvoir vous proposer le trio de Harpistes le 11 septembre prochain, et vous y voir tr\u00e8s nombreux.<\/p><p>Nous vous souhaitons un tr\u00e8s bel \u00e9t\u00e9 plein de belles musiques.<\/p><p>Pierre Paul JOBERT<\/p><p>Secr\u00e9taire de l\u2019Association Musique Op\u00e9ra B\u00e9doin<\/p><p>\u00a0<\/p>\t\t\t\t\t\t<\/div>\n\t\t\t\t<\/div>\n\t\t\t\t\t<\/div>\n\t\t<\/div>\n\t\t\t\t\t\t\t<\/div>\n\t\t<\/section>\n\t\t\t\t<section class=\"elementor-section elementor-top-section elementor-element elementor-element-37cfd58 elementor-section-stretched elementor-section-boxed elementor-section-height-default elementor-section-height-default\" data-id=\"37cfd58\" data-element_type=\"section\" data-settings=\"{&quot;stretch_section&quot;:&quot;section-stretched&quot;}\">\n\t\t\t\t\t\t<div class=\"elementor-container elementor-column-gap-default\">\n\t\t\t\t\t<div class=\"elementor-column elementor-col-100 elementor-top-column elementor-element elementor-element-9357a4c\" data-id=\"9357a4c\" data-element_type=\"column\">\n\t\t\t<div class=\"elementor-widget-wrap elementor-element-populated\">\n\t\t\t\t\t\t\t\t<div class=\"elementor-element elementor-element-39f3fa4 elementor-widget elementor-widget-heading\" data-id=\"39f3fa4\" data-element_type=\"widget\" data-widget_type=\"heading.default\">\n\t\t\t\t<div class=\"elementor-widget-container\">\n\t\t\t<h2 class=\"elementor-heading-title elementor-size-default\">Juin 2021<\/h2>\t\t<\/div>\n\t\t\t\t<\/div>\n\t\t\t\t\t<\/div>\n\t\t<\/div>\n\t\t\t\t\t\t\t<\/div>\n\t\t<\/section>\n\t\t\t\t<section class=\"elementor-section elementor-top-section elementor-element elementor-element-41a9f54 elementor-section-stretched elementor-section-boxed elementor-section-height-default elementor-section-height-default\" data-id=\"41a9f54\" data-element_type=\"section\" data-settings=\"{&quot;stretch_section&quot;:&quot;section-stretched&quot;}\">\n\t\t\t\t\t\t<div class=\"elementor-container elementor-column-gap-default\">\n\t\t\t\t\t<div class=\"elementor-column elementor-col-50 elementor-top-column elementor-element elementor-element-3528a99\" data-id=\"3528a99\" data-element_type=\"column\">\n\t\t\t<div class=\"elementor-widget-wrap elementor-element-populated\">\n\t\t\t\t\t\t\t\t<div class=\"elementor-element elementor-element-a2042f7 elementor-absolute elementor-widget elementor-widget-image\" data-id=\"a2042f7\" data-element_type=\"widget\" data-settings=\"{&quot;_position&quot;:&quot;absolute&quot;}\" data-widget_type=\"image.default\">\n\t\t\t\t<div class=\"elementor-widget-container\">\n\t\t\t\t\t\t\t\t\t\t\t\t\t\t\t<img loading=\"lazy\" decoding=\"async\" width=\"1024\" height=\"576\" src=\"https:\/\/www.musicabedoin.org\/wp-content\/uploads\/2022\/09\/20210612_200906-1024x576.jpg\" class=\"attachment-large size-large wp-image-308\" alt=\"\" srcset=\"https:\/\/www.musicabedoin.org\/wp-content\/uploads\/2022\/09\/20210612_200906-1024x576.jpg 1024w, https:\/\/www.musicabedoin.org\/wp-content\/uploads\/2022\/09\/20210612_200906-300x169.jpg 300w, https:\/\/www.musicabedoin.org\/wp-content\/uploads\/2022\/09\/20210612_200906-768x432.jpg 768w, https:\/\/www.musicabedoin.org\/wp-content\/uploads\/2022\/09\/20210612_200906-1536x864.jpg 1536w, https:\/\/www.musicabedoin.org\/wp-content\/uploads\/2022\/09\/20210612_200906-2048x1152.jpg 2048w, https:\/\/www.musicabedoin.org\/wp-content\/uploads\/2022\/09\/20210612_200906-800x450.jpg 800w\" sizes=\"auto, (max-width: 1024px) 100vw, 1024px\" \/>\t\t\t\t\t\t\t\t\t\t\t\t\t\t\t<\/div>\n\t\t\t\t<\/div>\n\t\t\t\t\t<\/div>\n\t\t<\/div>\n\t\t\t\t<div class=\"elementor-column elementor-col-50 elementor-top-column elementor-element elementor-element-c812b7d\" data-id=\"c812b7d\" data-element_type=\"column\">\n\t\t\t<div class=\"elementor-widget-wrap elementor-element-populated\">\n\t\t\t\t\t\t\t\t<div class=\"elementor-element elementor-element-d31ada6 elementor-widget elementor-widget-text-editor\" data-id=\"d31ada6\" data-element_type=\"widget\" data-widget_type=\"text-editor.default\">\n\t\t\t\t<div class=\"elementor-widget-container\">\n\t\t\t\t\t\t\t<p class=\"ydpb0192080yiv0964643893msonormal\"><span style=\"font-size: 14.0pt; font-family: 'Times New Roman',serif;\">Madame, Monsieur,<\/span><\/p><p class=\"ydpb0192080yiv0964643893msonormal\"><span style=\"font-size: 14.0pt; font-family: 'Times New Roman',serif; color: #26282a;\">Samedi 12 juin, apr\u00e8s notre assembl\u00e9e g\u00e9n\u00e9rale qui a reconduit le bureau et le conseil d\u2019administration et approuv\u00e9 le rapport moral du pr\u00e9sident et les comptes pr\u00e9sent\u00e9s par la tr\u00e9sori\u00e8re, nous avons eu le plaisir d\u2019offrir \u00e0 un public aussi attentif qu\u2019enthousiaste un magnifique programme autour de l\u2019Espagne avec des \u0153uvres de Saint-Sa\u00ebns, Casals, Ravel, et Alb\u00e9niz, gr\u00e2ce \u00e0 deux magnifiques artistes de renomm\u00e9e internationale, Sharman Plesner au violon et Marc Dobrinski au violoncelle. <\/span><\/p><p class=\"ydpb0192080yiv0964643893msonormal\"><span style=\"font-size: 14.0pt; font-family: 'Times New Roman',serif; color: #26282a;\">Nous nous retrouverons le 11 septembre pour un concert propos\u00e9 par trois harpistes de grand talent. Pouvons-nous compter sur vous\u00a0?<\/span><\/p><p class=\"ydpb0192080yiv0964643893msonormal\" style=\"margin: 0cm;\"><span style=\"font-size: 14.0pt; font-family: 'Times New Roman',serif; color: #26282a;\">Pierre Paul JOBERT<\/span><\/p><p class=\"ydpb0192080yiv0964643893msonormal\" style=\"margin: 0cm;\"><span style=\"font-size: 14.0pt; font-family: 'Times New Roman',serif; color: #26282a;\">Secr\u00e9taire de l\u2019association Musique Op\u00e9ra B\u00e9doin<\/span><\/p>\t\t\t\t\t\t<\/div>\n\t\t\t\t<\/div>\n\t\t\t\t\t<\/div>\n\t\t<\/div>\n\t\t\t\t\t\t\t<\/div>\n\t\t<\/section>\n\t\t\t\t<section class=\"elementor-section elementor-top-section elementor-element elementor-element-f4bca23 elementor-section-stretched elementor-section-boxed elementor-section-height-default elementor-section-height-default\" data-id=\"f4bca23\" data-element_type=\"section\" data-settings=\"{&quot;stretch_section&quot;:&quot;section-stretched&quot;}\">\n\t\t\t\t\t\t<div class=\"elementor-container elementor-column-gap-default\">\n\t\t\t\t\t<div class=\"elementor-column elementor-col-100 elementor-top-column elementor-element elementor-element-c385baa\" data-id=\"c385baa\" data-element_type=\"column\">\n\t\t\t<div class=\"elementor-widget-wrap elementor-element-populated\">\n\t\t\t\t\t\t\t\t<div class=\"elementor-element elementor-element-41947a0 elementor-widget elementor-widget-heading\" data-id=\"41947a0\" data-element_type=\"widget\" data-widget_type=\"heading.default\">\n\t\t\t\t<div class=\"elementor-widget-container\">\n\t\t\t<h2 class=\"elementor-heading-title elementor-size-default\">Mai 2021<\/h2>\t\t<\/div>\n\t\t\t\t<\/div>\n\t\t\t\t\t<\/div>\n\t\t<\/div>\n\t\t\t\t\t\t\t<\/div>\n\t\t<\/section>\n\t\t\t\t<section class=\"elementor-section elementor-top-section elementor-element elementor-element-8f1be56 elementor-section-stretched elementor-section-boxed elementor-section-height-default elementor-section-height-default\" data-id=\"8f1be56\" data-element_type=\"section\" data-settings=\"{&quot;stretch_section&quot;:&quot;section-stretched&quot;}\">\n\t\t\t\t\t\t<div class=\"elementor-container elementor-column-gap-default\">\n\t\t\t\t\t<div class=\"elementor-column elementor-col-100 elementor-top-column elementor-element elementor-element-a9ef0ba\" data-id=\"a9ef0ba\" data-element_type=\"column\">\n\t\t\t<div class=\"elementor-widget-wrap elementor-element-populated\">\n\t\t\t\t\t\t\t\t<div class=\"elementor-element elementor-element-632d3e7 elementor-widget elementor-widget-text-editor\" data-id=\"632d3e7\" data-element_type=\"widget\" data-widget_type=\"text-editor.default\">\n\t\t\t\t<div class=\"elementor-widget-container\">\n\t\t\t\t\t\t\t<p>Chers adh\u00e9rents, anciens et futurs adh\u00e9rents,<\/p><p>Sauf catastrophe, nous devrions tenir l\u2019assembl\u00e9e g\u00e9n\u00e9rale de Musique Op\u00e9ra B\u00e9doin le samedi 12 Juin \u00e0 17h30. Elle sera suivie d\u2019un concert \u00e0 19h avec un duo violon violoncelle dans l\u2019auditorium.<\/p><p>Nous comptons sur votre pr\u00e9sence. La convocation va vous parvenir d\u2019ici peu.<\/p><p>Nous avons l\u2019espoir et la volont\u00e9 de reprendre nos activit\u00e9s, avec un programme all\u00e9chant d\u2019ici la fin de l\u2019ann\u00e9e.<\/p><p>Et en attendant voici de quoi se donner du baume au c\u0153ur\u00a0!<\/p><p><a href=\"https:\/\/www.youtube.com\/watch?v=EkeIcuSC4A0\">Gustavo Dudamel &#8220;Danzon No.2&#8221; &#8211; with sound! &#8211; YouTube<\/a><\/p><p>A bient\u00f4t le plaisir de se revoir pour partager notre passion pour la musique.<\/p><p>Pierre Paul JOBERT<\/p><p>Secr\u00e9taire de l\u2019association Musique Op\u00e9ra B\u00e9doin<\/p>\t\t\t\t\t\t<\/div>\n\t\t\t\t<\/div>\n\t\t\t\t\t<\/div>\n\t\t<\/div>\n\t\t\t\t\t\t\t<\/div>\n\t\t<\/section>\n\t\t\t\t<section class=\"elementor-section elementor-top-section elementor-element elementor-element-90de613 elementor-section-stretched elementor-section-boxed elementor-section-height-default elementor-section-height-default\" data-id=\"90de613\" data-element_type=\"section\" data-settings=\"{&quot;stretch_section&quot;:&quot;section-stretched&quot;}\">\n\t\t\t\t\t\t<div class=\"elementor-container elementor-column-gap-default\">\n\t\t\t\t\t<div class=\"elementor-column elementor-col-100 elementor-top-column elementor-element elementor-element-cace4a9\" data-id=\"cace4a9\" data-element_type=\"column\">\n\t\t\t<div class=\"elementor-widget-wrap elementor-element-populated\">\n\t\t\t\t\t\t\t\t<div class=\"elementor-element elementor-element-f0a30db elementor-widget elementor-widget-heading\" data-id=\"f0a30db\" data-element_type=\"widget\" data-widget_type=\"heading.default\">\n\t\t\t\t<div class=\"elementor-widget-container\">\n\t\t\t<h2 class=\"elementor-heading-title elementor-size-default\">Avril 2021<\/h2>\t\t<\/div>\n\t\t\t\t<\/div>\n\t\t\t\t\t<\/div>\n\t\t<\/div>\n\t\t\t\t\t\t\t<\/div>\n\t\t<\/section>\n\t\t\t\t<section class=\"elementor-section elementor-top-section elementor-element elementor-element-42edc16 elementor-section-stretched elementor-section-boxed elementor-section-height-default elementor-section-height-default\" data-id=\"42edc16\" data-element_type=\"section\" data-settings=\"{&quot;stretch_section&quot;:&quot;section-stretched&quot;}\">\n\t\t\t\t\t\t<div class=\"elementor-container elementor-column-gap-default\">\n\t\t\t\t\t<div class=\"elementor-column elementor-col-100 elementor-top-column elementor-element elementor-element-92d218d\" data-id=\"92d218d\" data-element_type=\"column\">\n\t\t\t<div class=\"elementor-widget-wrap elementor-element-populated\">\n\t\t\t\t\t\t\t\t<div class=\"elementor-element elementor-element-1223ca4 elementor-widget elementor-widget-text-editor\" data-id=\"1223ca4\" data-element_type=\"widget\" data-widget_type=\"text-editor.default\">\n\t\t\t\t<div class=\"elementor-widget-container\">\n\t\t\t\t\t\t\t<p>Madame, Monsieur,<\/p><p>Le printemps est arriv\u00e9 \u00e0 B\u00e9doin, h\u00e9sitant peut-\u00eatre mais il est bien l\u00e0.<\/p><p>Dans le grand nord, en avril, la glace peine encore \u00e0 fondre, je me rappelle de la mer Baltique, encore gel\u00e9e dans le golfe de Botnie gel\u00e9 pr\u00e8s de Oulu, au nord de la Finlande \u00e0 la m\u00eame \u00e9poque, il y a quelques ann\u00e9es\u2026<\/p><p>Bient\u00f4t, la vie va reprendre aussi l\u00e0-bas. La lumi\u00e8re revient, et avec elle le chant des oiseaux.<\/p><p>Je vous propose de l\u2019entendre ici\u00a0:<\/p><p><a href=\"https:\/\/www.youtube.com\/watch?v=8X2FU1KU4_U\">Rautavaara : Cantus Arcticus (Orchestre philharmonique de Radio France \/ Mikko Franck) &#8211; YouTube<\/a><\/p><p>Je suis s\u00fbr que Rautavaara est un compositeur finlandais que beaucoup d\u2019entre vous vont d\u00e9couvrir.<\/p><p>Je vous souhaite un beau voyage par la pens\u00e9e dans les terres vierges du Grand Nord, d\u2019une puret\u00e9 sans \u00e9gale.<\/p><p>A bient\u00f4t.<\/p><p>Pierre Paul JOBERT<\/p><p>Secr\u00e9taire de l\u2019association Musique Op\u00e9ra B\u00e9doin.<\/p><p>PS\u00a0: si tout va bien, nous devrions nous retrouver en Juin, nous vous en informerons bien vite.<\/p>\t\t\t\t\t\t<\/div>\n\t\t\t\t<\/div>\n\t\t\t\t\t<\/div>\n\t\t<\/div>\n\t\t\t\t\t\t\t<\/div>\n\t\t<\/section>\n\t\t\t\t<section class=\"elementor-section elementor-top-section elementor-element elementor-element-642eeff elementor-section-stretched elementor-section-boxed elementor-section-height-default elementor-section-height-default\" data-id=\"642eeff\" data-element_type=\"section\" data-settings=\"{&quot;stretch_section&quot;:&quot;section-stretched&quot;}\">\n\t\t\t\t\t\t<div class=\"elementor-container elementor-column-gap-default\">\n\t\t\t\t\t<div class=\"elementor-column elementor-col-100 elementor-top-column elementor-element elementor-element-2e3f930\" data-id=\"2e3f930\" data-element_type=\"column\">\n\t\t\t<div class=\"elementor-widget-wrap elementor-element-populated\">\n\t\t\t\t\t\t\t\t<div class=\"elementor-element elementor-element-bdd1c7c elementor-widget elementor-widget-heading\" data-id=\"bdd1c7c\" data-element_type=\"widget\" data-widget_type=\"heading.default\">\n\t\t\t\t<div class=\"elementor-widget-container\">\n\t\t\t<h2 class=\"elementor-heading-title elementor-size-default\">Mars 2021<\/h2>\t\t<\/div>\n\t\t\t\t<\/div>\n\t\t\t\t\t<\/div>\n\t\t<\/div>\n\t\t\t\t\t\t\t<\/div>\n\t\t<\/section>\n\t\t\t\t<section class=\"elementor-section elementor-top-section elementor-element elementor-element-64a9ece elementor-section-stretched elementor-section-boxed elementor-section-height-default elementor-section-height-default\" data-id=\"64a9ece\" data-element_type=\"section\" data-settings=\"{&quot;stretch_section&quot;:&quot;section-stretched&quot;}\">\n\t\t\t\t\t\t<div class=\"elementor-container elementor-column-gap-default\">\n\t\t\t\t\t<div class=\"elementor-column elementor-col-100 elementor-top-column elementor-element elementor-element-40d7e30\" data-id=\"40d7e30\" data-element_type=\"column\">\n\t\t\t<div class=\"elementor-widget-wrap elementor-element-populated\">\n\t\t\t\t\t\t\t\t<div class=\"elementor-element elementor-element-4b33a53 elementor-widget elementor-widget-text-editor\" data-id=\"4b33a53\" data-element_type=\"widget\" data-widget_type=\"text-editor.default\">\n\t\t\t\t<div class=\"elementor-widget-container\">\n\t\t\t\t\t\t\t<p>Bonjour \u00e0 toutes et \u00e0 tous,<\/p><p>Peut-\u00eatre la vie vous para\u00eet-elle un peu terne, r\u00e9p\u00e9titive, grisouille peut-\u00eatre, m\u00eame si le soleil du printemps vient r\u00e9veiller les feuillages.<\/p><p>En attendant de pouvoir se retrouver pour profiter ensemble de belles musiques, je vous propose aujourd\u2019hui une pi\u00e8ce que nous n\u2019entendrons jamais \u00e0 B\u00e9doin. Et pour cause, c\u2019est une symphonie concertante pour orgue.<\/p><p>Qui n\u2019a pas entendu une fois dans sa vie la troisi\u00e8me symphonie avec orgue de Saint Sa\u00ebns (dont on f\u00eate l\u2019anniversaire de la mort cette ann\u00e9e)\u00a0?<\/p><p>On conna\u00eet le roi des instruments comme chantre des \u00e9glises, on le conna\u00eet moins comme instrument soliste d\u2019un concerto.<\/p><p>Bien des compositeurs \u00ab\u00a0modernes\u00a0\u00bb ont fait fi des r\u00e8gles anciennes qui voulaient que l\u2019orgue ne put \u00eatre accompagn\u00e9 d\u2019instruments \u00e0 vents, ceci au nom du refus de la redondance.<\/p><p>D\u2019aucuns auront peut-\u00eatre entendu le concerto pour orgue de Francis Poulenc (compositeur qu\u2019il faudra bien mettre \u00e0 l\u2019honneur un jour dans un de nos concerts, ou un de ces bulletins).<\/p><p>Je gage que peu d\u2019entre vous connaissent Joseph Jongen (1873 -1953), compositeur belge, qui a produit en 1926 une symphonie concertante pour orgue.<\/p><p>Largement disponible sur youtube, j\u2019ai choisi le lien suivant\u00a0:<\/p><p><a href=\"https:\/\/www.youtube.com\/watch?v=orFBPjZN91M\">Virgil Fox | Jongen | Symphonie Concertante | Toccata &#8211; Allegro moderato &#8211; YouTube<\/a><\/p><p>Ce n\u2019est pas le meilleur orchestre ni la meilleure prise de son, mais l\u2019image permet de d\u00e9couvrir la performance de l\u2019organiste dans une toccata d\u00e9brid\u00e9e.<\/p><p>C\u2019est une musique pleine d\u2019\u00e9nergie, de joie et de force, un feu d\u2019artifice, exub\u00e9rant, profus, et qu\u2019on se rassure tout \u00e0 fait audible\u00a0!<\/p><p>Pour ceux que la musique \u00ab\u00a0contemporaine\u00a0\u00bb mais toujours audible ne rebute pas, je ne saurai trop vous conseiller de d\u00e9couvrir le concerto pour orgue de Thierry Escaich.<\/p><p>Au plaisir de lire vos commentaires, et surtout d\u2019envisager ensemble des manifestations non virtuelles.<\/p><p>Pierre Paul JOBERT<\/p><p>Secr\u00e9taire de l\u2019association Musique Op\u00e9ra B\u00e9doin<\/p>\t\t\t\t\t\t<\/div>\n\t\t\t\t<\/div>\n\t\t\t\t\t<\/div>\n\t\t<\/div>\n\t\t\t\t\t\t\t<\/div>\n\t\t<\/section>\n\t\t\t\t<section class=\"elementor-section elementor-top-section elementor-element elementor-element-66fd45e elementor-section-stretched elementor-section-boxed elementor-section-height-default elementor-section-height-default\" data-id=\"66fd45e\" data-element_type=\"section\" data-settings=\"{&quot;stretch_section&quot;:&quot;section-stretched&quot;}\">\n\t\t\t\t\t\t<div class=\"elementor-container elementor-column-gap-default\">\n\t\t\t\t\t<div class=\"elementor-column elementor-col-100 elementor-top-column elementor-element elementor-element-7708e1e\" data-id=\"7708e1e\" data-element_type=\"column\">\n\t\t\t<div class=\"elementor-widget-wrap elementor-element-populated\">\n\t\t\t\t\t\t\t\t<div class=\"elementor-element elementor-element-60a2e2d elementor-widget elementor-widget-heading\" data-id=\"60a2e2d\" data-element_type=\"widget\" data-widget_type=\"heading.default\">\n\t\t\t\t<div class=\"elementor-widget-container\">\n\t\t\t<h2 class=\"elementor-heading-title elementor-size-default\">Janvier 2021<\/h2>\t\t<\/div>\n\t\t\t\t<\/div>\n\t\t\t\t\t<\/div>\n\t\t<\/div>\n\t\t\t\t\t\t\t<\/div>\n\t\t<\/section>\n\t\t\t\t<section class=\"elementor-section elementor-top-section elementor-element elementor-element-c3055bc elementor-section-stretched elementor-section-boxed elementor-section-height-default elementor-section-height-default\" data-id=\"c3055bc\" data-element_type=\"section\" data-settings=\"{&quot;stretch_section&quot;:&quot;section-stretched&quot;}\">\n\t\t\t\t\t\t<div class=\"elementor-container elementor-column-gap-default\">\n\t\t\t\t\t<div class=\"elementor-column elementor-col-100 elementor-top-column elementor-element elementor-element-56f77fe\" data-id=\"56f77fe\" data-element_type=\"column\">\n\t\t\t<div class=\"elementor-widget-wrap elementor-element-populated\">\n\t\t\t\t\t\t\t\t<div class=\"elementor-element elementor-element-a075a38 elementor-widget elementor-widget-text-editor\" data-id=\"a075a38\" data-element_type=\"widget\" data-widget_type=\"text-editor.default\">\n\t\t\t\t<div class=\"elementor-widget-container\">\n\t\t\t\t\t\t\t<p>Bonjour \u00e0 toutes et \u00e0 tous,<\/p><p>Nous avions programm\u00e9 pour l\u2019automne un concert avec trois harpistes, report\u00e9 pour les raisons que l\u2019on sait. Occasion pour moi de vous proposer de (re)d\u00e9couvrir cet instrument d\u2019une fa\u00e7on un peu inattendue.<\/p><p>Beaucoup d\u2019entre vous connaissent s\u00fbrement le c\u00e9l\u00e9brissime concerto de Boieldieu (1795).<\/p><p>Inconsciemment, nous voyons courir sur les cordes tendues des mains f\u00e9minines, gracieuses et fines. Qui ne se souvient de Lili Laskine\u00a0ou de Marielle Nordmann ?<\/p><p>Le r\u00e9pertoire musical que nous parcourons est le plus souvent celui des compositeurs europ\u00e9ens, et c\u2019est bien normal.<\/p><p>Alors, aujourd\u2019hui, je vous propose de d\u00e9couvrir, tout \u00e0 rebours des id\u00e9es re\u00e7ues\u00a0:<\/p><ul><li>Un harpiste\u00a0: Xavier de Maistre<\/li><li>Un compositeur argentin\u00a0: Alberto Ginastera<\/li><li>Un concerto datant de 1956, puissant, rythm\u00e9, gracieux, tant\u00f4t nostalgique, tant\u00f4t jazzy.<\/li><\/ul><p>\u00a0Le voil\u00e0 : <a href=\"https:\/\/www.youtube.com\/watch?v=MNj6G43z7qA\">A. Ginastera \u2014 Harp Concerto Op. 25 \/ Xavier de Maistre, Jurek Dyba\u0142, Sinfonietta Cracovia &#8211; YouTube<\/a><\/p><p>\u00a0Je serai \u00e9videmment heureux d\u2019avoir vos commentaires\u00a0!<\/p><p>Je vous souhaite une bonne \u00e9coute et une bonne observation de l\u2019orchestre et du soliste.<\/p><p>\u00a0A bient\u00f4t pour d\u2019autres \u00e9vasions musicales.<\/p><p>\u00a0Pierre Paul JOBERT<\/p><p>Secr\u00e9taire de l\u2019Association MOB<\/p>\t\t\t\t\t\t<\/div>\n\t\t\t\t<\/div>\n\t\t\t\t\t<\/div>\n\t\t<\/div>\n\t\t\t\t\t\t\t<\/div>\n\t\t<\/section>\n\t\t\t\t<section class=\"elementor-section elementor-top-section elementor-element elementor-element-53ab7a3 elementor-section-boxed elementor-section-height-default elementor-section-height-default\" data-id=\"53ab7a3\" data-element_type=\"section\">\n\t\t\t\t\t\t<div class=\"elementor-container elementor-column-gap-default\">\n\t\t\t\t\t<div class=\"elementor-column elementor-col-100 elementor-top-column elementor-element elementor-element-31de8c9\" data-id=\"31de8c9\" data-element_type=\"column\">\n\t\t\t<div class=\"elementor-widget-wrap elementor-element-populated\">\n\t\t\t\t\t\t\t\t<div class=\"elementor-element elementor-element-bb3253f elementor-widget elementor-widget-heading\" data-id=\"bb3253f\" data-element_type=\"widget\" data-widget_type=\"heading.default\">\n\t\t\t\t<div class=\"elementor-widget-container\">\n\t\t\t<h2 class=\"elementor-heading-title elementor-size-default\">Novembre 2020<\/h2>\t\t<\/div>\n\t\t\t\t<\/div>\n\t\t\t\t\t<\/div>\n\t\t<\/div>\n\t\t\t\t\t\t\t<\/div>\n\t\t<\/section>\n\t\t\t\t<section class=\"elementor-section elementor-top-section elementor-element elementor-element-5fe54c9 elementor-section-stretched elementor-section-boxed elementor-section-height-default elementor-section-height-default\" data-id=\"5fe54c9\" data-element_type=\"section\" data-settings=\"{&quot;stretch_section&quot;:&quot;section-stretched&quot;}\">\n\t\t\t\t\t\t<div class=\"elementor-container elementor-column-gap-default\">\n\t\t\t\t\t<div class=\"elementor-column elementor-col-50 elementor-top-column elementor-element elementor-element-db4d7e7\" data-id=\"db4d7e7\" data-element_type=\"column\">\n\t\t\t<div class=\"elementor-widget-wrap elementor-element-populated\">\n\t\t\t\t\t\t\t\t<div class=\"elementor-element elementor-element-0377fcc elementor-widget elementor-widget-image\" data-id=\"0377fcc\" data-element_type=\"widget\" data-widget_type=\"image.default\">\n\t\t\t\t<div class=\"elementor-widget-container\">\n\t\t\t\t\t\t\t\t\t\t\t\t\t\t\t<img loading=\"lazy\" decoding=\"async\" width=\"1024\" height=\"768\" src=\"https:\/\/www.musicabedoin.org\/wp-content\/uploads\/2022\/09\/foret-1-1024x768.jpg\" class=\"attachment-large size-large wp-image-303\" alt=\"\" srcset=\"https:\/\/www.musicabedoin.org\/wp-content\/uploads\/2022\/09\/foret-1-1024x768.jpg 1024w, https:\/\/www.musicabedoin.org\/wp-content\/uploads\/2022\/09\/foret-1-300x225.jpg 300w, https:\/\/www.musicabedoin.org\/wp-content\/uploads\/2022\/09\/foret-1-768x576.jpg 768w, https:\/\/www.musicabedoin.org\/wp-content\/uploads\/2022\/09\/foret-1-1536x1152.jpg 1536w, https:\/\/www.musicabedoin.org\/wp-content\/uploads\/2022\/09\/foret-1.jpg 1600w\" sizes=\"auto, (max-width: 1024px) 100vw, 1024px\" \/>\t\t\t\t\t\t\t\t\t\t\t\t\t\t\t<\/div>\n\t\t\t\t<\/div>\n\t\t\t\t\t<\/div>\n\t\t<\/div>\n\t\t\t\t<div class=\"elementor-column elementor-col-50 elementor-top-column elementor-element elementor-element-f5d3265\" data-id=\"f5d3265\" data-element_type=\"column\">\n\t\t\t<div class=\"elementor-widget-wrap elementor-element-populated\">\n\t\t\t\t\t\t\t\t<div class=\"elementor-element elementor-element-e705a68 elementor-widget elementor-widget-text-editor\" data-id=\"e705a68\" data-element_type=\"widget\" data-widget_type=\"text-editor.default\">\n\t\t\t\t<div class=\"elementor-widget-container\">\n\t\t\t\t\t\t\t<p>La situation exceptionnelle dans laquelle nous nous trouvons oblige , vous l\u2019avez compris, \u00e0 reporter les manifestations pr\u00e9vues pour le mois de Novembre\u00a0: la conf\u00e9rence \u00e9coute consacr\u00e9e \u00e0 la d\u00e9couverte d\u2019Olivier Messiaen pr\u00e9vue le 8, et le concert du trio de Harpistes programm\u00e9 le 29.<\/p><p>Nul ne sait comment va \u00e9voluer le contexte sanitaire dans les prochaines semaines. Nous esp\u00e9rons cependant que les familles pourront f\u00eater No\u00ebl ensemble et que la joie reviendra habiter nos vies.<\/p><p>Nous nous reverrons, unis par l\u2019amour de la musique sans qui, redisons le, la vie serait une erreur.<\/p><p>Prenez soin de vous toutes et tous, nous revenons vers vous aussi vite que possible.<\/p><p>L\u2019\u00e9quipe Musique Op\u00e9ra B\u00e9doin<\/p>\t\t\t\t\t\t<\/div>\n\t\t\t\t<\/div>\n\t\t\t\t\t<\/div>\n\t\t<\/div>\n\t\t\t\t\t\t\t<\/div>\n\t\t<\/section>\n\t\t\t\t\t\t\t<\/div>\n\t\t","protected":false},"excerpt":{"rendered":"<p>Janvier 2026 Madame, Monsieur, Pour votre information, l\u2019assembl\u00e9e g\u00e9n\u00e9rale de Musica B\u00e9doin se tiendra le samedi 31 janvier \u00e0 15h30, dans le hall du Centre Culturel de B\u00e9doin. L\u2019ordre du jour est le suivant\u00a0: Validation du quorum et d\u00e9signation d\u2019un secr\u00e9taire de s\u00e9ance. Rapport moral du pr\u00e9sident. Rapport financier. Pr\u00e9sentation du programme 2026. Changement du [&hellip;]<\/p>\n","protected":false},"author":1,"featured_media":0,"parent":0,"menu_order":0,"comment_status":"closed","ping_status":"closed","template":"","meta":{"footnotes":""},"class_list":["post-202","page","type-page","status-publish","hentry","entry"],"_links":{"self":[{"href":"https:\/\/www.musicabedoin.org\/index.php\/wp-json\/wp\/v2\/pages\/202","targetHints":{"allow":["GET"]}}],"collection":[{"href":"https:\/\/www.musicabedoin.org\/index.php\/wp-json\/wp\/v2\/pages"}],"about":[{"href":"https:\/\/www.musicabedoin.org\/index.php\/wp-json\/wp\/v2\/types\/page"}],"author":[{"embeddable":true,"href":"https:\/\/www.musicabedoin.org\/index.php\/wp-json\/wp\/v2\/users\/1"}],"replies":[{"embeddable":true,"href":"https:\/\/www.musicabedoin.org\/index.php\/wp-json\/wp\/v2\/comments?post=202"}],"version-history":[{"count":88,"href":"https:\/\/www.musicabedoin.org\/index.php\/wp-json\/wp\/v2\/pages\/202\/revisions"}],"predecessor-version":[{"id":872,"href":"https:\/\/www.musicabedoin.org\/index.php\/wp-json\/wp\/v2\/pages\/202\/revisions\/872"}],"wp:attachment":[{"href":"https:\/\/www.musicabedoin.org\/index.php\/wp-json\/wp\/v2\/media?parent=202"}],"curies":[{"name":"wp","href":"https:\/\/api.w.org\/{rel}","templated":true}]}}